{"id":6837,"date":"2026-08-12T21:06:07","date_gmt":"2026-08-12T21:06:07","guid":{"rendered":"https:\/\/adartparis.com\/?page_id=6837"},"modified":"2026-08-29T11:54:39","modified_gmt":"2026-08-29T11:54:39","slug":"photo-gear","status":"publish","type":"page","link":"https:\/\/adartparis.com\/en\/a-propos\/materiel\/","title":{"rendered":"My camera gear"},"content":{"rendered":"\t\t<div data-elementor-type=\"wp-page\" data-elementor-id=\"6837\" class=\"elementor elementor-6837\" data-elementor-post-type=\"page\">\n\t\t\t\t<div class=\"elementor-element elementor-element-aeceb09 e-flex e-con-boxed e-con e-parent\" data-id=\"aeceb09\" data-element_type=\"container\" data-e-type=\"container\">\n\t\t\t\t\t<div class=\"e-con-inner\">\n\t\t\t\t<div class=\"elementor-element elementor-element-296cb6c elementor-widget elementor-widget-text-editor\" data-id=\"296cb6c\" data-element_type=\"widget\" data-e-type=\"widget\" data-widget_type=\"text-editor.default\">\n\t\t\t\t\t\t\t\t\tLes bo\u00eetiers, objectifs et accessoires qui font partie de ma fa\u00e7on de photographier. Je ne ferai pas de tests interminables ni de classements&nbsp;: ce sont simplement les outils que j&rsquo;aime utiliser au quotidien, en fonction des besoins du shooting.\t\t\t\t\t\t\t\t<\/div>\n\t\t<div class=\"elementor-element elementor-element-a312789 e-grid e-con-full e-con e-child\" data-id=\"a312789\" data-element_type=\"container\" data-e-type=\"container\">\n\t\t\t\t<div class=\"elementor-element elementor-element-3569fbe elementor-widget elementor-widget-image\" data-id=\"3569fbe\" data-element_type=\"widget\" data-e-type=\"widget\" data-widget_type=\"image.default\">\n\t\t\t\t\t\t\t\t\t\t\t\t\t\t\t<img decoding=\"async\" width=\"1200\" height=\"800\" src=\"https:\/\/adartparis.com\/wp-content\/uploads\/2026\/08\/logo-fujifilm-2000s.jpg\" class=\"attachment-1536x1536 size-1536x1536 wp-image-6850\" alt=\"\" srcset=\"https:\/\/adartparis.com\/wp-content\/uploads\/2026\/08\/logo-fujifilm-2000s.jpg 1200w, https:\/\/adartparis.com\/wp-content\/uploads\/2026\/08\/logo-fujifilm-2000s-720x480.jpg 720w, https:\/\/adartparis.com\/wp-content\/uploads\/2026\/08\/logo-fujifilm-2000s-768x512.jpg 768w, https:\/\/adartparis.com\/wp-content\/uploads\/2026\/08\/logo-fujifilm-2000s-18x12.jpg 18w, https:\/\/adartparis.com\/wp-content\/uploads\/2026\/08\/logo-fujifilm-2000s-600x400.jpg 600w\" sizes=\"(max-width: 1200px) 100vw, 1200px\" \/>\t\t\t\t\t\t\t\t\t\t\t\t\t\t\t<\/div>\n\t\t\t\t<div class=\"elementor-element elementor-element-8488ff7 elementor-widget elementor-widget-image\" data-id=\"8488ff7\" data-element_type=\"widget\" data-e-type=\"widget\" data-widget_type=\"image.default\">\n\t\t\t\t\t\t\t\t\t\t\t\t\t\t\t<img decoding=\"async\" width=\"1200\" height=\"800\" src=\"https:\/\/adartparis.com\/wp-content\/uploads\/2026\/08\/logo-fujifilm-1960s.jpg\" class=\"attachment-1536x1536 size-1536x1536 wp-image-6851\" alt=\"\" srcset=\"https:\/\/adartparis.com\/wp-content\/uploads\/2026\/08\/logo-fujifilm-1960s.jpg 1200w, https:\/\/adartparis.com\/wp-content\/uploads\/2026\/08\/logo-fujifilm-1960s-720x480.jpg 720w, https:\/\/adartparis.com\/wp-content\/uploads\/2026\/08\/logo-fujifilm-1960s-768x512.jpg 768w, https:\/\/adartparis.com\/wp-content\/uploads\/2026\/08\/logo-fujifilm-1960s-18x12.jpg 18w, https:\/\/adartparis.com\/wp-content\/uploads\/2026\/08\/logo-fujifilm-1960s-600x400.jpg 600w\" sizes=\"(max-width: 1200px) 100vw, 1200px\" \/>\t\t\t\t\t\t\t\t\t\t\t\t\t\t\t<\/div>\n\t\t\t\t<\/div>\n\t\t\t\t\t<\/div>\n\t\t\t\t<\/div>\n\t\t<div class=\"elementor-element elementor-element-b10611f e-flex e-con-boxed e-con e-parent\" data-id=\"b10611f\" data-element_type=\"container\" data-e-type=\"container\">\n\t\t\t\t\t<div class=\"e-con-inner\">\n\t\t\t\t<div class=\"elementor-element elementor-element-1acca0b elementor-widget__width-initial elementor-widget elementor-widget-text-editor\" data-id=\"1acca0b\" data-element_type=\"widget\" data-e-type=\"widget\" data-widget_type=\"text-editor.default\">\n\t\t\t\t\t\t\t\t\t<h2 class=\"mt-3 -mb-1 text-[1.125rem] font-bold\" dir=\"ltr\">Bo\u00eetiers<\/h2><h3 class=\"font-claude-response-body break-words whitespace-normal\" dir=\"ltr\">Num\u00e9rique<\/h3><ul class=\"[li_&amp;]:mb-0 [li_&amp;]:mt-1 [li_&amp;]:gap-1 [&amp;:not(:last-child)_ul]:pb-1 [&amp;:not(:last-child)_ol]:pb-1 list-disc flex flex-col gap-1 pl-8 mb-3 print:block print:space-y-1\" dir=\"ltr\"><li class=\"font-claude-response-body whitespace-normal break-words pl-2\">Fujifilm X-T5<\/li><\/ul><h3 class=\"font-claude-response-body break-words whitespace-normal\" dir=\"ltr\">Argentique<\/h3><ul class=\"[li_&amp;]:mb-0 [li_&amp;]:mt-1 [li_&amp;]:gap-1 [&amp;:not(:last-child)_ul]:pb-1 [&amp;:not(:last-child)_ol]:pb-1 list-disc flex flex-col gap-1 pl-8 mb-3 print:block print:space-y-1\" dir=\"ltr\"><li class=\"font-claude-response-body whitespace-normal break-words pl-2\">Canon EOS 300 (2000) \u2013 35 mm, monture EF<\/li><li class=\"font-claude-response-body whitespace-normal break-words pl-2\">Mamiya C3 (ann\u00e9es 1960) \u2013 moyen format 6\u00d76<\/li><li class=\"font-claude-response-body whitespace-normal break-words pl-2\">Divers reflex et compacts argentiques des ann\u00e9es 1980 \u00e0 2000<\/li><\/ul><h2 class=\"mt-3 -mb-1 text-[1.125rem] font-bold\" dir=\"ltr\">Objectifs<\/h2><h3 class=\"font-claude-response-body break-words whitespace-normal\" dir=\"ltr\">Monture Fujifilm X<\/h3><ul class=\"[li_&amp;]:mb-0 [li_&amp;]:mt-1 [li_&amp;]:gap-1 [&amp;:not(:last-child)_ul]:pb-1 [&amp;:not(:last-child)_ol]:pb-1 list-disc flex flex-col gap-1 pl-8 mb-3 print:block print:space-y-1\" dir=\"ltr\"><li class=\"font-claude-response-body whitespace-normal break-words pl-2\">Fujifilm XF 16 mm f\/1.4 R WR<\/li><li class=\"font-claude-response-body whitespace-normal break-words pl-2\">Fujifilm XF 50 mm f\/2 R WR<\/li><li class=\"font-claude-response-body whitespace-normal break-words pl-2\">Fujifilm XF 16-55 mm f\/2.8 R LM WR II<\/li><li class=\"font-claude-response-body whitespace-normal break-words pl-2\">Viltrox AF 27 mm f\/1.2 Pro<\/li><li class=\"font-claude-response-body whitespace-normal break-words pl-2\">Viltrox AF 75 mm f\/1.2 Pro<\/li><\/ul><h3 class=\"font-claude-response-body break-words whitespace-normal\" dir=\"ltr\">Monture Canon EF<\/h3><ul class=\"[li_&amp;]:mb-0 [li_&amp;]:mt-1 [li_&amp;]:gap-1 [&amp;:not(:last-child)_ul]:pb-1 [&amp;:not(:last-child)_ol]:pb-1 list-disc flex flex-col gap-1 pl-8 mb-3 print:block print:space-y-1\" dir=\"ltr\"><li class=\"font-claude-response-body whitespace-normal break-words pl-2\">Canon EF 70-200 mm f\/4 L IS USM<\/li><li class=\"font-claude-response-body whitespace-normal break-words pl-2\">Sigma 18-35 mm f\/1.8 DC HSM Art<\/li><\/ul><h3 class=\"font-claude-response-body break-words whitespace-normal\" dir=\"ltr\">Optiques vintage, monture M42<\/h3><ul class=\"[li_&amp;]:mb-0 [li_&amp;]:mt-1 [li_&amp;]:gap-1 [&amp;:not(:last-child)_ul]:pb-1 [&amp;:not(:last-child)_ol]:pb-1 list-disc flex flex-col gap-1 pl-8 mb-3 print:block print:space-y-1\" dir=\"ltr\"><li class=\"font-claude-response-body whitespace-normal break-words pl-2\">Helios 44-2 58 mm f\/2<\/li><li class=\"font-claude-response-body whitespace-normal break-words pl-2\">Helios 44-M 58 mm f\/2<\/li><\/ul>\t\t\t\t\t\t\t\t<\/div>\n\t\t\t\t<div class=\"elementor-element elementor-element-2901a05 elementor-widget__width-initial elementor-widget elementor-widget-text-editor\" data-id=\"2901a05\" data-element_type=\"widget\" data-e-type=\"widget\" data-widget_type=\"text-editor.default\">\n\t\t\t\t\t\t\t\t\t<h2 dir=\"ltr\">Accessoires<\/h2><h3 class=\"mt-3 -mb-1 text-[1.125rem] font-bold\" dir=\"ltr\">Adaptateurs d&rsquo;objectifs<\/h3><ul class=\"[li_&amp;]:mb-0 [li_&amp;]:mt-1 [li_&amp;]:gap-1 [&amp;:not(:last-child)_ul]:pb-1 [&amp;:not(:last-child)_ol]:pb-1 list-disc flex flex-col gap-1 pl-8 mb-3 print:block print:space-y-1\" dir=\"ltr\"><li class=\"font-claude-response-body whitespace-normal break-words pl-2\">Fringer EF-FX Pro II \u2013 monture Canon EF vers Fujifilm X<\/li><li class=\"font-claude-response-body whitespace-normal break-words pl-2\">Bague M42 vers Fujifilm X<\/li><\/ul><h3 class=\"mt-3 -mb-1 text-[1.125rem] font-bold\" dir=\"ltr\">Filtres<\/h3><ul class=\"[li_&amp;]:mb-0 [li_&amp;]:mt-1 [li_&amp;]:gap-1 [&amp;:not(:last-child)_ul]:pb-1 [&amp;:not(:last-child)_ol]:pb-1 list-disc flex flex-col gap-1 pl-8 mb-3 print:block print:space-y-1\" dir=\"ltr\"><li class=\"font-claude-response-body whitespace-normal break-words pl-2\">K&amp;F Black Mist 1\/4<\/li><li>Filtres manuels permettant des effets optiques<\/li><\/ul><h3>Eclairages<\/h3><ul><li>Flash Godox TT685II-F<\/li><li>Divers \u00e9clairages LED color\u00e9s<\/li><\/ul><h2>Logiciels<\/h2><h3>Workflow photo<\/h3><ul><li>Adobe Lightroom CC<\/li><li>Adobe Photoshop<\/li><\/ul><h3>Cr\u00e9ation des publications<\/h3><ul><li>Suite Adobe Creative Cloud<\/li><\/ul><h3>Site web<\/h3><ul><li>Elementor Pro<\/li><li>Outils Google et Meta<\/li><\/ul>\t\t\t\t\t\t\t\t<\/div>\n\t\t\t\t\t<\/div>\n\t\t\t\t<\/div>\n\t\t\t\t<\/div>\n\t\t","protected":false},"excerpt":{"rendered":"<p>Digital and film camera bodies, lenses, accessories, and software: the equipment I work with every day.<\/p>","protected":false},"author":1,"featured_media":0,"parent":284,"menu_order":0,"comment_status":"closed","ping_status":"closed","template":"","meta":{"footnotes":""},"class_list":["post-6837","page","type-page","status-publish","hentry"],"aioseo_notices":[],"aioseo_head":"\n\t\t<!-- All in One SEO 5.0.1.1 - aioseo.com -->\n\t<meta name=\"description\" content=\"Bo\u00eetiers num\u00e9riques et argentiques, objectifs, accessoires et logiciels : le mat\u00e9riel avec lequel je travaille au quotidien.\" \/>\n\t<meta name=\"robots\" content=\"max-image-preview:large\" \/>\n\t<meta name=\"google-site-verification\" content=\"wfJMgEuP9dVgS9St9bc8s61h3EnN0FCWuXjOjw0Alr0\" \/>\n\t<meta name=\"p:domain_verify\" content=\"89ef08ea553fa64c84a5bcf90e884e54\" \/>\n\t<link rel=\"canonical\" href=\"https:\/\/adartparis.com\/en\/a-propos\/materiel\/\" \/>\n\t<meta name=\"generator\" content=\"All in One SEO (AIOSEO) 5.0.1.1\" \/>\n\t\t<meta property=\"og:locale\" content=\"en_US\" \/>\n\t\t<meta property=\"og:site_name\" content=\"ADART PARIS - Photographe masculin\" \/>\n\t\t<meta property=\"og:type\" content=\"website\" \/>\n\t\t<meta property=\"og:title\" content=\"Le mat\u00e9riel que j&#039;utilise pour photographier - ADART PARIS\" \/>\n\t\t<meta property=\"og:description\" content=\"Bo\u00eetiers num\u00e9riques et argentiques, objectifs, accessoires et logiciels : le mat\u00e9riel avec lequel je travaille au quotidien.\" \/>\n\t\t<meta property=\"og:url\" content=\"https:\/\/adartparis.com\/en\/a-propos\/materiel\/\" \/>\n\t\t<meta property=\"fb:admins\" content=\"61591467820407\" \/>\n\t\t<meta property=\"og:image\" content=\"https:\/\/adartparis.com\/wp-content\/uploads\/2026\/08\/vignette-defaut-facebook.jpg\" \/>\n\t\t<meta property=\"og:image:secure_url\" content=\"https:\/\/adartparis.com\/wp-content\/uploads\/2026\/08\/vignette-defaut-facebook.jpg\" \/>\n\t\t<meta property=\"og:image:width\" content=\"3280\" \/>\n\t\t<meta property=\"og:image:height\" content=\"1712\" \/>\n\t\t<meta name=\"twitter:card\" content=\"summary_large_image\" \/>\n\t\t<meta name=\"twitter:site\" content=\"@ADART_PARIS\" \/>\n\t\t<meta name=\"twitter:title\" content=\"Le mat\u00e9riel que j&#039;utilise pour photographier - ADART PARIS\" \/>\n\t\t<meta name=\"twitter:description\" content=\"Bo\u00eetiers num\u00e9riques et argentiques, objectifs, accessoires et logiciels : le mat\u00e9riel avec lequel je travaille au quotidien.\" \/>\n\t\t<meta name=\"twitter:image\" content=\"https:\/\/adartparis.com\/wp-content\/uploads\/2026\/08\/vignette-defaut-facebook.jpg\" \/>\n\t\t<!-- All in One SEO -->\n\n","aioseo_head_json":{"title":"The gear I use for photography - ADART PARIS","description":"Digital and film camera bodies, lenses, accessories, and software: the equipment I work with every day.","canonical_url":"https:\/\/adartparis.com\/en\/a-propos\/materiel\/","robots":"max-image-preview:large","keywords":"","webmasterTools":{"google-site-verification":"wfJMgEuP9dVgS9St9bc8s61h3EnN0FCWuXjOjw0Alr0","p:domain_verify":"89ef08ea553fa64c84a5bcf90e884e54","miscellaneous":""},"schema":null,"og:locale":"en_US","og:site_name":"ADART PARIS - Photographe masculin","og:type":"website","og:title":"Le mat\u00e9riel que j'utilise pour photographier - ADART PARIS","og:description":"Bo\u00eetiers num\u00e9riques et argentiques, objectifs, accessoires et logiciels : le mat\u00e9riel avec lequel je travaille au quotidien.","og:url":"https:\/\/adartparis.com\/en\/a-propos\/materiel\/","fb:admins":"61591467820407","og:image":"https:\/\/adartparis.com\/wp-content\/uploads\/2026\/08\/vignette-defaut-facebook.jpg","og:image:secure_url":"https:\/\/adartparis.com\/wp-content\/uploads\/2026\/08\/vignette-defaut-facebook.jpg","og:image:width":3280,"og:image:height":1712,"twitter:card":"summary_large_image","twitter:site":"@ADART_PARIS","twitter:title":"Le mat\u00e9riel que j'utilise pour photographier - ADART PARIS","twitter:description":"Bo\u00eetiers num\u00e9riques et argentiques, objectifs, accessoires et logiciels : le mat\u00e9riel avec lequel je travaille au quotidien.","twitter:image":"https:\/\/adartparis.com\/wp-content\/uploads\/2026\/08\/vignette-defaut-facebook.jpg"},"aioseo_meta_data":{"post_id":"6837","title":"Le mat\u00e9riel que j'utilise pour photographier #separator_sa #site_title","description":null,"keywords":null,"keyphrases":{"focus":{"keyphrase":"","score":0,"analysis":{"keyphraseInTitle":{"score":0,"maxScore":9,"error":1}}},"additional":[]},"primary_term":null,"canonical_url":null,"og_title":null,"og_description":null,"og_object_type":"default","og_image_type":"default","og_image_url":null,"og_image_width":null,"og_image_height":null,"og_image_custom_url":null,"og_image_custom_fields":null,"og_video":"","og_custom_url":null,"og_article_section":null,"og_article_tags":null,"twitter_use_og":false,"twitter_card":"default","twitter_image_type":"default","twitter_image_url":null,"twitter_image_custom_url":null,"twitter_image_custom_fields":null,"twitter_title":null,"twitter_description":null,"schema":{"blockGraphs":[],"customGraphs":[],"default":{"data":{"Article":[],"Course":[],"Dataset":[],"FAQPage":[],"Movie":[],"Person":[],"Product":[],"ProductReview":[],"Car":[],"Recipe":[],"Service":[],"SoftwareApplication":[],"WebPage":[]},"graphName":"WebPage","isEnabled":true},"graphs":[]},"schema_type":"default","schema_type_options":null,"pillar_content":false,"robots_default":true,"robots_noindex":false,"robots_noarchive":false,"robots_nosnippet":false,"robots_nofollow":false,"robots_noimageindex":false,"robots_noodp":false,"robots_notranslate":false,"robots_max_snippet":"-1","robots_max_videopreview":"-1","robots_max_imagepreview":"large","priority":null,"frequency":"default","local_seo":null,"breadcrumb_settings":null,"limit_modified_date":false,"ai":{"faqs":[],"keyPoints":[],"schemas":[],"titles":[],"descriptions":[],"socialPosts":{"email":{"subject":"","preview":"","content":""},"linkedin":[],"twitter":[],"facebook":[],"instagram":[]}},"created":"2026-08-12 21:01:05","updated":"2026-08-29 12:38:13","seo_analyzer_scan_date":null,"focus_keyword":null,"additional_keywords":null,"truseo_locale":null},"aioseo_breadcrumb":"<div class=\"aioseo-breadcrumbs\"><span class=\"aioseo-breadcrumb\">\n\t\t\t<a href=\"https:\/\/adartparis.com\/en\" title=\"Accueil\">Accueil<\/a>\n\t\t<\/span><span class=\"aioseo-breadcrumb-separator\">\u203a<\/span><span class=\"aioseo-breadcrumb\">\n\t\t\t<a href=\"https:\/\/adartparis.com\/en\/a-propos\/\" title=\"ADART, photographe de portrait et nu masculin\">ADART, photographe de portrait et nu masculin<\/a>\n\t\t<\/span><span class=\"aioseo-breadcrumb-separator\">\u203a<\/span><span class=\"aioseo-breadcrumb\">\n\t\t\tMon mat\u00e9riel photo\n\t\t<\/span><\/div>","aioseo_breadcrumb_json":[{"label":"Accueil","link":"https:\/\/adartparis.com\/en"},{"label":"ADART, photographe de portrait et nu masculin","link":"https:\/\/adartparis.com\/en\/a-propos\/"},{"label":"Mon mat\u00e9riel photo","link":"https:\/\/adartparis.com\/en\/a-propos\/materiel\/"}],"_links":{"self":[{"href":"https:\/\/adartparis.com\/en\/wp-json\/wp\/v2\/pages\/6837","targetHints":{"allow":["GET"]}}],"collection":[{"href":"https:\/\/adartparis.com\/en\/wp-json\/wp\/v2\/pages"}],"about":[{"href":"https:\/\/adartparis.com\/en\/wp-json\/wp\/v2\/types\/page"}],"author":[{"embeddable":true,"href":"https:\/\/adartparis.com\/en\/wp-json\/wp\/v2\/users\/1"}],"replies":[{"embeddable":true,"href":"https:\/\/adartparis.com\/en\/wp-json\/wp\/v2\/comments?post=6837"}],"version-history":[{"count":20,"href":"https:\/\/adartparis.com\/en\/wp-json\/wp\/v2\/pages\/6837\/revisions"}],"predecessor-version":[{"id":7866,"href":"https:\/\/adartparis.com\/en\/wp-json\/wp\/v2\/pages\/6837\/revisions\/7866"}],"up":[{"embeddable":true,"href":"https:\/\/adartparis.com\/en\/wp-json\/wp\/v2\/pages\/284"}],"wp:attachment":[{"href":"https:\/\/adartparis.com\/en\/wp-json\/wp\/v2\/media?parent=6837"}],"curies":[{"name":"wp","href":"https:\/\/api.w.org\/{rel}","templated":true}]}}