{"id":8398,"date":"2026-09-02T14:27:13","date_gmt":"2026-09-02T14:27:13","guid":{"rendered":"https:\/\/adartparis.com\/?page_id=8398"},"modified":"2026-09-02T19:46:37","modified_gmt":"2026-09-02T19:46:37","slug":"pierre","status":"publish","type":"page","link":"https:\/\/adartparis.com\/de\/les-garcons\/pierre\/","title":{"rendered":"Pierre"},"content":{"rendered":"<div data-elementor-type=\"wp-page\" data-elementor-id=\"8398\" class=\"elementor elementor-8398\" data-elementor-post-type=\"page\">\n\t\t\t\t<div class=\"elementor-element elementor-element-1b565e2 e-flex e-con-boxed e-con e-parent\" data-id=\"1b565e2\" data-element_type=\"container\" data-e-type=\"container\">\n\t\t\t\t\t<div class=\"e-con-inner\">\n\t\t\t\t<div class=\"elementor-element elementor-element-5ed3d17 elementor-widget elementor-widget-text-editor\" data-id=\"5ed3d17\" data-element_type=\"widget\" data-e-type=\"widget\" data-widget_type=\"text-editor.default\">\n\t\t\t\t\t\t\t\t\t<p>PARIS \/ <strong>September 2026<\/strong><\/p>\t\t\t\t\t\t\t\t<\/div>\n\t\t\t\t<div class=\"elementor-element elementor-element-5af86ad elementor-widget elementor-widget-gallery\" data-id=\"5af86ad\" data-element_type=\"widget\" data-e-type=\"widget\" data-settings=\"{&quot;gallery_layout&quot;:&quot;masonry&quot;,&quot;columns&quot;:2,&quot;gap&quot;:{&quot;unit&quot;:&quot;px&quot;,&quot;size&quot;:30,&quot;sizes&quot;:[]},&quot;gap_tablet&quot;:{&quot;unit&quot;:&quot;px&quot;,&quot;size&quot;:40,&quot;sizes&quot;:[]},&quot;gap_mobile&quot;:{&quot;unit&quot;:&quot;px&quot;,&quot;size&quot;:30,&quot;sizes&quot;:[]},&quot;columns_tablet&quot;:2,&quot;columns_mobile&quot;:1}\" data-widget_type=\"gallery.default\">\n\t\t\t\t\t\t\t<div class=\"elementor-gallery__container\">\n\t\t\t\t\t\t\t<div class=\"e-gallery-item elementor-gallery-item\">\n\t\t\t\t\t<div class=\"e-gallery-image elementor-gallery-item__image\" data-thumbnail=\"https:\/\/adartparis.com\/wp-content\/uploads\/2026\/09\/pierre-7-1200x1800.jpg\" data-width=\"1200\" data-height=\"1800\" aria-label=\"Profilportr\u00e4t von Pierre, Krone und Ohrpiercings, Netz-Strass-Harnisch, schwarz-wei\u00df.\" role=\"img\" ><\/div>\n\t\t\t\t\t\t\t\t\t\t\t\t\t\t<\/div>\n\t\t\t\t\t\t\t<div class=\"e-gallery-item elementor-gallery-item\">\n\t\t\t\t\t<div class=\"e-gallery-image elementor-gallery-item__image\" data-thumbnail=\"https:\/\/adartparis.com\/wp-content\/uploads\/2026\/09\/pierre-8-1200x1800.jpg\" data-width=\"1200\" data-height=\"1800\" aria-label=\"Makro-Detail des schwarz-wei\u00dfen Strass-Netz-Harness von Pierre, k\u00fcnstlerische Fotografie.\" role=\"img\" ><\/div>\n\t\t\t\t\t\t\t\t\t\t\t\t\t\t<\/div>\n\t\t\t\t\t\t\t<div class=\"e-gallery-item elementor-gallery-item\">\n\t\t\t\t\t<div class=\"e-gallery-image elementor-gallery-item__image\" data-thumbnail=\"https:\/\/adartparis.com\/wp-content\/uploads\/2026\/09\/pierre-13-1200x1800.jpg\" data-width=\"1200\" data-height=\"1800\" aria-label=\"Portr\u00e4t von Pierre in einem Netz-Geschirr mit Strasssteinen und wei\u00dfem Jockstrap, rosa-blaue Atmosph\u00e4re, Herrenmodefotografie.\" role=\"img\" ><\/div>\n\t\t\t\t\t\t\t\t\t\t\t\t\t\t<\/div>\n\t\t\t\t\t\t\t<div class=\"e-gallery-item elementor-gallery-item\">\n\t\t\t\t\t<div class=\"e-gallery-image elementor-gallery-item__image\" data-thumbnail=\"https:\/\/adartparis.com\/wp-content\/uploads\/2026\/09\/pierre-1-1200x1800.jpg\" data-width=\"1200\" data-height=\"1800\" aria-label=\"Nahaufnahme, abstrakt, von einem Strass-Harnisch und einem Lichtspiel, violette und rosa Atmosph\u00e4re, k\u00fcnstlerische M\u00e4nnerfotografie.\" role=\"img\" ><\/div>\n\t\t\t\t\t\t\t\t\t\t\t\t\t\t<\/div>\n\t\t\t\t\t\t\t<div class=\"e-gallery-item elementor-gallery-item\">\n\t\t\t\t\t<div class=\"e-gallery-image elementor-gallery-item__image\" data-thumbnail=\"https:\/\/adartparis.com\/wp-content\/uploads\/2026\/09\/pierre-10-1200x1800.jpg\" data-width=\"1200\" data-height=\"1800\" aria-label=\"Schwarz-wei\u00dfe Detailaufnahme des wei\u00dfen Jockstraps und des Strass-Netz-Harnischs von Pierre, k\u00fcnstlerische Fotografie.\" role=\"img\" ><\/div>\n\t\t\t\t\t\t\t\t\t\t\t\t\t\t<\/div>\n\t\t\t\t\t\t\t<div class=\"e-gallery-item elementor-gallery-item\">\n\t\t\t\t\t<div class=\"e-gallery-image elementor-gallery-item__image\" data-thumbnail=\"https:\/\/adartparis.com\/wp-content\/uploads\/2026\/09\/pierre-17-1200x1800.jpg\" data-width=\"1200\" data-height=\"1800\" aria-label=\"Schwarz-Wei\u00df-Portr\u00e4t von Pierre, Arme hinter dem Kopf, glitzernder Jockstrap, behaarter Oberk\u00f6rper.\" role=\"img\" ><\/div>\n\t\t\t\t\t\t\t\t\t\t\t\t\t\t<\/div>\n\t\t\t\t\t\t\t<div class=\"e-gallery-item elementor-gallery-item\">\n\t\t\t\t\t<div class=\"e-gallery-image elementor-gallery-item__image\" data-thumbnail=\"https:\/\/adartparis.com\/wp-content\/uploads\/2026\/09\/pierre-15-1200x1800.jpg\" data-width=\"1200\" data-height=\"1800\" aria-label=\"Portr\u00e4t von Pierre, Hand im Haar, nachtblauer, glitzernder Jockstrap, rot-blaue Atmosph\u00e4re.\" role=\"img\" ><\/div>\n\t\t\t\t\t\t\t\t\t\t\t\t\t\t<\/div>\n\t\t\t\t\t\t\t<div class=\"e-gallery-item elementor-gallery-item\">\n\t\t\t\t\t<div class=\"e-gallery-image elementor-gallery-item__image\" data-thumbnail=\"https:\/\/adartparis.com\/wp-content\/uploads\/2026\/09\/pierre-2-1200x1800.jpg\" data-width=\"1200\" data-height=\"1800\" aria-label=\"Makroaufnahme eines Strass-Harness auf Pierres Haut, rosa und rote Beleuchtung, k\u00fcnstlerische Fotografie.\" role=\"img\" ><\/div>\n\t\t\t\t\t\t\t\t\t\t\t\t\t\t<\/div>\n\t\t\t\t\t\t\t<div class=\"e-gallery-item elementor-gallery-item\">\n\t\t\t\t\t<div class=\"e-gallery-image elementor-gallery-item__image\" data-thumbnail=\"https:\/\/adartparis.com\/wp-content\/uploads\/2026\/09\/pierre-4-1200x1800.jpg\" data-width=\"1200\" data-height=\"1800\" aria-label=\"Schwarz-Wei\u00df-Portr\u00e4t von Pierre, das Gesicht teilweise durch den Unterarm verdeckt, abstrakte k\u00fcnstlerische Fotografie.\" role=\"img\" ><\/div>\n\t\t\t\t\t\t\t\t\t\t\t\t\t\t<\/div>\n\t\t\t\t\t\t\t<div class=\"e-gallery-item elementor-gallery-item\">\n\t\t\t\t\t<div class=\"e-gallery-image elementor-gallery-item__image\" data-thumbnail=\"https:\/\/adartparis.com\/wp-content\/uploads\/2026\/09\/pierre-3-1200x1800.jpg\" data-width=\"1200\" data-height=\"1800\" aria-label=\"Schwarz-Wei\u00df-Portr\u00e4t von Pierre im Profil, Netzgurt mit Strasssteinen, Schattenspiel, k\u00fcnstlerische M\u00e4nnerfotografie.\" role=\"img\" ><\/div>\n\t\t\t\t\t\t\t\t\t\t\t\t\t\t<\/div>\n\t\t\t\t\t\t\t<div class=\"e-gallery-item elementor-gallery-item\">\n\t\t\t\t\t<div class=\"e-gallery-image elementor-gallery-item__image\" data-thumbnail=\"https:\/\/adartparis.com\/wp-content\/uploads\/2026\/09\/pierre-14-1200x1800.jpg\" data-width=\"1200\" data-height=\"1800\" aria-label=\"Profilportr\u00e4t von Pierre, Strass-Netzwerk-Geschirr, wei\u00dfer Jockstrap, violette und blaue Atmosph\u00e4re, k\u00fcnstlerische Fotografie.\" role=\"img\" ><\/div>\n\t\t\t\t\t\t\t\t\t\t\t\t\t\t<\/div>\n\t\t\t\t\t\t\t<div class=\"e-gallery-item elementor-gallery-item\">\n\t\t\t\t\t<div class=\"e-gallery-image elementor-gallery-item__image\" data-thumbnail=\"https:\/\/adartparis.com\/wp-content\/uploads\/2026\/09\/pierre-12-1200x1800.jpg\" data-width=\"1200\" data-height=\"1800\" aria-label=\"Pierre in wei\u00dfem Jockstrap und Strass-Netz-Harnisch, pink-violette Atmosph\u00e4re, k\u00fcnstlerische Fotografie.\" role=\"img\" ><\/div>\n\t\t\t\t\t\t\t\t\t\t\t\t\t\t<\/div>\n\t\t\t\t\t\t\t<div class=\"e-gallery-item elementor-gallery-item\">\n\t\t\t\t\t<div class=\"e-gallery-image elementor-gallery-item__image\" data-thumbnail=\"https:\/\/adartparis.com\/wp-content\/uploads\/2026\/09\/pierre-5-1200x1800.jpg\" data-width=\"1200\" data-height=\"1800\" aria-label=\"Schwarz-Wei\u00df-Nahaufnahme von Pierres Oberk\u00f6rper in einem Netz-G\u00fcrtel mit Strasssteinen, k\u00fcnstlerische M\u00e4nnerfotografie.\" role=\"img\" ><\/div>\n\t\t\t\t\t\t\t\t\t\t\t\t\t\t<\/div>\n\t\t\t\t\t\t\t<div class=\"e-gallery-item elementor-gallery-item\">\n\t\t\t\t\t<div class=\"e-gallery-image elementor-gallery-item__image\" data-thumbnail=\"https:\/\/adartparis.com\/wp-content\/uploads\/2026\/09\/pierre-19-1200x1800.jpg\" data-width=\"1200\" data-height=\"1800\" aria-label=\"Schwarz-Wei\u00df-Kunstfotografie von Pierre, Arme \u00fcber den Kopf erhoben, Nahaufnahme des Oberk\u00f6rpers.\" role=\"img\" ><\/div>\n\t\t\t\t\t\t\t\t\t\t\t\t\t\t<\/div>\n\t\t\t\t\t\t\t<div class=\"e-gallery-item elementor-gallery-item\">\n\t\t\t\t\t<div class=\"e-gallery-image elementor-gallery-item__image\" data-thumbnail=\"https:\/\/adartparis.com\/wp-content\/uploads\/2026\/09\/pierre-16-1200x1800.jpg\" data-width=\"1200\" data-height=\"1800\" aria-label=\"Portr\u00e4t von Pierre, erhobene Arme, blauer glitzernder Jockstrap, farbenfrohes blaues und oranges Ambiente.\" role=\"img\" ><\/div>\n\t\t\t\t\t\t\t\t\t\t\t\t\t\t<\/div>\n\t\t\t\t\t\t\t<div class=\"e-gallery-item elementor-gallery-item\">\n\t\t\t\t\t<div class=\"e-gallery-image elementor-gallery-item__image\" data-thumbnail=\"https:\/\/adartparis.com\/wp-content\/uploads\/2026\/09\/pierre-11-1200x1800.jpg\" data-width=\"1200\" data-height=\"1800\" aria-label=\"Pierre im Strass-Netzwerk-Geschirr, erhobener Arm, farbenfrohe rosa und violette Atmosph\u00e4re, k\u00fcnstlerische M\u00e4nnerfotografie.\" role=\"img\" ><\/div>\n\t\t\t\t\t\t\t\t\t\t\t\t\t\t<\/div>\n\t\t\t\t\t\t\t<div class=\"e-gallery-item elementor-gallery-item\">\n\t\t\t\t\t<div class=\"e-gallery-image elementor-gallery-item__image\" data-thumbnail=\"https:\/\/adartparis.com\/wp-content\/uploads\/2026\/09\/pierre-6-1200x1800.jpg\" data-width=\"1200\" data-height=\"1800\" aria-label=\"Portr\u00e4t von Pierre mit Krone, einem Netz-Struktur-Geschirr mit Strasssteinen und einem wei\u00dfen Jockstrap, k\u00fcnstlerische Schwarz-Wei\u00df-Fotografie.\" role=\"img\" ><\/div>\n\t\t\t\t\t\t\t\t\t\t\t\t\t\t<\/div>\n\t\t\t\t\t\t\t<div class=\"e-gallery-item elementor-gallery-item\">\n\t\t\t\t\t<div class=\"e-gallery-image elementor-gallery-item__image\" data-thumbnail=\"https:\/\/adartparis.com\/wp-content\/uploads\/2026\/09\/pierre-20-1200x1800.jpg\" data-width=\"1200\" data-height=\"1800\" aria-label=\"Schwarz-Wei\u00df-R\u00fcckenportr\u00e4t von Pierre, Arme erhoben, halbdurchsichtiger Jockstrap, k\u00fcnstlerische M\u00e4nnerfotografie.\" role=\"img\" ><\/div>\n\t\t\t\t\t\t\t\t\t\t\t\t\t\t<\/div>\n\t\t\t\t\t\t\t<div class=\"e-gallery-item elementor-gallery-item\">\n\t\t\t\t\t<div class=\"e-gallery-image elementor-gallery-item__image\" data-thumbnail=\"https:\/\/adartparis.com\/wp-content\/uploads\/2026\/09\/pierre-21-1200x1800.jpg\" data-width=\"1200\" data-height=\"1800\" aria-label=\"Nahaufnahme von Pierre, blaue Atmosph\u00e4re, entspannter Ausdruck, maskuline k\u00fcnstlerische Fotografie.\" role=\"img\" ><\/div>\n\t\t\t\t\t\t\t\t\t\t\t\t\t\t<\/div>\n\t\t\t\t\t\t\t<div class=\"e-gallery-item elementor-gallery-item\">\n\t\t\t\t\t<div class=\"e-gallery-image elementor-gallery-item__image\" data-thumbnail=\"https:\/\/adartparis.com\/wp-content\/uploads\/2026\/09\/pierre-24-1200x1800.jpg\" data-width=\"1200\" data-height=\"1800\" aria-label=\"Nahaufnahme von Pierre, blaue und rote Atmosph\u00e4re, sinnliche k\u00fcnstlerische Fotografie.\" role=\"img\" ><\/div>\n\t\t\t\t\t\t\t\t\t\t\t\t\t\t<\/div>\n\t\t\t\t\t\t\t<div class=\"e-gallery-item elementor-gallery-item\">\n\t\t\t\t\t<div class=\"e-gallery-image elementor-gallery-item__image\" data-thumbnail=\"https:\/\/adartparis.com\/wp-content\/uploads\/2026\/09\/pierre-18-1200x1800.jpg\" data-width=\"1200\" data-height=\"1800\" aria-label=\"Schwarz-Wei\u00df-Profilportr\u00e4t von Pierre, Hand auf dem Kopf, glitzernder Jockstrap, k\u00fcnstlerische Fotografie.\" role=\"img\" ><\/div>\n\t\t\t\t\t\t\t\t\t\t\t\t\t\t<\/div>\n\t\t\t\t\t\t\t<div class=\"e-gallery-item elementor-gallery-item\">\n\t\t\t\t\t<div class=\"e-gallery-image elementor-gallery-item__image\" data-thumbnail=\"https:\/\/adartparis.com\/wp-content\/uploads\/2026\/09\/pierre-9-1200x1800.jpg\" data-width=\"1200\" data-height=\"1800\" aria-label=\"Nahaufnahme einer Krone in Pierres Haaren, k\u00fcnstlerische Schwarz-Wei\u00df-Fotografie.\" role=\"img\" ><\/div>\n\t\t\t\t\t\t\t\t\t\t\t\t\t\t<\/div>\n\t\t\t\t\t<\/div>\n\t\t\t\t\t<\/div>\n\t\t\t\t\t<\/div>\n\t\t\t\t<\/div>\n\t\t<div class=\"elementor-element elementor-element-197fd6a e-flex e-con-boxed e-con e-parent\" data-id=\"197fd6a\" data-element_type=\"container\" data-e-type=\"container\">\n\t\t\t\t\t<div class=\"e-con-inner\">\n\t\t\t\t<div class=\"elementor-element elementor-element-67dfc3f elementor-widget elementor-widget-heading\" data-id=\"67dfc3f\" data-element_type=\"widget\" data-e-type=\"widget\" data-widget_type=\"heading.default\">\n\t\t\t\t\t<h2 class=\"elementor-heading-title elementor-size-default\">In der Intimit\u00e4t<\/h2>\t\t\t\t<\/div>\n\t\t\t\t<div class=\"elementor-element elementor-element-0bcaf08 elementor-widget elementor-widget-text-editor\" data-id=\"0bcaf08\" data-element_type=\"widget\" data-e-type=\"widget\" data-widget_type=\"text-editor.default\">\n\t\t\t\t\t\t\t\t\t<p>Diese Serie wurde Anfang September 2026 in Pierres Pariser Wohnung fotografiert, die sich gerade im Umbau befindet. Darin finden sich mehrere Outfits mit Glitter- und Disco-Inspirationen, vom Jockstrap bis zum Pailletten-Slip, um mit Glanz und Licht zu spielen. Pierre ist es gewohnt zu posieren: Die Posen kommen m\u00fchelos, fast wie von selbst.<\/p>\t\t\t\t\t\t\t\t<\/div>\n\t\t\t\t\t<\/div>\n\t\t\t\t<\/div>\n\t\t\t\t<\/div>","protected":false},"excerpt":{"rendered":"<p>Portraits et nus artistiques de Pierre, au fil d&rsquo;une s\u00e9ance intimiste. Une s\u00e9rie photographique sensuelle et artistique sign\u00e9e Adart, photographe masculin \u00e0 Paris.<\/p>","protected":false},"author":1,"featured_media":0,"parent":310,"menu_order":0,"comment_status":"closed","ping_status":"closed","template":"","meta":{"footnotes":""},"class_list":["post-8398","page","type-page","status-publish","hentry"],"aioseo_notices":[],"aioseo_head":"\n\t\t<!-- All in One SEO 5.0.1.1 - aioseo.com -->\n\t<meta name=\"description\" content=\"Portraits et nus artistiques de Pierre, au fil d&#039;une s\u00e9ance intimiste. Une s\u00e9rie photographique sensuelle et artistique sign\u00e9e Adart, photographe masculin \u00e0 Paris.\" \/>\n\t<meta name=\"robots\" content=\"max-image-preview:large\" \/>\n\t<meta name=\"google-site-verification\" content=\"wfJMgEuP9dVgS9St9bc8s61h3EnN0FCWuXjOjw0Alr0\" \/>\n\t<meta name=\"p:domain_verify\" content=\"89ef08ea553fa64c84a5bcf90e884e54\" \/>\n\t<link rel=\"canonical\" href=\"https:\/\/adartparis.com\/de\/les-garcons\/pierre\/\" \/>\n\t<meta name=\"generator\" content=\"All in One SEO (AIOSEO) 5.0.1.1\" \/>\n\t\t<meta property=\"og:locale\" content=\"de_DE\" \/>\n\t\t<meta property=\"og:site_name\" content=\"ADART PARIS - Photographe masculin\" \/>\n\t\t<meta property=\"og:type\" content=\"website\" \/>\n\t\t<meta property=\"og:title\" content=\"Pierre - ADART PARIS\" \/>\n\t\t<meta property=\"og:description\" content=\"Portraits et nus artistiques de Pierre, au fil d&#039;une s\u00e9ance intimiste. Une s\u00e9rie photographique sensuelle et artistique sign\u00e9e Adart, photographe masculin \u00e0 Paris.\" \/>\n\t\t<meta property=\"og:url\" content=\"https:\/\/adartparis.com\/de\/les-garcons\/pierre\/\" \/>\n\t\t<meta property=\"fb:admins\" content=\"61591467820407\" \/>\n\t\t<meta property=\"og:image\" content=\"https:\/\/adartparis.com\/wp-content\/uploads\/2026\/08\/vignette-defaut-facebook.jpg\" \/>\n\t\t<meta property=\"og:image:secure_url\" content=\"https:\/\/adartparis.com\/wp-content\/uploads\/2026\/08\/vignette-defaut-facebook.jpg\" \/>\n\t\t<meta property=\"og:image:width\" content=\"3280\" \/>\n\t\t<meta property=\"og:image:height\" content=\"1712\" \/>\n\t\t<meta name=\"twitter:card\" content=\"summary_large_image\" \/>\n\t\t<meta name=\"twitter:site\" content=\"@ADART_PARIS\" \/>\n\t\t<meta name=\"twitter:title\" content=\"Pierre - ADART PARIS\" \/>\n\t\t<meta name=\"twitter:description\" content=\"Portraits et nus artistiques de Pierre, au fil d&#039;une s\u00e9ance intimiste. Une s\u00e9rie photographique sensuelle et artistique sign\u00e9e Adart, photographe masculin \u00e0 Paris.\" \/>\n\t\t<meta name=\"twitter:image\" content=\"https:\/\/adartparis.com\/wp-content\/uploads\/2026\/08\/vignette-defaut-facebook.jpg\" \/>\n\t\t<!-- All in One SEO -->\n\n","aioseo_head_json":{"title":"Pierre - ADART PARIS","description":"Portr\u00e4ts und k\u00fcnstlerische Akte von Pierre im Rahmen einer intimen Session. Eine sinnliche und k\u00fcnstlerische Fotoserie von Adart, einem m\u00e4nnlichen Fotografen in Paris.","canonical_url":"https:\/\/adartparis.com\/de\/les-garcons\/pierre\/","robots":"max-image-preview:large","keywords":"","webmasterTools":{"google-site-verification":"wfJMgEuP9dVgS9St9bc8s61h3EnN0FCWuXjOjw0Alr0","p:domain_verify":"89ef08ea553fa64c84a5bcf90e884e54","miscellaneous":""},"schema":null,"og:locale":"de_DE","og:site_name":"ADART PARIS - Photographe masculin","og:type":"website","og:title":"Pierre - ADART PARIS","og:description":"Portraits et nus artistiques de Pierre, au fil d'une s\u00e9ance intimiste. Une s\u00e9rie photographique sensuelle et artistique sign\u00e9e Adart, photographe masculin \u00e0 Paris.","og:url":"https:\/\/adartparis.com\/de\/les-garcons\/pierre\/","fb:admins":"61591467820407","og:image":"https:\/\/adartparis.com\/wp-content\/uploads\/2026\/08\/vignette-defaut-facebook.jpg","og:image:secure_url":"https:\/\/adartparis.com\/wp-content\/uploads\/2026\/08\/vignette-defaut-facebook.jpg","og:image:width":3280,"og:image:height":1712,"twitter:card":"summary_large_image","twitter:site":"@ADART_PARIS","twitter:title":"Pierre - ADART PARIS","twitter:description":"Portraits et nus artistiques de Pierre, au fil d'une s\u00e9ance intimiste. Une s\u00e9rie photographique sensuelle et artistique sign\u00e9e Adart, photographe masculin \u00e0 Paris.","twitter:image":"https:\/\/adartparis.com\/wp-content\/uploads\/2026\/08\/vignette-defaut-facebook.jpg"},"aioseo_meta_data":{"post_id":"8398","title":null,"description":null,"keywords":null,"keyphrases":{"focus":{"keyphrase":"","score":0,"analysis":{"keyphraseInTitle":{"score":0,"maxScore":9,"error":1}}},"additional":[]},"primary_term":null,"canonical_url":null,"og_title":null,"og_description":null,"og_object_type":"default","og_image_type":"default","og_image_url":null,"og_image_width":null,"og_image_height":null,"og_image_custom_url":null,"og_image_custom_fields":null,"og_video":"","og_custom_url":null,"og_article_section":null,"og_article_tags":null,"twitter_use_og":false,"twitter_card":"default","twitter_image_type":"default","twitter_image_url":null,"twitter_image_custom_url":null,"twitter_image_custom_fields":null,"twitter_title":null,"twitter_description":null,"schema":{"blockGraphs":[],"customGraphs":[],"default":{"data":{"Article":[],"Course":[],"Dataset":[],"FAQPage":[],"Movie":[],"Person":[],"Product":[],"ProductReview":[],"Car":[],"Recipe":[],"Service":[],"SoftwareApplication":[],"WebPage":[]},"graphName":"WebPage","isEnabled":true},"graphs":[]},"schema_type":"default","schema_type_options":null,"pillar_content":false,"robots_default":true,"robots_noindex":false,"robots_noarchive":false,"robots_nosnippet":false,"robots_nofollow":false,"robots_noimageindex":false,"robots_noodp":false,"robots_notranslate":false,"robots_max_snippet":"-1","robots_max_videopreview":"-1","robots_max_imagepreview":"large","priority":null,"frequency":"default","local_seo":null,"breadcrumb_settings":null,"limit_modified_date":false,"ai":{"faqs":[],"keyPoints":[],"schemas":[],"titles":[],"descriptions":[],"socialPosts":{"email":{"subject":"","preview":"","content":""},"linkedin":[],"twitter":[],"facebook":[],"instagram":[]}},"created":"2026-09-02 08:09:58","updated":"2026-09-02 20:06:09","seo_analyzer_scan_date":null,"focus_keyword":null,"additional_keywords":null,"truseo_locale":null},"aioseo_breadcrumb":"<div class=\"aioseo-breadcrumbs\"><span class=\"aioseo-breadcrumb\">\n\t\t\t<a href=\"https:\/\/adartparis.com\/de\" title=\"Accueil\">Accueil<\/a>\n\t\t<\/span><span class=\"aioseo-breadcrumb-separator\">\u203a<\/span><span class=\"aioseo-breadcrumb\">\n\t\t\t<a href=\"https:\/\/adartparis.com\/de\/les-garcons\/\" title=\"Les gar\u00e7ons\">Les gar\u00e7ons<\/a>\n\t\t<\/span><span class=\"aioseo-breadcrumb-separator\">\u203a<\/span><span class=\"aioseo-breadcrumb\">\n\t\t\tPierre\n\t\t<\/span><\/div>","aioseo_breadcrumb_json":[{"label":"Accueil","link":"https:\/\/adartparis.com\/de"},{"label":"Les gar\u00e7ons","link":"https:\/\/adartparis.com\/de\/les-garcons\/"},{"label":"Pierre","link":"https:\/\/adartparis.com\/de\/les-garcons\/pierre\/"}],"_links":{"self":[{"href":"https:\/\/adartparis.com\/de\/wp-json\/wp\/v2\/pages\/8398","targetHints":{"allow":["GET"]}}],"collection":[{"href":"https:\/\/adartparis.com\/de\/wp-json\/wp\/v2\/pages"}],"about":[{"href":"https:\/\/adartparis.com\/de\/wp-json\/wp\/v2\/types\/page"}],"author":[{"embeddable":true,"href":"https:\/\/adartparis.com\/de\/wp-json\/wp\/v2\/users\/1"}],"replies":[{"embeddable":true,"href":"https:\/\/adartparis.com\/de\/wp-json\/wp\/v2\/comments?post=8398"}],"version-history":[{"count":25,"href":"https:\/\/adartparis.com\/de\/wp-json\/wp\/v2\/pages\/8398\/revisions"}],"predecessor-version":[{"id":8497,"href":"https:\/\/adartparis.com\/de\/wp-json\/wp\/v2\/pages\/8398\/revisions\/8497"}],"up":[{"embeddable":true,"href":"https:\/\/adartparis.com\/de\/wp-json\/wp\/v2\/pages\/310"}],"wp:attachment":[{"href":"https:\/\/adartparis.com\/de\/wp-json\/wp\/v2\/media?parent=8398"}],"curies":[{"name":"wp","href":"https:\/\/api.w.org\/{rel}","templated":true}]}}