{"id":8030,"date":"2026-08-29T22:29:25","date_gmt":"2026-08-29T22:29:25","guid":{"rendered":"https:\/\/adartparis.com\/?page_id=8030"},"modified":"2026-09-05T10:00:12","modified_gmt":"2026-09-05T10:00:12","slug":"ausgewaehlte-arbeiten","status":"publish","type":"page","link":"https:\/\/adartparis.com\/de\/selection-de-travaux\/","title":{"rendered":"Ausgew\u00e4hlte Arbeiten"},"content":{"rendered":"<div data-elementor-type=\"wp-page\" data-elementor-id=\"8030\" class=\"elementor elementor-8030\" data-elementor-post-type=\"page\">\n\t\t\t\t<div class=\"elementor-element elementor-element-c479dc2 e-flex e-con-boxed e-con e-parent\" data-id=\"c479dc2\" data-element_type=\"container\" data-e-type=\"container\">\n\t\t\t\t\t<div class=\"e-con-inner\">\n\t\t\t\t<div class=\"elementor-element elementor-element-e66ef93 elementor-widget elementor-widget-heading\" data-id=\"e66ef93\" data-element_type=\"widget\" data-e-type=\"widget\" data-widget_type=\"heading.default\">\n\t\t\t\t\t<h2 class=\"elementor-heading-title elementor-size-default\">2026<\/h2>\t\t\t\t<\/div>\n\t\t\t\t<div class=\"elementor-element elementor-element-b107638 elementor-widget elementor-widget-gallery\" data-id=\"b107638\" data-element_type=\"widget\" data-e-type=\"widget\" data-settings=\"{&quot;gallery_layout&quot;:&quot;masonry&quot;,&quot;columns&quot;:2,&quot;gap&quot;:{&quot;unit&quot;:&quot;px&quot;,&quot;size&quot;:40,&quot;sizes&quot;:[]},&quot;gap_tablet&quot;:{&quot;unit&quot;:&quot;px&quot;,&quot;size&quot;:40,&quot;sizes&quot;:[]},&quot;gap_mobile&quot;:{&quot;unit&quot;:&quot;px&quot;,&quot;size&quot;:40,&quot;sizes&quot;:[]},&quot;lazyload&quot;:&quot;yes&quot;,&quot;columns_tablet&quot;:2,&quot;columns_mobile&quot;:1}\" data-widget_type=\"gallery.default\">\n\t\t\t\t\t\t\t<div class=\"elementor-gallery__container\">\n\t\t\t\t\t\t\t<div class=\"e-gallery-item elementor-gallery-item\">\n\t\t\t\t\t<div class=\"e-gallery-image elementor-gallery-item__image\" data-thumbnail=\"https:\/\/adartparis.com\/wp-content\/uploads\/2026\/08\/geno-5-1024x1536.jpg\" data-width=\"1024\" data-height=\"1536\" aria-label=\"Profilportr\u00e4t, Armb\u00e4nder und Ohrring, rosafarbenes Licht.\" role=\"img\" ><\/div>\n\t\t\t\t\t\t\t\t\t\t\t\t\t\t<\/div>\n\t\t\t\t\t\t\t<div class=\"e-gallery-item elementor-gallery-item\">\n\t\t\t\t\t<div class=\"e-gallery-image elementor-gallery-item__image\" data-thumbnail=\"https:\/\/adartparis.com\/wp-content\/uploads\/2026\/08\/loukas-more-7-1024x1536.jpg\" data-width=\"1024\" data-height=\"1536\" aria-label=\"Schwarz-Wei\u00df-Portr\u00e4t von Loukas More in Boxer-Shorts, Nahaufnahme, k\u00fcnstlerische M\u00e4nnerfotografie.\" role=\"img\" ><\/div>\n\t\t\t\t\t\t\t\t\t\t\t\t\t\t<\/div>\n\t\t\t\t\t\t\t<div class=\"e-gallery-item elementor-gallery-item\">\n\t\t\t\t\t<div class=\"e-gallery-image elementor-gallery-item__image\" data-thumbnail=\"https:\/\/adartparis.com\/wp-content\/uploads\/2026\/07\/lionel-10-1024x1536.jpg\" data-width=\"1024\" data-height=\"1536\" aria-label=\"K\u00fcnstlerische Nacktheit von Lionel von hinten, warme rote Beleuchtung, sinnliche, ged\u00e4mpfte Atmosph\u00e4re.\" role=\"img\" ><\/div>\n\t\t\t\t\t\t\t\t\t\t\t\t\t\t<\/div>\n\t\t\t\t\t\t\t<div class=\"e-gallery-item elementor-gallery-item\">\n\t\t\t\t\t<div class=\"e-gallery-image elementor-gallery-item__image\" data-thumbnail=\"https:\/\/adartparis.com\/wp-content\/uploads\/2026\/09\/pierre-7-1024x1536.jpg\" data-width=\"1024\" data-height=\"1536\" aria-label=\"Profilportr\u00e4t von Pierre, Krone und Ohrpiercings, Netz-Strass-Harnisch, schwarz-wei\u00df.\" role=\"img\" ><\/div>\n\t\t\t\t\t\t\t\t\t\t\t\t\t\t<\/div>\n\t\t\t\t\t\t\t<div class=\"e-gallery-item elementor-gallery-item\">\n\t\t\t\t\t<div class=\"e-gallery-image elementor-gallery-item__image\" data-thumbnail=\"https:\/\/adartparis.com\/wp-content\/uploads\/2026\/08\/clement-18-1024x1536.jpg\" data-width=\"1024\" data-height=\"1536\" aria-label=\"Nahaufnahme von Clements H\u00fcfte, blaue und violette Beleuchtung.\" role=\"img\" ><\/div>\n\t\t\t\t\t\t\t\t\t\t\t\t\t\t<\/div>\n\t\t\t\t\t\t\t<div class=\"e-gallery-item elementor-gallery-item\">\n\t\t\t\t\t<div class=\"e-gallery-image elementor-gallery-item__image\" data-thumbnail=\"https:\/\/adartparis.com\/wp-content\/uploads\/2026\/06\/francois-16-2-1024x1536.jpg\" data-width=\"1024\" data-height=\"1536\" aria-label=\"Fran\u00e7ois, nu masculin artistique stehend, dunkler Holzhintergrund \u2014 Schwarz-Wei\u00df-Fotografie\" role=\"img\" ><\/div>\n\t\t\t\t\t\t\t\t\t\t\t\t\t\t<\/div>\n\t\t\t\t\t\t\t<div class=\"e-gallery-item elementor-gallery-item\">\n\t\t\t\t\t<div class=\"e-gallery-image elementor-gallery-item__image\" data-thumbnail=\"https:\/\/adartparis.com\/wp-content\/uploads\/2026\/08\/loukas-more-29-1024x1536.jpg\" data-width=\"1024\" data-height=\"1536\" aria-label=\"Loukas More mit freiem Oberk\u00f6rper, direkter Blick in die Kamera, tiefrote T\u00f6ne.\" role=\"img\" ><\/div>\n\t\t\t\t\t\t\t\t\t\t\t\t\t\t<\/div>\n\t\t\t\t\t\t\t<div class=\"e-gallery-item elementor-gallery-item\">\n\t\t\t\t\t<div class=\"e-gallery-image elementor-gallery-item__image\" data-thumbnail=\"https:\/\/adartparis.com\/wp-content\/uploads\/2026\/07\/vincent-7-1024x1536.jpg\" data-width=\"1024\" data-height=\"1536\" aria-label=\"Profilportr\u00e4t von Vincent in der N\u00e4he eines Fensters, Schwarzwei\u00df\" role=\"img\" ><\/div>\n\t\t\t\t\t\t\t\t\t\t\t\t\t\t<\/div>\n\t\t\t\t\t\t\t<div class=\"e-gallery-item elementor-gallery-item\">\n\t\t\t\t\t<div class=\"e-gallery-image elementor-gallery-item__image\" data-thumbnail=\"https:\/\/adartparis.com\/wp-content\/uploads\/2026\/09\/pierre-13-1024x1536.jpg\" data-width=\"1024\" data-height=\"1536\" aria-label=\"Portr\u00e4t von Pierre in einem Netz-Geschirr mit Strasssteinen und wei\u00dfem Jockstrap, rosa-blaue Atmosph\u00e4re, Herrenmodefotografie.\" role=\"img\" ><\/div>\n\t\t\t\t\t\t\t\t\t\t\t\t\t\t<\/div>\n\t\t\t\t\t\t\t<div class=\"e-gallery-item elementor-gallery-item\">\n\t\t\t\t\t<div class=\"e-gallery-image elementor-gallery-item__image\" data-thumbnail=\"https:\/\/adartparis.com\/wp-content\/uploads\/2026\/08\/loukas-more-26-1024x1536.jpg\" data-width=\"1024\" data-height=\"1536\" aria-label=\"Ganzk\u00f6rperportr\u00e4t von Loukas More im Profil, schwarzer Jockstrap, verh\u00fcllte Vorh\u00e4nge, schwarz-wei\u00df.\" role=\"img\" ><\/div>\n\t\t\t\t\t\t\t\t\t\t\t\t\t\t<\/div>\n\t\t\t\t\t\t\t<div class=\"e-gallery-item elementor-gallery-item\">\n\t\t\t\t\t<div class=\"e-gallery-image elementor-gallery-item__image\" data-thumbnail=\"https:\/\/adartparis.com\/wp-content\/uploads\/2026\/07\/vincent-20-1024x1536.jpg\" data-width=\"1024\" data-height=\"1536\" aria-label=\"Vincent liegt auf dem Bett, rote Atmosph\u00e4re\" role=\"img\" ><\/div>\n\t\t\t\t\t\t\t\t\t\t\t\t\t\t<\/div>\n\t\t\t\t\t\t\t<div class=\"e-gallery-item elementor-gallery-item\">\n\t\t\t\t\t<div class=\"e-gallery-image elementor-gallery-item__image\" data-thumbnail=\"https:\/\/adartparis.com\/wp-content\/uploads\/2026\/08\/hugo-33-1024x1536.jpg\" data-width=\"1024\" data-height=\"1536\" aria-label=\"Hugo, verschwommenes M\u00e4nnerportr\u00e4t in blauem Licht, Bewegungseffekt, wei\u00dfes Unterhemd\" role=\"img\" ><\/div>\n\t\t\t\t\t\t\t\t\t\t\t\t\t\t<\/div>\n\t\t\t\t\t\t\t<div class=\"e-gallery-item elementor-gallery-item\">\n\t\t\t\t\t<div class=\"e-gallery-image elementor-gallery-item__image\" data-thumbnail=\"https:\/\/adartparis.com\/wp-content\/uploads\/2026\/07\/kevinhungxl-25-1-1024x1536.jpg\" data-width=\"1024\" data-height=\"1536\" aria-label=\"Schwarz-Wei\u00df-Pose mit KevinHungXL, in schwarzer Badehose und Cap, skulpturale Pose\" role=\"img\" ><\/div>\n\t\t\t\t\t\t\t\t\t\t\t\t\t\t<\/div>\n\t\t\t\t\t\t\t<div class=\"e-gallery-item elementor-gallery-item\">\n\t\t\t\t\t<div class=\"e-gallery-image elementor-gallery-item__image\" data-thumbnail=\"https:\/\/adartparis.com\/wp-content\/uploads\/2026\/05\/DSCF8804-scaled-1024x1536.jpg\" data-width=\"1024\" data-height=\"1536\" aria-label=\"Gaston de dos, Hand auf die Stirn, Lichtstreifen auf der Haut \u2013 k\u00fcnstlerischer Schwarz-Wei\u00df-Akt\" role=\"img\" ><\/div>\n\t\t\t\t\t\t\t\t\t\t\t\t\t\t<\/div>\n\t\t\t\t\t\t\t<div class=\"e-gallery-item elementor-gallery-item\">\n\t\t\t\t\t<div class=\"e-gallery-image elementor-gallery-item__image\" data-thumbnail=\"https:\/\/adartparis.com\/wp-content\/uploads\/2026\/05\/DSCF0068-1024x1536.jpg\" data-width=\"1024\" data-height=\"1536\" aria-label=\"Portr\u00e4t von Jonathan, in Rosa beleuchtet mit einem harten Schatten\" role=\"img\" ><\/div>\n\t\t\t\t\t\t\t\t\t\t\t\t\t\t<\/div>\n\t\t\t\t\t\t\t<div class=\"e-gallery-item elementor-gallery-item\">\n\t\t\t\t\t<div class=\"e-gallery-image elementor-gallery-item__image\" data-thumbnail=\"https:\/\/adartparis.com\/wp-content\/uploads\/2026\/08\/loukas-more-22-1024x1536.jpg\" data-width=\"1024\" data-height=\"1536\" aria-label=\"K\u00fcnstlerischer Akt von Loukas More in Schwarz-Wei\u00df, entspannte liegende Pose, Sneaker- und Ringdetail.\" role=\"img\" ><\/div>\n\t\t\t\t\t\t\t\t\t\t\t\t\t\t<\/div>\n\t\t\t\t\t\t\t<div class=\"e-gallery-item elementor-gallery-item\">\n\t\t\t\t\t<div class=\"e-gallery-image elementor-gallery-item__image\" data-thumbnail=\"https:\/\/adartparis.com\/wp-content\/uploads\/2026\/08\/geno-4-1024x1536.jpg\" data-width=\"1024\" data-height=\"1536\" aria-label=\"K\u00fcnstlerisches unscharfes Portr\u00e4t, leuchtender Bewegungs-Effekt in Blau und Rot.\" role=\"img\" ><\/div>\n\t\t\t\t\t\t\t\t\t\t\t\t\t\t<\/div>\n\t\t\t\t\t\t\t<div class=\"e-gallery-item elementor-gallery-item\">\n\t\t\t\t\t<div class=\"e-gallery-image elementor-gallery-item__image\" data-thumbnail=\"https:\/\/adartparis.com\/wp-content\/uploads\/2026\/09\/pierre-5-1024x1536.jpg\" data-width=\"1024\" data-height=\"1536\" aria-label=\"Schwarz-Wei\u00df-Nahaufnahme von Pierres Oberk\u00f6rper in einem Netz-G\u00fcrtel mit Strasssteinen, k\u00fcnstlerische M\u00e4nnerfotografie.\" role=\"img\" ><\/div>\n\t\t\t\t\t\t\t\t\t\t\t\t\t\t<\/div>\n\t\t\t\t\t\t\t<div class=\"e-gallery-item elementor-gallery-item\">\n\t\t\t\t\t<div class=\"e-gallery-image elementor-gallery-item__image\" data-thumbnail=\"https:\/\/adartparis.com\/wp-content\/uploads\/2026\/08\/clement-11-1024x1536.jpg\" data-width=\"1024\" data-height=\"1536\" aria-label=\"Portr\u00e4t von Cl\u00e9ment im Stehen, k\u00fcnstlerischer Akt in Schwarz-Wei\u00df, neutraler Hintergrund.\" role=\"img\" ><\/div>\n\t\t\t\t\t\t\t\t\t\t\t\t\t\t<\/div>\n\t\t\t\t\t\t\t<div class=\"e-gallery-item elementor-gallery-item\">\n\t\t\t\t\t<div class=\"e-gallery-image elementor-gallery-item__image\" data-thumbnail=\"https:\/\/adartparis.com\/wp-content\/uploads\/2026\/08\/loukas-more-12-1024x1536.jpg\" data-width=\"1024\" data-height=\"1536\" aria-label=\"Loukas, Blick von hinten \u00fcber die Schulter, schwarzer String, tiefrote T\u00f6ne.\" role=\"img\" ><\/div>\n\t\t\t\t\t\t\t\t\t\t\t\t\t\t<\/div>\n\t\t\t\t\t\t\t<div class=\"e-gallery-item elementor-gallery-item\">\n\t\t\t\t\t<div class=\"e-gallery-image elementor-gallery-item__image\" data-thumbnail=\"https:\/\/adartparis.com\/wp-content\/uploads\/2026\/07\/hugo-5-1024x1536.jpg\" data-width=\"1024\" data-height=\"1536\" aria-label=\"Nahaufnahme von Hugos Gesicht mit geschlossenen Augen, rotem Licht, Halskette und Ohrring\" role=\"img\" ><\/div>\n\t\t\t\t\t\t\t\t\t\t\t\t\t\t<\/div>\n\t\t\t\t\t\t\t<div class=\"e-gallery-item elementor-gallery-item\">\n\t\t\t\t\t<div class=\"e-gallery-image elementor-gallery-item__image\" data-thumbnail=\"https:\/\/adartparis.com\/wp-content\/uploads\/2026\/08\/hugo-40-1024x1536.jpg\" data-width=\"1024\" data-height=\"1536\" aria-label=\"Nahaufnahme von Hugos Gesicht, der Arm vor dem Gesicht angewinkelt, nahes Schwarz-Wei\u00df-Portr\u00e4t\" role=\"img\" ><\/div>\n\t\t\t\t\t\t\t\t\t\t\t\t\t\t<\/div>\n\t\t\t\t\t\t\t<div class=\"e-gallery-item elementor-gallery-item\">\n\t\t\t\t\t<div class=\"e-gallery-image elementor-gallery-item__image\" data-thumbnail=\"https:\/\/adartparis.com\/wp-content\/uploads\/2026\/06\/francois-28-1024x1536.jpg\" data-width=\"1024\" data-height=\"1536\" aria-label=\"Auf Fran\u00e7ois&#039; Oberk\u00f6rper projizierte Reflexe t\u00fcrkisblauen Wassers \u2013 ein leuchtendes Portr\u00e4t\" role=\"img\" ><\/div>\n\t\t\t\t\t\t\t\t\t\t\t\t\t\t<\/div>\n\t\t\t\t\t\t\t<div class=\"e-gallery-item elementor-gallery-item\">\n\t\t\t\t\t<div class=\"e-gallery-image elementor-gallery-item__image\" data-thumbnail=\"https:\/\/adartparis.com\/wp-content\/uploads\/2026\/07\/kevinhungxl-21-1024x1536.jpg\" data-width=\"1024\" data-height=\"1536\" aria-label=\"R\u00fcckenansicht von KevinHungXL in schwarzer Shorts vor einer grauen Mauer, muskul\u00f6ser R\u00fccken\" role=\"img\" ><\/div>\n\t\t\t\t\t\t\t\t\t\t\t\t\t\t<\/div>\n\t\t\t\t\t<\/div>\n\t\t\t\t\t<\/div>\n\t\t\t\t\t<\/div>\n\t\t\t\t<\/div>\n\t\t<div class=\"elementor-element elementor-element-c038c8f e-flex e-con-boxed e-con e-parent\" data-id=\"c038c8f\" data-element_type=\"container\" data-e-type=\"container\">\n\t\t\t\t\t<div class=\"e-con-inner\">\n\t\t<div class=\"elementor-element elementor-element-6902df4 e-con-full e-flex e-con e-child\" data-id=\"6902df4\" data-element_type=\"container\" data-e-type=\"container\" data-settings=\"{&quot;background_background&quot;:&quot;classic&quot;}\">\n\t\t\t\t<div class=\"elementor-element elementor-element-ca2daff elementor-widget elementor-widget-heading\" data-id=\"ca2daff\" data-element_type=\"widget\" data-e-type=\"widget\" data-widget_type=\"heading.default\">\n\t\t\t\t\t<h2 class=\"elementor-heading-title elementor-size-default\">Mehr anzeigen<\/h2>\t\t\t\t<\/div>\n\t\t<div class=\"elementor-element elementor-element-03da613 e-con-full e-flex e-con e-child\" data-id=\"03da613\" data-element_type=\"container\" data-e-type=\"container\">\n\t\t\t\t<div class=\"elementor-element elementor-element-9a22649 elementor-widget elementor-widget-button\" data-id=\"9a22649\" data-element_type=\"widget\" data-e-type=\"widget\" data-widget_type=\"button.default\">\n\t\t\t\t\t\t\t\t\t\t<a class=\"elementor-button elementor-button-link elementor-size-sm\" href=\"\/de\/die-boys\/\">\n\t\t\t\t\t\t<span class=\"elementor-button-content-wrapper\">\n\t\t\t\t\t\t\t\t\t<span class=\"elementor-button-text\">Alle Galerien<\/span>\n\t\t\t\t\t<\/span>\n\t\t\t\t\t<\/a>\n\t\t\t\t\t\t\t\t<\/div>\n\t\t\t\t<div class=\"elementor-element elementor-element-b874a12 elementor-widget elementor-widget-button\" data-id=\"b874a12\" data-element_type=\"widget\" data-e-type=\"widget\" data-widget_type=\"button.default\">\n\t\t\t\t\t\t\t\t\t\t<a class=\"elementor-button elementor-button-link elementor-size-sm\" href=\"\/de\/laden\/\">\n\t\t\t\t\t\t<span class=\"elementor-button-content-wrapper\">\n\t\t\t\t\t\t\t\t\t<span class=\"elementor-button-text\">Shop<\/span>\n\t\t\t\t\t<\/span>\n\t\t\t\t\t<\/a>\n\t\t\t\t\t\t\t\t<\/div>\n\t\t\t\t<\/div>\n\t\t\t\t<\/div>\n\t\t\t\t\t<\/div>\n\t\t\t\t<\/div>\n\t\t\t\t<\/div>","protected":false},"excerpt":{"rendered":"<p>Une s\u00e9lection resserr\u00e9e de portraits masculins et de nus artistiques : couleur satur\u00e9e, lumi\u00e8re contrast\u00e9e et cadrages proches. Le regard d&rsquo;ADART Paris.<\/p>","protected":false},"author":1,"featured_media":0,"parent":0,"menu_order":0,"comment_status":"closed","ping_status":"closed","template":"","meta":{"footnotes":""},"class_list":["post-8030","page","type-page","status-publish","hentry"],"aioseo_notices":[],"aioseo_head":"\n\t\t<!-- All in One SEO 5.0.1.1 - aioseo.com -->\n\t<meta name=\"description\" content=\"Une s\u00e9lection resserr\u00e9e de portraits masculins et de nus artistiques : couleur satur\u00e9e, lumi\u00e8re contrast\u00e9e et cadrages proches. Le regard d&#039;ADART Paris.\" \/>\n\t<meta name=\"robots\" content=\"max-image-preview:large\" \/>\n\t<meta name=\"google-site-verification\" content=\"wfJMgEuP9dVgS9St9bc8s61h3EnN0FCWuXjOjw0Alr0\" \/>\n\t<meta name=\"p:domain_verify\" content=\"89ef08ea553fa64c84a5bcf90e884e54\" \/>\n\t<link rel=\"canonical\" href=\"https:\/\/adartparis.com\/de\/selection-de-travaux\/\" \/>\n\t<meta name=\"generator\" content=\"All in One SEO (AIOSEO) 5.0.1.1\" \/>\n\t\t<meta property=\"og:locale\" content=\"de_DE\" \/>\n\t\t<meta property=\"og:site_name\" content=\"ADART PARIS - Photographe masculin\" \/>\n\t\t<meta property=\"og:type\" content=\"website\" \/>\n\t\t<meta property=\"og:title\" content=\"S\u00e9lection - Photographies de portrait masculin - ADART PARIS\" \/>\n\t\t<meta property=\"og:description\" content=\"Une s\u00e9lection resserr\u00e9e de portraits masculins et de nus artistiques : couleur satur\u00e9e, lumi\u00e8re contrast\u00e9e et cadrages proches. Le regard d&#039;ADART Paris.\" \/>\n\t\t<meta property=\"og:url\" content=\"https:\/\/adartparis.com\/de\/selection-de-travaux\/\" \/>\n\t\t<meta property=\"fb:admins\" content=\"61591467820407\" \/>\n\t\t<meta property=\"og:image\" content=\"https:\/\/adartparis.com\/wp-content\/uploads\/2026\/08\/vignette-defaut-facebook.jpg\" \/>\n\t\t<meta property=\"og:image:secure_url\" content=\"https:\/\/adartparis.com\/wp-content\/uploads\/2026\/08\/vignette-defaut-facebook.jpg\" \/>\n\t\t<meta property=\"og:image:width\" content=\"3280\" \/>\n\t\t<meta property=\"og:image:height\" content=\"1712\" \/>\n\t\t<meta name=\"twitter:card\" content=\"summary_large_image\" \/>\n\t\t<meta name=\"twitter:site\" content=\"@ADART_PARIS\" \/>\n\t\t<meta name=\"twitter:title\" content=\"S\u00e9lection - Photographies de portrait masculin - ADART PARIS\" \/>\n\t\t<meta name=\"twitter:description\" content=\"Une s\u00e9lection resserr\u00e9e de portraits masculins et de nus artistiques : couleur satur\u00e9e, lumi\u00e8re contrast\u00e9e et cadrages proches. Le regard d&#039;ADART Paris.\" \/>\n\t\t<meta name=\"twitter:image\" content=\"https:\/\/adartparis.com\/wp-content\/uploads\/2026\/08\/vignette-defaut-facebook.jpg\" \/>\n\t\t<!-- All in One SEO -->\n\n","aioseo_head_json":{"title":"Ausgew\u00e4hlte Arbeiten - M\u00e4nnerportr\u00e4t Fotografie - ADART PARIS","description":"Eine Auswahl aus der M\u00e4nnerportr\u00e4t- und Aktfotografie von ADART Paris. Kr\u00e4ftige Farben, kontrastreiches Licht und nahe, intime Bildausschnitte.","canonical_url":"https:\/\/adartparis.com\/de\/selection-de-travaux\/","robots":"max-image-preview:large","keywords":"","webmasterTools":{"google-site-verification":"wfJMgEuP9dVgS9St9bc8s61h3EnN0FCWuXjOjw0Alr0","p:domain_verify":"89ef08ea553fa64c84a5bcf90e884e54","miscellaneous":""},"schema":null,"og:locale":"de_DE","og:site_name":"ADART PARIS - Photographe masculin","og:type":"website","og:title":"S\u00e9lection - Photographies de portrait masculin - ADART PARIS","og:description":"Une s\u00e9lection resserr\u00e9e de portraits masculins et de nus artistiques : couleur satur\u00e9e, lumi\u00e8re contrast\u00e9e et cadrages proches. Le regard d'ADART Paris.","og:url":"https:\/\/adartparis.com\/de\/selection-de-travaux\/","fb:admins":"61591467820407","og:image":"https:\/\/adartparis.com\/wp-content\/uploads\/2026\/08\/vignette-defaut-facebook.jpg","og:image:secure_url":"https:\/\/adartparis.com\/wp-content\/uploads\/2026\/08\/vignette-defaut-facebook.jpg","og:image:width":3280,"og:image:height":1712,"twitter:card":"summary_large_image","twitter:site":"@ADART_PARIS","twitter:title":"S\u00e9lection - Photographies de portrait masculin - ADART PARIS","twitter:description":"Une s\u00e9lection resserr\u00e9e de portraits masculins et de nus artistiques : couleur satur\u00e9e, lumi\u00e8re contrast\u00e9e et cadrages proches. Le regard d'ADART Paris.","twitter:image":"https:\/\/adartparis.com\/wp-content\/uploads\/2026\/08\/vignette-defaut-facebook.jpg"},"aioseo_meta_data":{"post_id":"8030","title":"S\u00e9lection - Photographies de portrait masculin #separator_sa #site_title","description":null,"keywords":null,"keyphrases":{"focus":[],"additional":[]},"primary_term":null,"canonical_url":null,"og_title":null,"og_description":null,"og_object_type":"default","og_image_type":"default","og_image_url":null,"og_image_width":null,"og_image_height":null,"og_image_custom_url":null,"og_image_custom_fields":null,"og_video":"","og_custom_url":null,"og_article_section":null,"og_article_tags":null,"twitter_use_og":false,"twitter_card":"default","twitter_image_type":"default","twitter_image_url":null,"twitter_image_custom_url":null,"twitter_image_custom_fields":null,"twitter_title":null,"twitter_description":null,"schema":{"blockGraphs":[],"customGraphs":[],"default":{"data":{"Article":[],"Course":[],"Dataset":[],"FAQPage":[],"Movie":[],"Person":[],"Product":[],"ProductReview":[],"Car":[],"Recipe":[],"Service":[],"SoftwareApplication":[],"WebPage":[]},"graphName":"WebPage","isEnabled":true},"graphs":[]},"schema_type":"default","schema_type_options":null,"pillar_content":false,"robots_default":true,"robots_noindex":false,"robots_noarchive":false,"robots_nosnippet":false,"robots_nofollow":false,"robots_noimageindex":false,"robots_noodp":false,"robots_notranslate":false,"robots_max_snippet":"-1","robots_max_videopreview":"-1","robots_max_imagepreview":"large","priority":null,"frequency":"default","local_seo":null,"breadcrumb_settings":null,"limit_modified_date":false,"ai":{"faqs":[],"keyPoints":[],"schemas":[],"titles":[],"descriptions":[],"socialPosts":{"email":{"subject":"","preview":"","content":""},"linkedin":[],"twitter":[],"facebook":[],"instagram":[]}},"created":"2026-08-29 22:15:27","updated":"2026-09-05 10:34:28","seo_analyzer_scan_date":null,"focus_keyword":null,"additional_keywords":null,"truseo_locale":null},"aioseo_breadcrumb":"<div class=\"aioseo-breadcrumbs\"><span class=\"aioseo-breadcrumb\">\n\t\t\t<a href=\"https:\/\/adartparis.com\/de\" title=\"Accueil\">Accueil<\/a>\n\t\t<\/span><span class=\"aioseo-breadcrumb-separator\">\u203a<\/span><span class=\"aioseo-breadcrumb\">\n\t\t\tS\u00e9lection de travaux\n\t\t<\/span><\/div>","aioseo_breadcrumb_json":[{"label":"Accueil","link":"https:\/\/adartparis.com\/de"},{"label":"S\u00e9lection de travaux","link":"https:\/\/adartparis.com\/de\/selection-de-travaux\/"}],"_links":{"self":[{"href":"https:\/\/adartparis.com\/de\/wp-json\/wp\/v2\/pages\/8030","targetHints":{"allow":["GET"]}}],"collection":[{"href":"https:\/\/adartparis.com\/de\/wp-json\/wp\/v2\/pages"}],"about":[{"href":"https:\/\/adartparis.com\/de\/wp-json\/wp\/v2\/types\/page"}],"author":[{"embeddable":true,"href":"https:\/\/adartparis.com\/de\/wp-json\/wp\/v2\/users\/1"}],"replies":[{"embeddable":true,"href":"https:\/\/adartparis.com\/de\/wp-json\/wp\/v2\/comments?post=8030"}],"version-history":[{"count":49,"href":"https:\/\/adartparis.com\/de\/wp-json\/wp\/v2\/pages\/8030\/revisions"}],"predecessor-version":[{"id":8629,"href":"https:\/\/adartparis.com\/de\/wp-json\/wp\/v2\/pages\/8030\/revisions\/8629"}],"wp:attachment":[{"href":"https:\/\/adartparis.com\/de\/wp-json\/wp\/v2\/media?parent=8030"}],"curies":[{"name":"wp","href":"https:\/\/api.w.org\/{rel}","templated":true}]}}