{"id":6248,"date":"2026-08-05T20:15:09","date_gmt":"2026-08-05T20:15:09","guid":{"rendered":"https:\/\/adartparis.com\/?page_id=6248"},"modified":"2026-09-03T13:10:50","modified_gmt":"2026-09-03T13:10:50","slug":"clement","status":"publish","type":"page","link":"https:\/\/adartparis.com\/de\/les-garcons\/clement\/","title":{"rendered":"Cl\u00e9ment"},"content":{"rendered":"<div data-elementor-type=\"wp-page\" data-elementor-id=\"6248\" class=\"elementor elementor-6248\" data-elementor-post-type=\"page\">\n\t\t\t\t<div class=\"elementor-element elementor-element-1b565e2 e-flex e-con-boxed e-con e-parent\" data-id=\"1b565e2\" data-element_type=\"container\" data-e-type=\"container\">\n\t\t\t\t\t<div class=\"e-con-inner\">\n\t\t\t\t<div class=\"elementor-element elementor-element-5ed3d17 elementor-widget elementor-widget-text-editor\" data-id=\"5ed3d17\" data-element_type=\"widget\" data-e-type=\"widget\" data-widget_type=\"text-editor.default\">\n\t\t\t\t\t\t\t\t\t<p>PARIS \/ <strong>AUGUST 2026<\/strong><\/p>\t\t\t\t\t\t\t\t<\/div>\n\t\t\t\t\t<\/div>\n\t\t\t\t<\/div>\n\t\t<div class=\"elementor-element elementor-element-8a99dc1 e-grid e-con-boxed e-con e-parent\" data-id=\"8a99dc1\" data-element_type=\"container\" data-e-type=\"container\">\n\t\t\t\t\t<div class=\"e-con-inner\">\n\t\t\t\t<div class=\"elementor-element elementor-element-5b86315 elementor-widget elementor-widget-image\" data-id=\"5b86315\" data-element_type=\"widget\" data-e-type=\"widget\" data-widget_type=\"image.default\">\n\t\t\t\t\t\t\t\t\t\t\t\t\t\t\t<img decoding=\"async\" width=\"1200\" height=\"1800\" src=\"https:\/\/adartparis.com\/wp-content\/uploads\/2026\/08\/clement-18-1200x1800.jpg\" class=\"attachment-adart_gallery size-adart_gallery wp-image-6290\" alt=\"Nahaufnahme von Clements H\u00fcfte, blaue und violette Beleuchtung.\" srcset=\"https:\/\/adartparis.com\/wp-content\/uploads\/2026\/08\/clement-18-1200x1800.jpg 1200w, https:\/\/adartparis.com\/wp-content\/uploads\/2026\/08\/clement-18-480x720.jpg 480w, https:\/\/adartparis.com\/wp-content\/uploads\/2026\/08\/clement-18-768x1152.jpg 768w, https:\/\/adartparis.com\/wp-content\/uploads\/2026\/08\/clement-18-1366x2048.jpg 1366w, https:\/\/adartparis.com\/wp-content\/uploads\/2026\/08\/clement-18-1024x1536.jpg 1024w, https:\/\/adartparis.com\/wp-content\/uploads\/2026\/08\/clement-18-8x12.jpg 8w, https:\/\/adartparis.com\/wp-content\/uploads\/2026\/08\/clement-18-600x900.jpg 600w\" sizes=\"(max-width: 767px) 90vw, (max-width: 1140px) 50vw, 570px\" \/>\t\t\t\t\t\t\t\t\t\t\t\t\t\t\t<\/div>\n\t\t\t\t<div class=\"elementor-element elementor-element-0d46823 elementor-widget elementor-widget-image\" data-id=\"0d46823\" data-element_type=\"widget\" data-e-type=\"widget\" data-widget_type=\"image.default\">\n\t\t\t\t\t\t\t\t\t\t\t\t\t\t\t<img decoding=\"async\" width=\"1200\" height=\"1800\" src=\"https:\/\/adartparis.com\/wp-content\/uploads\/2026\/08\/clement-23-1200x1800.jpg\" class=\"attachment-adart_gallery size-adart_gallery wp-image-6723\" alt=\"Portr\u00e4t von Cl\u00e9ment, nachdenklich, in einer farbenfrohen blauen Atmosph\u00e4re\" srcset=\"https:\/\/adartparis.com\/wp-content\/uploads\/2026\/08\/clement-23-1200x1800.jpg 1200w, https:\/\/adartparis.com\/wp-content\/uploads\/2026\/08\/clement-23-480x720.jpg 480w, https:\/\/adartparis.com\/wp-content\/uploads\/2026\/08\/clement-23-768x1152.jpg 768w, https:\/\/adartparis.com\/wp-content\/uploads\/2026\/08\/clement-23-1366x2048.jpg 1366w, https:\/\/adartparis.com\/wp-content\/uploads\/2026\/08\/clement-23-1024x1536.jpg 1024w, https:\/\/adartparis.com\/wp-content\/uploads\/2026\/08\/clement-23-8x12.jpg 8w, https:\/\/adartparis.com\/wp-content\/uploads\/2026\/08\/clement-23-600x900.jpg 600w\" sizes=\"(max-width: 767px) 90vw, (max-width: 1140px) 50vw, 570px\" \/>\t\t\t\t\t\t\t\t\t\t\t\t\t\t\t<\/div>\n\t\t\t\t<div class=\"elementor-element elementor-element-da85ae0 elementor-widget elementor-widget-image\" data-id=\"da85ae0\" data-element_type=\"widget\" data-e-type=\"widget\" data-widget_type=\"image.default\">\n\t\t\t\t\t\t\t\t\t\t\t\t\t\t\t<img decoding=\"async\" width=\"1200\" height=\"1800\" src=\"https:\/\/adartparis.com\/wp-content\/uploads\/2026\/08\/clement-11-1200x1800.jpg\" class=\"attachment-adart_gallery size-adart_gallery wp-image-6283\" alt=\"Portr\u00e4t von Cl\u00e9ment im Stehen, k\u00fcnstlerischer Akt in Schwarz-Wei\u00df, neutraler Hintergrund.\" srcset=\"https:\/\/adartparis.com\/wp-content\/uploads\/2026\/08\/clement-11-1200x1800.jpg 1200w, https:\/\/adartparis.com\/wp-content\/uploads\/2026\/08\/clement-11-480x720.jpg 480w, https:\/\/adartparis.com\/wp-content\/uploads\/2026\/08\/clement-11-768x1152.jpg 768w, https:\/\/adartparis.com\/wp-content\/uploads\/2026\/08\/clement-11-1366x2048.jpg 1366w, https:\/\/adartparis.com\/wp-content\/uploads\/2026\/08\/clement-11-1024x1536.jpg 1024w, https:\/\/adartparis.com\/wp-content\/uploads\/2026\/08\/clement-11-8x12.jpg 8w, https:\/\/adartparis.com\/wp-content\/uploads\/2026\/08\/clement-11-600x900.jpg 600w\" sizes=\"(max-width: 767px) 90vw, (max-width: 1140px) 50vw, 570px\" \/>\t\t\t\t\t\t\t\t\t\t\t\t\t\t\t<\/div>\n\t\t\t\t<div class=\"elementor-element elementor-element-2912010 elementor-widget elementor-widget-image\" data-id=\"2912010\" data-element_type=\"widget\" data-e-type=\"widget\" data-widget_type=\"image.default\">\n\t\t\t\t\t\t\t\t\t\t\t\t\t\t\t<img decoding=\"async\" width=\"1200\" height=\"1800\" src=\"https:\/\/adartparis.com\/wp-content\/uploads\/2026\/08\/clement-12-1200x1800.jpg\" class=\"attachment-adart_gallery size-adart_gallery wp-image-6284\" alt=\"Nahaufnahme der B\u00fcste von Cl\u00e9ment, verschr\u00e4nkte H\u00e4nde, Schwarz-Wei\u00df.\" srcset=\"https:\/\/adartparis.com\/wp-content\/uploads\/2026\/08\/clement-12-1200x1800.jpg 1200w, https:\/\/adartparis.com\/wp-content\/uploads\/2026\/08\/clement-12-480x720.jpg 480w, https:\/\/adartparis.com\/wp-content\/uploads\/2026\/08\/clement-12-768x1152.jpg 768w, https:\/\/adartparis.com\/wp-content\/uploads\/2026\/08\/clement-12-1366x2048.jpg 1366w, https:\/\/adartparis.com\/wp-content\/uploads\/2026\/08\/clement-12-1024x1536.jpg 1024w, https:\/\/adartparis.com\/wp-content\/uploads\/2026\/08\/clement-12-8x12.jpg 8w, https:\/\/adartparis.com\/wp-content\/uploads\/2026\/08\/clement-12-600x900.jpg 600w\" sizes=\"(max-width: 767px) 90vw, (max-width: 1140px) 50vw, 570px\" \/>\t\t\t\t\t\t\t\t\t\t\t\t\t\t\t<\/div>\n\t\t\t\t<div class=\"elementor-element elementor-element-4edec7a elementor-widget elementor-widget-image\" data-id=\"4edec7a\" data-element_type=\"widget\" data-e-type=\"widget\" data-widget_type=\"image.default\">\n\t\t\t\t\t\t\t\t\t\t\t\t\t\t\t<img decoding=\"async\" width=\"1200\" height=\"1800\" src=\"https:\/\/adartparis.com\/wp-content\/uploads\/2026\/08\/clement-14.jpg\" class=\"attachment-adart_gallery size-adart_gallery wp-image-6286\" alt=\"Nahaufnahme von Unterw\u00e4sche und H\u00e4nden, rote und violette Beleuchtung.\" srcset=\"https:\/\/adartparis.com\/wp-content\/uploads\/2026\/08\/clement-14-480x720.jpg 480w, https:\/\/adartparis.com\/wp-content\/uploads\/2026\/08\/clement-14-1366x2048.jpg 1366w, https:\/\/adartparis.com\/wp-content\/uploads\/2026\/08\/clement-14-768x1152.jpg 768w, https:\/\/adartparis.com\/wp-content\/uploads\/2026\/08\/clement-14-1024x1536.jpg 1024w, https:\/\/adartparis.com\/wp-content\/uploads\/2026\/08\/clement-14-8x12.jpg 8w, https:\/\/adartparis.com\/wp-content\/uploads\/2026\/08\/clement-14-600x900.jpg 600w\" sizes=\"(max-width: 767px) 90vw, (max-width: 1140px) 50vw, 570px\" \/>\t\t\t\t\t\t\t\t\t\t\t\t\t\t\t<\/div>\n\t\t\t\t<div class=\"elementor-element elementor-element-566ce6a elementor-widget elementor-widget-image\" data-id=\"566ce6a\" data-element_type=\"widget\" data-e-type=\"widget\" data-widget_type=\"image.default\">\n\t\t\t\t\t\t\t\t\t\t\t\t\t\t\t<img decoding=\"async\" width=\"1200\" height=\"1800\" src=\"https:\/\/adartparis.com\/wp-content\/uploads\/2026\/08\/clement-15-1200x1800.jpg\" class=\"attachment-adart_gallery size-adart_gallery wp-image-6287\" alt=\"Cl\u00e9ments Torso, Hand auf der H\u00fcfte, rosa und violette Beleuchtung.\" srcset=\"https:\/\/adartparis.com\/wp-content\/uploads\/2026\/08\/clement-15-1200x1800.jpg 1200w, https:\/\/adartparis.com\/wp-content\/uploads\/2026\/08\/clement-15-480x720.jpg 480w, https:\/\/adartparis.com\/wp-content\/uploads\/2026\/08\/clement-15-768x1152.jpg 768w, https:\/\/adartparis.com\/wp-content\/uploads\/2026\/08\/clement-15-1366x2048.jpg 1366w, https:\/\/adartparis.com\/wp-content\/uploads\/2026\/08\/clement-15-1024x1536.jpg 1024w, https:\/\/adartparis.com\/wp-content\/uploads\/2026\/08\/clement-15-8x12.jpg 8w, https:\/\/adartparis.com\/wp-content\/uploads\/2026\/08\/clement-15-600x900.jpg 600w\" sizes=\"(max-width: 767px) 90vw, (max-width: 1140px) 50vw, 570px\" \/>\t\t\t\t\t\t\t\t\t\t\t\t\t\t\t<\/div>\n\t\t\t\t<div class=\"elementor-element elementor-element-70aab98 elementor-widget elementor-widget-image\" data-id=\"70aab98\" data-element_type=\"widget\" data-e-type=\"widget\" data-widget_type=\"image.default\">\n\t\t\t\t\t\t\t\t\t\t\t\t\t\t\t<img decoding=\"async\" width=\"1200\" height=\"1800\" src=\"https:\/\/adartparis.com\/wp-content\/uploads\/2026\/08\/clement-5-1200x1800.jpg\" class=\"attachment-adart_gallery size-adart_gallery wp-image-6277\" alt=\"Abstrakte Nahaufnahme von Cl\u00e9ments Beinen, n\u00e4chtliche blaue Beleuchtung.\" srcset=\"https:\/\/adartparis.com\/wp-content\/uploads\/2026\/08\/clement-5-1200x1800.jpg 1200w, https:\/\/adartparis.com\/wp-content\/uploads\/2026\/08\/clement-5-480x720.jpg 480w, https:\/\/adartparis.com\/wp-content\/uploads\/2026\/08\/clement-5-768x1152.jpg 768w, https:\/\/adartparis.com\/wp-content\/uploads\/2026\/08\/clement-5-1366x2048.jpg 1366w, https:\/\/adartparis.com\/wp-content\/uploads\/2026\/08\/clement-5-1024x1536.jpg 1024w, https:\/\/adartparis.com\/wp-content\/uploads\/2026\/08\/clement-5-8x12.jpg 8w, https:\/\/adartparis.com\/wp-content\/uploads\/2026\/08\/clement-5-600x900.jpg 600w\" sizes=\"(max-width: 767px) 90vw, (max-width: 1140px) 50vw, 570px\" \/>\t\t\t\t\t\t\t\t\t\t\t\t\t\t\t<\/div>\n\t\t\t\t<div class=\"elementor-element elementor-element-e041d1c elementor-widget elementor-widget-image\" data-id=\"e041d1c\" data-element_type=\"widget\" data-e-type=\"widget\" data-widget_type=\"image.default\">\n\t\t\t\t\t\t\t\t\t\t\t\t\t\t\t<img decoding=\"async\" width=\"1200\" height=\"1800\" src=\"https:\/\/adartparis.com\/wp-content\/uploads\/2026\/08\/clement-2-1200x1800.jpg\" class=\"attachment-adart_gallery size-adart_gallery wp-image-6274\" alt=\"Portr\u00e4t von Cl\u00e9ment im Stehen, k\u00fcnstlerischer Akt von vorne, n\u00e4chtliche blaue Beleuchtung.\" srcset=\"https:\/\/adartparis.com\/wp-content\/uploads\/2026\/08\/clement-2-1200x1800.jpg 1200w, https:\/\/adartparis.com\/wp-content\/uploads\/2026\/08\/clement-2-480x720.jpg 480w, https:\/\/adartparis.com\/wp-content\/uploads\/2026\/08\/clement-2-768x1152.jpg 768w, https:\/\/adartparis.com\/wp-content\/uploads\/2026\/08\/clement-2-1366x2048.jpg 1366w, https:\/\/adartparis.com\/wp-content\/uploads\/2026\/08\/clement-2-1024x1536.jpg 1024w, https:\/\/adartparis.com\/wp-content\/uploads\/2026\/08\/clement-2-8x12.jpg 8w, https:\/\/adartparis.com\/wp-content\/uploads\/2026\/08\/clement-2-600x900.jpg 600w\" sizes=\"(max-width: 767px) 90vw, (max-width: 1140px) 50vw, 570px\" \/>\t\t\t\t\t\t\t\t\t\t\t\t\t\t\t<\/div>\n\t\t\t\t<div class=\"elementor-element elementor-element-69fe961 elementor-widget elementor-widget-image\" data-id=\"69fe961\" data-element_type=\"widget\" data-e-type=\"widget\" data-widget_type=\"image.default\">\n\t\t\t\t\t\t\t\t\t\t\t\t\t\t\t<img decoding=\"async\" width=\"1200\" height=\"1800\" src=\"https:\/\/adartparis.com\/wp-content\/uploads\/2026\/08\/clement-1-1200x1800.jpg\" class=\"attachment-adart_gallery size-adart_gallery wp-image-6273\" alt=\"Nahaufnahme von Cl\u00e9ments Oberk\u00f6rper, angewinkelter Arm, rote und violette Beleuchtung.\" srcset=\"https:\/\/adartparis.com\/wp-content\/uploads\/2026\/08\/clement-1-1200x1800.jpg 1200w, https:\/\/adartparis.com\/wp-content\/uploads\/2026\/08\/clement-1-480x720.jpg 480w, https:\/\/adartparis.com\/wp-content\/uploads\/2026\/08\/clement-1-768x1152.jpg 768w, https:\/\/adartparis.com\/wp-content\/uploads\/2026\/08\/clement-1-1366x2048.jpg 1366w, https:\/\/adartparis.com\/wp-content\/uploads\/2026\/08\/clement-1-1024x1536.jpg 1024w, https:\/\/adartparis.com\/wp-content\/uploads\/2026\/08\/clement-1-8x12.jpg 8w, https:\/\/adartparis.com\/wp-content\/uploads\/2026\/08\/clement-1-600x900.jpg 600w\" sizes=\"(max-width: 767px) 90vw, (max-width: 1140px) 50vw, 570px\" \/>\t\t\t\t\t\t\t\t\t\t\t\t\t\t\t<\/div>\n\t\t\t\t<div class=\"elementor-element elementor-element-1124e65 elementor-widget elementor-widget-image\" data-id=\"1124e65\" data-element_type=\"widget\" data-e-type=\"widget\" data-widget_type=\"image.default\">\n\t\t\t\t\t\t\t\t\t\t\t\t\t\t\t<img decoding=\"async\" width=\"1200\" height=\"1800\" src=\"https:\/\/adartparis.com\/wp-content\/uploads\/2026\/08\/clement-20-1200x1800.jpg\" class=\"attachment-adart_gallery size-adart_gallery wp-image-6292\" alt=\"Gro\u00dfaufnahme von Clements R\u00fccken, schwarz-wei\u00df, Untersicht.\" srcset=\"https:\/\/adartparis.com\/wp-content\/uploads\/2026\/08\/clement-20-1200x1800.jpg 1200w, https:\/\/adartparis.com\/wp-content\/uploads\/2026\/08\/clement-20-480x720.jpg 480w, https:\/\/adartparis.com\/wp-content\/uploads\/2026\/08\/clement-20-768x1152.jpg 768w, https:\/\/adartparis.com\/wp-content\/uploads\/2026\/08\/clement-20-1366x2048.jpg 1366w, https:\/\/adartparis.com\/wp-content\/uploads\/2026\/08\/clement-20-1024x1536.jpg 1024w, https:\/\/adartparis.com\/wp-content\/uploads\/2026\/08\/clement-20-8x12.jpg 8w, https:\/\/adartparis.com\/wp-content\/uploads\/2026\/08\/clement-20-600x900.jpg 600w\" sizes=\"(max-width: 767px) 90vw, (max-width: 1140px) 50vw, 570px\" \/>\t\t\t\t\t\t\t\t\t\t\t\t\t\t\t<\/div>\n\t\t\t\t<div class=\"elementor-element elementor-element-0e64723 elementor-widget elementor-widget-image\" data-id=\"0e64723\" data-element_type=\"widget\" data-e-type=\"widget\" data-widget_type=\"image.default\">\n\t\t\t\t\t\t\t\t\t\t\t\t\t\t\t<img decoding=\"async\" width=\"1200\" height=\"1800\" src=\"https:\/\/adartparis.com\/wp-content\/uploads\/2026\/08\/clement-16-1200x1800.jpg\" class=\"attachment-adart_gallery size-adart_gallery wp-image-6288\" alt=\"Portr\u00e4t von Cl\u00e9ment, mit freiem Oberk\u00f6rper, rot-blaue Zweifarbbeleuchtung.\" srcset=\"https:\/\/adartparis.com\/wp-content\/uploads\/2026\/08\/clement-16-1200x1800.jpg 1200w, https:\/\/adartparis.com\/wp-content\/uploads\/2026\/08\/clement-16-480x720.jpg 480w, https:\/\/adartparis.com\/wp-content\/uploads\/2026\/08\/clement-16-768x1152.jpg 768w, https:\/\/adartparis.com\/wp-content\/uploads\/2026\/08\/clement-16-1366x2048.jpg 1366w, https:\/\/adartparis.com\/wp-content\/uploads\/2026\/08\/clement-16-1024x1536.jpg 1024w, https:\/\/adartparis.com\/wp-content\/uploads\/2026\/08\/clement-16-8x12.jpg 8w, https:\/\/adartparis.com\/wp-content\/uploads\/2026\/08\/clement-16-600x900.jpg 600w\" sizes=\"(max-width: 767px) 90vw, (max-width: 1140px) 50vw, 570px\" \/>\t\t\t\t\t\t\t\t\t\t\t\t\t\t\t<\/div>\n\t\t\t\t<div class=\"elementor-element elementor-element-d0ebbea elementor-widget elementor-widget-image\" data-id=\"d0ebbea\" data-element_type=\"widget\" data-e-type=\"widget\" data-widget_type=\"image.default\">\n\t\t\t\t\t\t\t\t\t\t\t\t\t\t\t<img decoding=\"async\" width=\"1200\" height=\"1800\" src=\"https:\/\/adartparis.com\/wp-content\/uploads\/2026\/08\/clement-17-1200x1800.jpg\" class=\"attachment-adart_gallery size-adart_gallery wp-image-6289\" alt=\"Gro\u00dfaufnahme von Cl\u00e9ments Oberk\u00f6rper, Hand auf der Schulter, rote Beleuchtung.\" srcset=\"https:\/\/adartparis.com\/wp-content\/uploads\/2026\/08\/clement-17-1200x1800.jpg 1200w, https:\/\/adartparis.com\/wp-content\/uploads\/2026\/08\/clement-17-480x720.jpg 480w, https:\/\/adartparis.com\/wp-content\/uploads\/2026\/08\/clement-17-768x1152.jpg 768w, https:\/\/adartparis.com\/wp-content\/uploads\/2026\/08\/clement-17-1366x2048.jpg 1366w, https:\/\/adartparis.com\/wp-content\/uploads\/2026\/08\/clement-17-1024x1536.jpg 1024w, https:\/\/adartparis.com\/wp-content\/uploads\/2026\/08\/clement-17-8x12.jpg 8w, https:\/\/adartparis.com\/wp-content\/uploads\/2026\/08\/clement-17-600x900.jpg 600w\" sizes=\"(max-width: 767px) 90vw, (max-width: 1140px) 50vw, 570px\" \/>\t\t\t\t\t\t\t\t\t\t\t\t\t\t\t<\/div>\n\t\t\t\t<div class=\"elementor-element elementor-element-365a69b elementor-widget elementor-widget-image\" data-id=\"365a69b\" data-element_type=\"widget\" data-e-type=\"widget\" data-widget_type=\"image.default\">\n\t\t\t\t\t\t\t\t\t\t\t\t\t\t\t<img decoding=\"async\" width=\"1200\" height=\"1800\" src=\"https:\/\/adartparis.com\/wp-content\/uploads\/2026\/08\/clement-8-1200x1800.jpg\" class=\"attachment-adart_gallery size-adart_gallery wp-image-6280\" alt=\"Portr\u00e4t von Cl\u00e9ment, mit freiem Oberk\u00f6rper, Hand auf dem Bauch, blaue Beleuchtung.\" srcset=\"https:\/\/adartparis.com\/wp-content\/uploads\/2026\/08\/clement-8-1200x1800.jpg 1200w, https:\/\/adartparis.com\/wp-content\/uploads\/2026\/08\/clement-8-480x720.jpg 480w, https:\/\/adartparis.com\/wp-content\/uploads\/2026\/08\/clement-8-768x1152.jpg 768w, https:\/\/adartparis.com\/wp-content\/uploads\/2026\/08\/clement-8-1366x2048.jpg 1366w, https:\/\/adartparis.com\/wp-content\/uploads\/2026\/08\/clement-8-1024x1536.jpg 1024w, https:\/\/adartparis.com\/wp-content\/uploads\/2026\/08\/clement-8-8x12.jpg 8w, https:\/\/adartparis.com\/wp-content\/uploads\/2026\/08\/clement-8-600x900.jpg 600w\" sizes=\"(max-width: 767px) 90vw, (max-width: 1140px) 50vw, 570px\" \/>\t\t\t\t\t\t\t\t\t\t\t\t\t\t\t<\/div>\n\t\t\t\t<div class=\"elementor-element elementor-element-56905a5 elementor-widget elementor-widget-image\" data-id=\"56905a5\" data-element_type=\"widget\" data-e-type=\"widget\" data-widget_type=\"image.default\">\n\t\t\t\t\t\t\t\t\t\t\t\t\t\t\t<img decoding=\"async\" width=\"1200\" height=\"1800\" src=\"https:\/\/adartparis.com\/wp-content\/uploads\/2026\/08\/clement-6-1200x1800.jpg\" class=\"attachment-adart_gallery size-adart_gallery wp-image-6278\" alt=\"Nahaufnahme einer Hand auf Clements Brust, blaues Licht.\" srcset=\"https:\/\/adartparis.com\/wp-content\/uploads\/2026\/08\/clement-6-1200x1800.jpg 1200w, https:\/\/adartparis.com\/wp-content\/uploads\/2026\/08\/clement-6-480x720.jpg 480w, https:\/\/adartparis.com\/wp-content\/uploads\/2026\/08\/clement-6-768x1152.jpg 768w, https:\/\/adartparis.com\/wp-content\/uploads\/2026\/08\/clement-6-1366x2048.jpg 1366w, https:\/\/adartparis.com\/wp-content\/uploads\/2026\/08\/clement-6-1024x1536.jpg 1024w, https:\/\/adartparis.com\/wp-content\/uploads\/2026\/08\/clement-6-8x12.jpg 8w, https:\/\/adartparis.com\/wp-content\/uploads\/2026\/08\/clement-6-600x900.jpg 600w\" sizes=\"(max-width: 767px) 90vw, (max-width: 1140px) 50vw, 570px\" \/>\t\t\t\t\t\t\t\t\t\t\t\t\t\t\t<\/div>\n\t\t\t\t<div class=\"elementor-element elementor-element-e417112 elementor-widget elementor-widget-image\" data-id=\"e417112\" data-element_type=\"widget\" data-e-type=\"widget\" data-widget_type=\"image.default\">\n\t\t\t\t\t\t\t\t\t\t\t\t\t\t\t<img decoding=\"async\" width=\"1200\" height=\"1800\" src=\"https:\/\/adartparis.com\/wp-content\/uploads\/2026\/08\/clement-9-1200x1800.jpg\" class=\"attachment-adart_gallery size-adart_gallery wp-image-6281\" alt=\"Cl\u00e9ments Torso, die Hand auf der H\u00fcfte, rotes und violettes Licht.\" srcset=\"https:\/\/adartparis.com\/wp-content\/uploads\/2026\/08\/clement-9-1200x1800.jpg 1200w, https:\/\/adartparis.com\/wp-content\/uploads\/2026\/08\/clement-9-480x720.jpg 480w, https:\/\/adartparis.com\/wp-content\/uploads\/2026\/08\/clement-9-768x1152.jpg 768w, https:\/\/adartparis.com\/wp-content\/uploads\/2026\/08\/clement-9-1366x2048.jpg 1366w, https:\/\/adartparis.com\/wp-content\/uploads\/2026\/08\/clement-9-1024x1536.jpg 1024w, https:\/\/adartparis.com\/wp-content\/uploads\/2026\/08\/clement-9-8x12.jpg 8w, https:\/\/adartparis.com\/wp-content\/uploads\/2026\/08\/clement-9-600x900.jpg 600w\" sizes=\"(max-width: 767px) 90vw, (max-width: 1140px) 50vw, 570px\" \/>\t\t\t\t\t\t\t\t\t\t\t\t\t\t\t<\/div>\n\t\t\t\t<div class=\"elementor-element elementor-element-4946cfa elementor-widget elementor-widget-image\" data-id=\"4946cfa\" data-element_type=\"widget\" data-e-type=\"widget\" data-widget_type=\"image.default\">\n\t\t\t\t\t\t\t\t\t\t\t\t\t\t\t<img decoding=\"async\" width=\"1200\" height=\"1800\" src=\"https:\/\/adartparis.com\/wp-content\/uploads\/2026\/08\/clement-19-1200x1800.jpg\" class=\"attachment-adart_gallery size-adart_gallery wp-image-6291\" alt=\"Liegender Cl\u00e9ment, Nahaufnahme des Oberk\u00f6rpers, violette Beleuchtung.\" srcset=\"https:\/\/adartparis.com\/wp-content\/uploads\/2026\/08\/clement-19-1200x1800.jpg 1200w, https:\/\/adartparis.com\/wp-content\/uploads\/2026\/08\/clement-19-480x720.jpg 480w, https:\/\/adartparis.com\/wp-content\/uploads\/2026\/08\/clement-19-768x1152.jpg 768w, https:\/\/adartparis.com\/wp-content\/uploads\/2026\/08\/clement-19-1366x2048.jpg 1366w, https:\/\/adartparis.com\/wp-content\/uploads\/2026\/08\/clement-19-1024x1536.jpg 1024w, https:\/\/adartparis.com\/wp-content\/uploads\/2026\/08\/clement-19-8x12.jpg 8w, https:\/\/adartparis.com\/wp-content\/uploads\/2026\/08\/clement-19-600x900.jpg 600w\" sizes=\"(max-width: 767px) 90vw, (max-width: 1140px) 50vw, 570px\" \/>\t\t\t\t\t\t\t\t\t\t\t\t\t\t\t<\/div>\n\t\t\t\t<div class=\"elementor-element elementor-element-71c0754 elementor-widget elementor-widget-image\" data-id=\"71c0754\" data-element_type=\"widget\" data-e-type=\"widget\" data-widget_type=\"image.default\">\n\t\t\t\t\t\t\t\t\t\t\t\t\t\t\t<img decoding=\"async\" width=\"1200\" height=\"1800\" src=\"https:\/\/adartparis.com\/wp-content\/uploads\/2026\/08\/clement-13-1200x1800.jpg\" class=\"attachment-adart_gallery size-adart_gallery wp-image-6285\" alt=\"Cl\u00e9ment im Profil in Unterw\u00e4sche, blaue und violette Beleuchtung.\" srcset=\"https:\/\/adartparis.com\/wp-content\/uploads\/2026\/08\/clement-13-1200x1800.jpg 1200w, https:\/\/adartparis.com\/wp-content\/uploads\/2026\/08\/clement-13-480x720.jpg 480w, https:\/\/adartparis.com\/wp-content\/uploads\/2026\/08\/clement-13-768x1152.jpg 768w, https:\/\/adartparis.com\/wp-content\/uploads\/2026\/08\/clement-13-1366x2048.jpg 1366w, https:\/\/adartparis.com\/wp-content\/uploads\/2026\/08\/clement-13-1024x1536.jpg 1024w, https:\/\/adartparis.com\/wp-content\/uploads\/2026\/08\/clement-13-8x12.jpg 8w, https:\/\/adartparis.com\/wp-content\/uploads\/2026\/08\/clement-13-600x900.jpg 600w\" sizes=\"(max-width: 767px) 90vw, (max-width: 1140px) 50vw, 570px\" \/>\t\t\t\t\t\t\t\t\t\t\t\t\t\t\t<\/div>\n\t\t\t\t<div class=\"elementor-element elementor-element-0845534 elementor-widget elementor-widget-image\" data-id=\"0845534\" data-element_type=\"widget\" data-e-type=\"widget\" data-widget_type=\"image.default\">\n\t\t\t\t\t\t\t\t\t\t\t\t\t\t\t<img decoding=\"async\" width=\"1200\" height=\"1800\" src=\"https:\/\/adartparis.com\/wp-content\/uploads\/2026\/08\/clement-7-1200x1800.jpg\" class=\"attachment-adart_gallery size-adart_gallery wp-image-6279\" alt=\"Nahaufnahme von Clements Oberk\u00f6rper, blaue und violette Beleuchtung.\" srcset=\"https:\/\/adartparis.com\/wp-content\/uploads\/2026\/08\/clement-7-1200x1800.jpg 1200w, https:\/\/adartparis.com\/wp-content\/uploads\/2026\/08\/clement-7-480x720.jpg 480w, https:\/\/adartparis.com\/wp-content\/uploads\/2026\/08\/clement-7-768x1152.jpg 768w, https:\/\/adartparis.com\/wp-content\/uploads\/2026\/08\/clement-7-1366x2048.jpg 1366w, https:\/\/adartparis.com\/wp-content\/uploads\/2026\/08\/clement-7-1024x1536.jpg 1024w, https:\/\/adartparis.com\/wp-content\/uploads\/2026\/08\/clement-7-8x12.jpg 8w, https:\/\/adartparis.com\/wp-content\/uploads\/2026\/08\/clement-7-600x900.jpg 600w\" sizes=\"(max-width: 767px) 90vw, (max-width: 1140px) 50vw, 570px\" \/>\t\t\t\t\t\t\t\t\t\t\t\t\t\t\t<\/div>\n\t\t\t\t<div class=\"elementor-element elementor-element-a36a169 elementor-widget elementor-widget-image\" data-id=\"a36a169\" data-element_type=\"widget\" data-e-type=\"widget\" data-widget_type=\"image.default\">\n\t\t\t\t\t\t\t\t\t\t\t\t\t\t\t<img decoding=\"async\" width=\"1200\" height=\"1800\" src=\"https:\/\/adartparis.com\/wp-content\/uploads\/2026\/08\/clement-10-1200x1800.jpg\" class=\"attachment-adart_gallery size-adart_gallery wp-image-6282\" alt=\"Nahaufnahme einer Hand, die auf Clements Oberschenkel ruht, in rotem und gr\u00fcnem Licht.\" srcset=\"https:\/\/adartparis.com\/wp-content\/uploads\/2026\/08\/clement-10-1200x1800.jpg 1200w, https:\/\/adartparis.com\/wp-content\/uploads\/2026\/08\/clement-10-480x720.jpg 480w, https:\/\/adartparis.com\/wp-content\/uploads\/2026\/08\/clement-10-768x1152.jpg 768w, https:\/\/adartparis.com\/wp-content\/uploads\/2026\/08\/clement-10-1366x2048.jpg 1366w, https:\/\/adartparis.com\/wp-content\/uploads\/2026\/08\/clement-10-1024x1536.jpg 1024w, https:\/\/adartparis.com\/wp-content\/uploads\/2026\/08\/clement-10-8x12.jpg 8w, https:\/\/adartparis.com\/wp-content\/uploads\/2026\/08\/clement-10-600x900.jpg 600w\" sizes=\"(max-width: 767px) 90vw, (max-width: 1140px) 50vw, 570px\" \/>\t\t\t\t\t\t\t\t\t\t\t\t\t\t\t<\/div>\n\t\t\t\t<div class=\"elementor-element elementor-element-b2b80d5 elementor-widget elementor-widget-image\" data-id=\"b2b80d5\" data-element_type=\"widget\" data-e-type=\"widget\" data-widget_type=\"image.default\">\n\t\t\t\t\t\t\t\t\t\t\t\t\t\t\t<img decoding=\"async\" width=\"1200\" height=\"1800\" src=\"https:\/\/adartparis.com\/wp-content\/uploads\/2026\/08\/clement-22-1200x1800.jpg\" class=\"attachment-adart_gallery size-adart_gallery wp-image-6294\" alt=\"Nahaufnahme von Cl\u00e9ments H\u00fcfte und Oberschenkel, rote Beleuchtung.\" srcset=\"https:\/\/adartparis.com\/wp-content\/uploads\/2026\/08\/clement-22-1200x1800.jpg 1200w, https:\/\/adartparis.com\/wp-content\/uploads\/2026\/08\/clement-22-480x720.jpg 480w, https:\/\/adartparis.com\/wp-content\/uploads\/2026\/08\/clement-22-768x1152.jpg 768w, https:\/\/adartparis.com\/wp-content\/uploads\/2026\/08\/clement-22-1366x2048.jpg 1366w, https:\/\/adartparis.com\/wp-content\/uploads\/2026\/08\/clement-22-1024x1536.jpg 1024w, https:\/\/adartparis.com\/wp-content\/uploads\/2026\/08\/clement-22-8x12.jpg 8w, https:\/\/adartparis.com\/wp-content\/uploads\/2026\/08\/clement-22-600x900.jpg 600w\" sizes=\"(max-width: 767px) 90vw, (max-width: 1140px) 50vw, 570px\" \/>\t\t\t\t\t\t\t\t\t\t\t\t\t\t\t<\/div>\n\t\t\t\t<div class=\"elementor-element elementor-element-d1f14d0 elementor-widget elementor-widget-image\" data-id=\"d1f14d0\" data-element_type=\"widget\" data-e-type=\"widget\" data-widget_type=\"image.default\">\n\t\t\t\t\t\t\t\t\t\t\t\t\t\t\t<img decoding=\"async\" width=\"1200\" height=\"1800\" src=\"https:\/\/adartparis.com\/wp-content\/uploads\/2026\/08\/clement-3-1200x1800.jpg\" class=\"attachment-adart_gallery size-adart_gallery wp-image-6275\" alt=\"Nahaufnahme der B\u00fcste von Cl\u00e9ment, Hand auf der Brust, blaue Beleuchtung.\" srcset=\"https:\/\/adartparis.com\/wp-content\/uploads\/2026\/08\/clement-3-1200x1800.jpg 1200w, https:\/\/adartparis.com\/wp-content\/uploads\/2026\/08\/clement-3-480x720.jpg 480w, https:\/\/adartparis.com\/wp-content\/uploads\/2026\/08\/clement-3-768x1152.jpg 768w, https:\/\/adartparis.com\/wp-content\/uploads\/2026\/08\/clement-3-1366x2048.jpg 1366w, https:\/\/adartparis.com\/wp-content\/uploads\/2026\/08\/clement-3-1024x1536.jpg 1024w, https:\/\/adartparis.com\/wp-content\/uploads\/2026\/08\/clement-3-8x12.jpg 8w, https:\/\/adartparis.com\/wp-content\/uploads\/2026\/08\/clement-3-600x900.jpg 600w\" sizes=\"(max-width: 767px) 90vw, (max-width: 1140px) 50vw, 570px\" \/>\t\t\t\t\t\t\t\t\t\t\t\t\t\t\t<\/div>\n\t\t\t\t<div class=\"elementor-element elementor-element-07edd26 elementor-widget elementor-widget-image\" data-id=\"07edd26\" data-element_type=\"widget\" data-e-type=\"widget\" data-widget_type=\"image.default\">\n\t\t\t\t\t\t\t\t\t\t\t\t\t\t\t<img decoding=\"async\" width=\"1200\" height=\"1800\" src=\"https:\/\/adartparis.com\/wp-content\/uploads\/2026\/08\/clement-21-1200x1800.jpg\" class=\"attachment-adart_gallery size-adart_gallery wp-image-6293\" alt=\"Cl\u00e9ment, auf dem R\u00fccken liegend, Arme hinter dem Kopf, blaue und orangefarbene Beleuchtung.\" srcset=\"https:\/\/adartparis.com\/wp-content\/uploads\/2026\/08\/clement-21-1200x1800.jpg 1200w, https:\/\/adartparis.com\/wp-content\/uploads\/2026\/08\/clement-21-480x720.jpg 480w, https:\/\/adartparis.com\/wp-content\/uploads\/2026\/08\/clement-21-768x1152.jpg 768w, https:\/\/adartparis.com\/wp-content\/uploads\/2026\/08\/clement-21-1366x2048.jpg 1366w, https:\/\/adartparis.com\/wp-content\/uploads\/2026\/08\/clement-21-1024x1536.jpg 1024w, https:\/\/adartparis.com\/wp-content\/uploads\/2026\/08\/clement-21-8x12.jpg 8w, https:\/\/adartparis.com\/wp-content\/uploads\/2026\/08\/clement-21-600x900.jpg 600w\" sizes=\"(max-width: 767px) 90vw, (max-width: 1140px) 50vw, 570px\" \/>\t\t\t\t\t\t\t\t\t\t\t\t\t\t\t<\/div>\n\t\t\t\t\t<\/div>\n\t\t\t\t<\/div>\n\t\t<div class=\"elementor-element elementor-element-197fd6a e-flex e-con-boxed e-con e-parent\" data-id=\"197fd6a\" data-element_type=\"container\" data-e-type=\"container\">\n\t\t\t\t\t<div class=\"e-con-inner\">\n\t\t\t\t<div class=\"elementor-element elementor-element-67dfc3f elementor-widget elementor-widget-heading\" data-id=\"67dfc3f\" data-element_type=\"widget\" data-e-type=\"widget\" data-widget_type=\"heading.default\">\n\t\t\t\t\t<h2 class=\"elementor-heading-title elementor-size-default\">In der Intimit\u00e4t<\/h2>\t\t\t\t<\/div>\n\t\t\t\t<div class=\"elementor-element elementor-element-0bcaf08 elementor-widget elementor-widget-text-editor\" data-id=\"0bcaf08\" data-element_type=\"widget\" data-e-type=\"widget\" data-widget_type=\"text-editor.default\">\n\t\t\t\t\t\t\t\t\t<p>Anfang August, eine Pariser Wohnung, die Milde des Nachmittags. Cl\u00e9ment fing im Jockstrap an und h\u00f6rte v\u00f6llig nackt auf, ohne dass dies im Voraus beschlossen gewesen w\u00e4re. Die Serie schreitet in Fragmenten voran: Der K\u00f6rper l\u00e4sst sich erahnen, bis er sich ganz offenbart, und das war es, was mich an jenem Tag interessierte.<\/p>\t\t\t\t\t\t\t\t<\/div>\n\t\t\t\t\t<\/div>\n\t\t\t\t<\/div>\n\t\t\t\t<\/div>","protected":false},"excerpt":{"rendered":"<p>Portraits et nus artistiques de Cl\u00e9ment, au fil d&rsquo;une s\u00e9ance intimiste. Une s\u00e9rie photographique sensuelle et artistique sign\u00e9e Adart, photographe masculin \u00e0 Paris.<\/p>","protected":false},"author":1,"featured_media":0,"parent":310,"menu_order":0,"comment_status":"closed","ping_status":"closed","template":"","meta":{"footnotes":""},"class_list":["post-6248","page","type-page","status-publish","hentry"],"aioseo_notices":[],"aioseo_head":"\n\t\t<!-- All in One SEO 5.0.1.1 - aioseo.com -->\n\t<meta name=\"description\" content=\"Portraits et nus artistiques de Cl\u00e9ment, au fil d&#039;une s\u00e9ance intimiste. Une s\u00e9rie photographique sensuelle et artistique sign\u00e9e Adart, photographe masculin \u00e0 Paris.\" \/>\n\t<meta name=\"robots\" content=\"max-image-preview:large\" \/>\n\t<meta name=\"google-site-verification\" content=\"wfJMgEuP9dVgS9St9bc8s61h3EnN0FCWuXjOjw0Alr0\" \/>\n\t<meta name=\"p:domain_verify\" content=\"89ef08ea553fa64c84a5bcf90e884e54\" \/>\n\t<link rel=\"canonical\" href=\"https:\/\/adartparis.com\/de\/les-garcons\/clement\/\" \/>\n\t<meta name=\"generator\" content=\"All in One SEO (AIOSEO) 5.0.1.1\" \/>\n\t\t<meta property=\"og:locale\" content=\"de_DE\" \/>\n\t\t<meta property=\"og:site_name\" content=\"ADART PARIS - Photographe masculin\" \/>\n\t\t<meta property=\"og:type\" content=\"website\" \/>\n\t\t<meta property=\"og:title\" content=\"Cl\u00e9ment \u2013 portrait et nu artistique masculin - ADART PARIS\" \/>\n\t\t<meta property=\"og:description\" content=\"Portraits et nus artistiques de Cl\u00e9ment, au fil d&#039;une s\u00e9ance intimiste. Une s\u00e9rie photographique sensuelle et artistique sign\u00e9e Adart, photographe masculin \u00e0 Paris.\" \/>\n\t\t<meta property=\"og:url\" content=\"https:\/\/adartparis.com\/de\/les-garcons\/clement\/\" \/>\n\t\t<meta property=\"fb:admins\" content=\"61591467820407\" \/>\n\t\t<meta property=\"og:image\" content=\"https:\/\/adartparis.com\/wp-content\/uploads\/2026\/08\/vignette-defaut-facebook.jpg\" \/>\n\t\t<meta property=\"og:image:secure_url\" content=\"https:\/\/adartparis.com\/wp-content\/uploads\/2026\/08\/vignette-defaut-facebook.jpg\" \/>\n\t\t<meta property=\"og:image:width\" content=\"3280\" \/>\n\t\t<meta property=\"og:image:height\" content=\"1712\" \/>\n\t\t<meta name=\"twitter:card\" content=\"summary_large_image\" \/>\n\t\t<meta name=\"twitter:site\" content=\"@ADART_PARIS\" \/>\n\t\t<meta name=\"twitter:title\" content=\"Cl\u00e9ment \u2013 portrait et nu artistique masculin - ADART PARIS\" \/>\n\t\t<meta name=\"twitter:description\" content=\"Portraits et nus artistiques de Cl\u00e9ment, au fil d&#039;une s\u00e9ance intimiste. Une s\u00e9rie photographique sensuelle et artistique sign\u00e9e Adart, photographe masculin \u00e0 Paris.\" \/>\n\t\t<meta name=\"twitter:image\" content=\"https:\/\/adartparis.com\/wp-content\/uploads\/2026\/08\/vignette-defaut-facebook.jpg\" \/>\n\t\t<!-- All in One SEO -->\n\n","aioseo_head_json":{"title":"Cl\u00e9ment \u2013 Portr\u00e4t und k\u00fcnstlerischer m\u00e4nnlicher Akt - ADART PARIS","description":"Portr\u00e4ts und k\u00fcnstlerische Akte von Cl\u00e9ment im Rahmen einer intimen Session. Eine sinnliche und k\u00fcnstlerische Fotoserie von Adart, einem m\u00e4nnlichen Fotografen in Paris.","canonical_url":"https:\/\/adartparis.com\/de\/les-garcons\/clement\/","robots":"max-image-preview:large","keywords":"","webmasterTools":{"google-site-verification":"wfJMgEuP9dVgS9St9bc8s61h3EnN0FCWuXjOjw0Alr0","p:domain_verify":"89ef08ea553fa64c84a5bcf90e884e54","miscellaneous":""},"schema":null,"og:locale":"de_DE","og:site_name":"ADART PARIS - Photographe masculin","og:type":"website","og:title":"Cl\u00e9ment \u2013 portrait et nu artistique masculin - ADART PARIS","og:description":"Portraits et nus artistiques de Cl\u00e9ment, au fil d'une s\u00e9ance intimiste. Une s\u00e9rie photographique sensuelle et artistique sign\u00e9e Adart, photographe masculin \u00e0 Paris.","og:url":"https:\/\/adartparis.com\/de\/les-garcons\/clement\/","fb:admins":"61591467820407","og:image":"https:\/\/adartparis.com\/wp-content\/uploads\/2026\/08\/vignette-defaut-facebook.jpg","og:image:secure_url":"https:\/\/adartparis.com\/wp-content\/uploads\/2026\/08\/vignette-defaut-facebook.jpg","og:image:width":3280,"og:image:height":1712,"twitter:card":"summary_large_image","twitter:site":"@ADART_PARIS","twitter:title":"Cl\u00e9ment \u2013 portrait et nu artistique masculin - ADART PARIS","twitter:description":"Portraits et nus artistiques de Cl\u00e9ment, au fil d'une s\u00e9ance intimiste. Une s\u00e9rie photographique sensuelle et artistique sign\u00e9e Adart, photographe masculin \u00e0 Paris.","twitter:image":"https:\/\/adartparis.com\/wp-content\/uploads\/2026\/08\/vignette-defaut-facebook.jpg"},"aioseo_meta_data":{"post_id":"6248","title":"#post_title \u2013 portrait et nu artistique masculin #separator_sa #site_title","description":null,"keywords":null,"keyphrases":{"focus":{"keyphrase":"","score":0,"analysis":{"keyphraseInTitle":{"score":0,"maxScore":9,"error":1}}},"additional":[]},"primary_term":null,"canonical_url":null,"og_title":null,"og_description":null,"og_object_type":"default","og_image_type":"default","og_image_url":null,"og_image_width":null,"og_image_height":null,"og_image_custom_url":null,"og_image_custom_fields":null,"og_video":"","og_custom_url":null,"og_article_section":null,"og_article_tags":null,"twitter_use_og":false,"twitter_card":"default","twitter_image_type":"default","twitter_image_url":null,"twitter_image_custom_url":null,"twitter_image_custom_fields":null,"twitter_title":null,"twitter_description":null,"schema":{"blockGraphs":[],"customGraphs":[],"default":{"data":{"Article":[],"Course":[],"Dataset":[],"FAQPage":[],"Movie":[],"Person":[],"Product":[],"ProductReview":[],"Car":[],"Recipe":[],"Service":[],"SoftwareApplication":[],"WebPage":[]},"graphName":"WebPage","isEnabled":true},"graphs":[]},"schema_type":"default","schema_type_options":null,"pillar_content":false,"robots_default":true,"robots_noindex":false,"robots_noarchive":false,"robots_nosnippet":false,"robots_nofollow":false,"robots_noimageindex":false,"robots_noodp":false,"robots_notranslate":false,"robots_max_snippet":"-1","robots_max_videopreview":"-1","robots_max_imagepreview":"large","priority":null,"frequency":"default","local_seo":null,"breadcrumb_settings":null,"limit_modified_date":false,"ai":{"faqs":[],"keyPoints":[],"schemas":[],"titles":[],"descriptions":[],"socialPosts":{"email":{"subject":"","preview":"","content":""},"linkedin":[],"twitter":[],"facebook":[],"instagram":[]}},"created":"2026-08-05 20:14:27","updated":"2026-09-03 13:25:40","seo_analyzer_scan_date":null,"focus_keyword":null,"additional_keywords":null,"truseo_locale":null},"aioseo_breadcrumb":"<div class=\"aioseo-breadcrumbs\"><span class=\"aioseo-breadcrumb\">\n\t\t\t<a href=\"https:\/\/adartparis.com\/de\" title=\"Accueil\">Accueil<\/a>\n\t\t<\/span><span class=\"aioseo-breadcrumb-separator\">\u203a<\/span><span class=\"aioseo-breadcrumb\">\n\t\t\t<a href=\"https:\/\/adartparis.com\/de\/les-garcons\/\" title=\"Les gar\u00e7ons\">Les gar\u00e7ons<\/a>\n\t\t<\/span><span class=\"aioseo-breadcrumb-separator\">\u203a<\/span><span class=\"aioseo-breadcrumb\">\n\t\t\tCl\u00e9ment\n\t\t<\/span><\/div>","aioseo_breadcrumb_json":[{"label":"Accueil","link":"https:\/\/adartparis.com\/de"},{"label":"Les gar\u00e7ons","link":"https:\/\/adartparis.com\/de\/les-garcons\/"},{"label":"Cl\u00e9ment","link":"https:\/\/adartparis.com\/de\/les-garcons\/clement\/"}],"_links":{"self":[{"href":"https:\/\/adartparis.com\/de\/wp-json\/wp\/v2\/pages\/6248","targetHints":{"allow":["GET"]}}],"collection":[{"href":"https:\/\/adartparis.com\/de\/wp-json\/wp\/v2\/pages"}],"about":[{"href":"https:\/\/adartparis.com\/de\/wp-json\/wp\/v2\/types\/page"}],"author":[{"embeddable":true,"href":"https:\/\/adartparis.com\/de\/wp-json\/wp\/v2\/users\/1"}],"replies":[{"embeddable":true,"href":"https:\/\/adartparis.com\/de\/wp-json\/wp\/v2\/comments?post=6248"}],"version-history":[{"count":44,"href":"https:\/\/adartparis.com\/de\/wp-json\/wp\/v2\/pages\/6248\/revisions"}],"predecessor-version":[{"id":8588,"href":"https:\/\/adartparis.com\/de\/wp-json\/wp\/v2\/pages\/6248\/revisions\/8588"}],"up":[{"embeddable":true,"href":"https:\/\/adartparis.com\/de\/wp-json\/wp\/v2\/pages\/310"}],"wp:attachment":[{"href":"https:\/\/adartparis.com\/de\/wp-json\/wp\/v2\/media?parent=6248"}],"curies":[{"name":"wp","href":"https:\/\/api.w.org\/{rel}","templated":true}]}}