{"id":284,"date":"2026-05-10T09:04:12","date_gmt":"2026-05-10T09:04:12","guid":{"rendered":"https:\/\/adartparis.com\/?page_id=284"},"modified":"2026-08-31T16:37:37","modified_gmt":"2026-08-31T16:37:37","slug":"uber-mich","status":"publish","type":"page","link":"https:\/\/adartparis.com\/de\/a-propos\/","title":{"rendered":"ADART, Portrait- und Aktfotograf"},"content":{"rendered":"<div data-elementor-type=\"wp-page\" data-elementor-id=\"284\" class=\"elementor elementor-284\" data-elementor-post-type=\"page\">\n\t\t\t\t<div class=\"elementor-element elementor-element-e1baf5e e-flex e-con-boxed e-con e-parent\" data-id=\"e1baf5e\" data-element_type=\"container\" data-e-type=\"container\">\n\t\t\t\t\t<div class=\"e-con-inner\">\n\t\t<div class=\"elementor-element elementor-element-516a52a e-con-full e-flex e-con e-child\" data-id=\"516a52a\" data-element_type=\"container\" data-e-type=\"container\">\n\t\t\t\t<div class=\"elementor-element elementor-element-ff76ce0 elementor-widget elementor-widget-image\" data-id=\"ff76ce0\" data-element_type=\"widget\" data-e-type=\"widget\" data-widget_type=\"image.default\">\n\t\t\t\t\t\t\t\t\t\t\t\t\t\t\t<img decoding=\"async\" width=\"1000\" height=\"1271\" src=\"https:\/\/adartparis.com\/wp-content\/uploads\/2026\/06\/adart_portrait.jpg\" class=\"attachment-1536x1536 size-1536x1536 wp-image-2161\" alt=\"\" srcset=\"https:\/\/adartparis.com\/wp-content\/uploads\/2026\/06\/adart_portrait.jpg 1000w, https:\/\/adartparis.com\/wp-content\/uploads\/2026\/06\/adart_portrait-9x12.jpg 9w, https:\/\/adartparis.com\/wp-content\/uploads\/2026\/06\/adart_portrait-566x720.jpg 566w, https:\/\/adartparis.com\/wp-content\/uploads\/2026\/06\/adart_portrait-768x976.jpg 768w, https:\/\/adartparis.com\/wp-content\/uploads\/2026\/06\/adart_portrait-600x763.jpg 600w\" sizes=\"(max-width: 1000px) 100vw, 1000px\" \/>\t\t\t\t\t\t\t\t\t\t\t\t\t\t\t<\/div>\n\t\t\t\t<\/div>\n\t\t<div class=\"elementor-element elementor-element-41ed43d e-con-full e-flex e-con e-child\" data-id=\"41ed43d\" data-element_type=\"container\" data-e-type=\"container\">\n\t\t\t\t<div class=\"elementor-element elementor-element-766bf4b elementor-widget elementor-widget-text-editor\" data-id=\"766bf4b\" data-element_type=\"widget\" data-e-type=\"widget\" data-widget_type=\"text-editor.default\">\n\t\t\t\t\t\t\t\t\t<p>Ich fotografiere M\u00e4nner \u2013 Portr\u00e4t, m\u00e4nnlicher Akt, Stra\u00dfenfotografie \u2013 in Frankreich: in Paris und \u00fcberall dorthin, wo mich Begegnungen hinf\u00fchren. Ich verlege meine Arbeit selbst, in der Zeitschrift <a href=\"https:\/\/adartparis.com\/de\/adart-book-zeitschrift\/\">Adart Book<\/a> und als Fotoabz\u00fcge.<\/p>\t\t\t\t\t\t\t\t<\/div>\n\t\t\t\t<div class=\"elementor-element elementor-element-5dde54e elementor-align-left elementor-widget elementor-widget-button\" data-id=\"5dde54e\" data-element_type=\"widget\" data-e-type=\"widget\" data-widget_type=\"button.default\">\n\t\t\t\t\t\t\t\t\t\t<a class=\"elementor-button elementor-button-link elementor-size-sm\" href=\"#form-contact\">\n\t\t\t\t\t\t<span class=\"elementor-button-content-wrapper\">\n\t\t\t\t\t\t\t\t\t<span class=\"elementor-button-text\">Schreib mir<\/span>\n\t\t\t\t\t<\/span>\n\t\t\t\t\t<\/a>\n\t\t\t\t\t\t\t\t<\/div>\n\t\t\t\t<div class=\"elementor-element elementor-element-1625db6 elementor-widget elementor-widget-text-editor\" data-id=\"1625db6\" data-element_type=\"widget\" data-e-type=\"widget\" data-widget_type=\"text-editor.default\">\n\t\t\t\t\t\t\t\t\t<h2>Parcours<\/h2><p>Nach einem Studium der angewandten K\u00fcnste begann ich 2007 zu fotografieren.<\/p><p>Im Jahr 2026 habe ich gestartet <a href=\"\/de\/adart-book-zeitschrift\/\">Adart Book<\/a>, einer viertelj\u00e4hrlichen Zeitschrift, die ich komplett fotografiere, schreibe und layoutote. Es sind zwei Ausgaben erschienen. Ich produziere auch <a href=\"\/de\/kunstdruck-foto-mann\/\">Kunstdrucke<\/a> in limitierter Auflage.<\/p><p>Ich bin freiberuflicher Designer, was mir erlaubt, alles selbst zu machen: die Grafiken und Texte, das Layout von Magazinen und meiner Website.<\/p><h2>Prinzipien<\/h2><p>Vertrauen, Respekt und gemeinsame Freude. Ich m\u00f6chte sch\u00f6ne Bilder schaffen, die diejenigen, die f\u00fcr mich posieren, in den Vordergrund r\u00fccken, manchmal um eine Sch\u00f6nheit zu zeigen, derer sie sich nicht bewusst waren.<\/p><p>Dieser Ansatz kennt keine Grenzen: Er richtet sich nat\u00fcrlich an alle M\u00e4nner und \u00f6ffnet sich ihnen, unabh\u00e4ngig von ihrer Geschichte. Queere, nicht-bin\u00e4re und racialisierte Menschen finden hier ihren vollen Platz.<\/p><p dir=\"ltr\">Posieren kann auch ein Weg zu sich selbst sein. Manche, die eine Session mit mir machen, suchen den Weg zur\u00fcck zu ihrem eigenen Bild, m\u00f6chten sich wertgesch\u00e4tzt f\u00fchlen. Das ist ein wesentlicher Teil meines Ansatzes: einen safe space zu bieten, in dem man sich anders betrachten kann.<\/p><h2 dir=\"ltr\">Meine Ethik<\/h2><p dir=\"ltr\">Vor einer Kamera zu posieren, vor allem f\u00fcr den Aktbereich, erfordert Vertrauen. Ich verpflichte mich zu kontinuierlicher Zustimmung, der Abwesenheit jeglicher Verf\u00fchrung und der Freigabe jedes Bildes vor der Ver\u00f6ffentlichung.<\/p>\t\t\t\t\t\t\t\t<\/div>\n\t\t\t\t<div class=\"elementor-element elementor-element-d4fa51a elementor-align-left elementor-widget elementor-widget-button\" data-id=\"d4fa51a\" data-element_type=\"widget\" data-e-type=\"widget\" data-widget_type=\"button.default\">\n\t\t\t\t\t\t\t\t\t\t<a class=\"elementor-button elementor-button-link elementor-size-sm\" href=\"\/de\/modeln\/meine-ethik\/\">\n\t\t\t\t\t\t<span class=\"elementor-button-content-wrapper\">\n\t\t\t\t\t\t\t\t\t<span class=\"elementor-button-text\">Erfahren Sie mehr \u00fcber meine Ethik<\/span>\n\t\t\t\t\t<\/span>\n\t\t\t\t\t<\/a>\n\t\t\t\t\t\t\t\t<\/div>\n\t\t\t\t<div class=\"elementor-element elementor-element-5aed927 elementor-widget elementor-widget-text-editor\" data-id=\"5aed927\" data-element_type=\"widget\" data-e-type=\"widget\" data-widget_type=\"text-editor.default\">\n\t\t\t\t\t\t\t\t\t<h2>Mehr erfahren<\/h2><h3>Lust zu posieren?<\/h3><p>Ich biete zwei Arten von Shootings an: <a href=\"\/de\/modeln\/\">in Zusammenarbeit<\/a> (projektbezogen, ich ver\u00f6ffentliche die Fotos auf meiner Website und in den sozialen Netzwerken) oder <a href=\"\/de\/manner-fotoshooting\/\">privat<\/a> , nach Terminvereinbarung.<\/p><h3>Meine Fotoausr\u00fcstung<\/h3><p class=\"font-claude-response-body break-words whitespace-normal\" dir=\"ltr\"><span class=\"_animating_1lnon_10\" data-newtext-seq=\"55\">Ob digital oder analog, mit <\/span><span class=\"_animating_1lnon_10\" data-newtext-seq=\"88\">moderne Optik oder manuelle Vintage-Objektive<\/span><span class=\"_animating_1lnon_10\" data-newtext-seq=\"126\">\u00a0ce <\/span><span class=\"_animating_1lnon_10\" data-newtext-seq=\"149\">die ich beim Fotoshooting verwende.<\/span><\/p>\t\t\t\t\t\t\t\t<\/div>\n\t\t\t\t<div class=\"elementor-element elementor-element-6167b14 elementor-align-left elementor-widget elementor-widget-button\" data-id=\"6167b14\" data-element_type=\"widget\" data-e-type=\"widget\" data-widget_type=\"button.default\">\n\t\t\t\t\t\t\t\t\t\t<a class=\"elementor-button elementor-button-link elementor-size-sm\" href=\"\/de\/uber-mich\/fotoausrustung\/\">\n\t\t\t\t\t\t<span class=\"elementor-button-content-wrapper\">\n\t\t\t\t\t\t\t\t\t<span class=\"elementor-button-text\">Mehr \u00fcber meine Hardware erfahren<\/span>\n\t\t\t\t\t<\/span>\n\t\t\t\t\t<\/a>\n\t\t\t\t\t\t\t\t<\/div>\n\t\t\t\t<\/div>\n\t\t\t\t\t<\/div>\n\t\t\t\t<\/div>\n\t\t<div class=\"elementor-element elementor-element-710fd9d e-flex e-con-boxed e-con e-parent\" data-id=\"710fd9d\" data-element_type=\"container\" data-e-type=\"container\">\n\t\t\t\t\t<div class=\"e-con-inner\">\n\t\t<div class=\"elementor-element elementor-element-6609c26 e-con-full e-flex e-con e-child\" data-id=\"6609c26\" data-element_type=\"container\" data-e-type=\"container\" data-settings=\"{&quot;background_background&quot;:&quot;classic&quot;}\">\n\t\t\t\t<div class=\"elementor-element elementor-element-14d5dc4 elementor-widget elementor-widget-heading\" data-id=\"14d5dc4\" data-element_type=\"widget\" data-e-type=\"widget\" data-widget_type=\"heading.default\">\n\t\t\t\t\t<h2 class=\"elementor-heading-title elementor-size-default\">Meine Konten<\/h2>\t\t\t\t<\/div>\n\t\t<div class=\"elementor-element elementor-element-3afbc85 e-grid e-con-full e-con e-child\" data-id=\"3afbc85\" data-element_type=\"container\" data-e-type=\"container\">\n\t\t\t\t<div class=\"elementor-element elementor-element-0df1023 elementor-position-inline-start elementor-view-default elementor-mobile-position-block-start elementor-widget elementor-widget-icon-box\" data-id=\"0df1023\" data-element_type=\"widget\" data-e-type=\"widget\" data-widget_type=\"icon-box.default\">\n\t\t\t\t\t\t\t<div class=\"elementor-icon-box-wrapper\">\n\n\t\t\t\t\t\t<div class=\"elementor-icon-box-icon\">\n\t\t\t\t<a href=\"https:\/\/www.instagram.com\/adartparis\/\" target=\"_blank\" rel=\"nofollow\" class=\"elementor-icon\" tabindex=\"-1\" aria-label=\"Instagram\">\n\t\t\t\t<svg aria-hidden=\"true\" class=\"e-font-icon-svg e-fab-instagram\" viewbox=\"0 0 448 512\" xmlns=\"http:\/\/www.w3.org\/2000\/svg\"><path d=\"M224.1 141c-63.6 0-114.9 51.3-114.9 114.9s51.3 114.9 114.9 114.9S339 319.5 339 255.9 287.7 141 224.1 141zm0 189.6c-41.1 0-74.7-33.5-74.7-74.7s33.5-74.7 74.7-74.7 74.7 33.5 74.7 74.7-33.6 74.7-74.7 74.7zm146.4-194.3c0 14.9-12 26.8-26.8 26.8-14.9 0-26.8-12-26.8-26.8s12-26.8 26.8-26.8 26.8 12 26.8 26.8zm76.1 27.2c-1.7-35.9-9.9-67.7-36.2-93.9-26.2-26.2-58-34.4-93.9-36.2-37-2.1-147.9-2.1-184.9 0-35.8 1.7-67.6 9.9-93.9 36.1s-34.4 58-36.2 93.9c-2.1 37-2.1 147.9 0 184.9 1.7 35.9 9.9 67.7 36.2 93.9s58 34.4 93.9 36.2c37 2.1 147.9 2.1 184.9 0 35.9-1.7 67.7-9.9 93.9-36.2 26.2-26.2 34.4-58 36.2-93.9 2.1-37 2.1-147.8 0-184.8zM398.8 388c-7.8 19.6-22.9 34.7-42.6 42.6-29.5 11.7-99.5 9-132.1 9s-102.7 2.6-132.1-9c-19.6-7.8-34.7-22.9-42.6-42.6-11.7-29.5-9-99.5-9-132.1s-2.6-102.7 9-132.1c7.8-19.6 22.9-34.7 42.6-42.6 29.5-11.7 99.5-9 132.1-9s102.7-2.6 132.1 9c19.6 7.8 34.7 22.9 42.6 42.6 11.7 29.5 9 99.5 9 132.1s2.7 102.7-9 132.1z\"><\/path><\/svg>\t\t\t\t<\/a>\n\t\t\t<\/div>\n\t\t\t\n\t\t\t\t\t\t<div class=\"elementor-icon-box-content\">\n\n\t\t\t\t\t\t\t\t\t<p class=\"elementor-icon-box-title\">\n\t\t\t\t\t\t<a href=\"https:\/\/www.instagram.com\/adartparis\/\" target=\"_blank\" rel=\"nofollow\" >\n\t\t\t\t\t\t\tInstagram\t\t\t\t\t\t<\/a>\n\t\t\t\t\t<\/p>\n\t\t\t\t\n\t\t\t\t\t\t\t\t\t<p class=\"elementor-icon-box-description\">\n\t\t\t\t\t\tMein Hauptfoto-Konto\t\t\t\t\t<\/p>\n\t\t\t\t\n\t\t\t<\/div>\n\t\t\t\n\t\t<\/div>\n\t\t\t\t\t\t<\/div>\n\t\t\t\t<div class=\"elementor-element elementor-element-97257a9 elementor-position-inline-start elementor-view-default elementor-mobile-position-block-start elementor-widget elementor-widget-icon-box\" data-id=\"97257a9\" data-element_type=\"widget\" data-e-type=\"widget\" data-widget_type=\"icon-box.default\">\n\t\t\t\t\t\t\t<div class=\"elementor-icon-box-wrapper\">\n\n\t\t\t\t\t\t<div class=\"elementor-icon-box-icon\">\n\t\t\t\t<a href=\"https:\/\/x.com\/ADART_PARIS\" target=\"_blank\" rel=\"nofollow\" class=\"elementor-icon\" tabindex=\"-1\" aria-label=\"X \/ Twitter\">\n\t\t\t\t<svg aria-hidden=\"true\" class=\"e-font-icon-svg e-fab-x-twitter\" viewbox=\"0 0 512 512\" xmlns=\"http:\/\/www.w3.org\/2000\/svg\"><path d=\"M389.2 48h70.6L305.6 224.2 487 464H345L233.7 318.6 106.5 464H35.8L200.7 275.5 26.8 48H172.4L272.9 180.9 389.2 48zM364.4 421.8h39.1L151.1 88h-42L364.4 421.8z\"><\/path><\/svg>\t\t\t\t<\/a>\n\t\t\t<\/div>\n\t\t\t\n\t\t\t\t\t\t<div class=\"elementor-icon-box-content\">\n\n\t\t\t\t\t\t\t\t\t<p class=\"elementor-icon-box-title\">\n\t\t\t\t\t\t<a href=\"https:\/\/x.com\/ADART_PARIS\" target=\"_blank\" rel=\"nofollow\" >\n\t\t\t\t\t\t\tX \/ Twitter\t\t\t\t\t\t<\/a>\n\t\t\t\t\t<\/p>\n\t\t\t\t\n\t\t\t\t\t\t\t\t\t<p class=\"elementor-icon-box-description\">\n\t\t\t\t\t\tZweitkonto f\u00fcr Fotos\t\t\t\t\t<\/p>\n\t\t\t\t\n\t\t\t<\/div>\n\t\t\t\n\t\t<\/div>\n\t\t\t\t\t\t<\/div>\n\t\t\t\t<div class=\"elementor-element elementor-element-c4b5ab0 elementor-position-inline-start elementor-view-default elementor-mobile-position-block-start elementor-widget elementor-widget-icon-box\" data-id=\"c4b5ab0\" data-element_type=\"widget\" data-e-type=\"widget\" data-widget_type=\"icon-box.default\">\n\t\t\t\t\t\t\t<div class=\"elementor-icon-box-wrapper\">\n\n\t\t\t\t\t\t<div class=\"elementor-icon-box-icon\">\n\t\t\t\t<a href=\"https:\/\/www.pinterest.com\/adartparis\/\" target=\"_blank\" rel=\"nofollow\" class=\"elementor-icon\" tabindex=\"-1\" aria-label=\"Pinterest\">\n\t\t\t\t<svg aria-hidden=\"true\" class=\"e-font-icon-svg e-fab-pinterest-p\" viewbox=\"0 0 384 512\" xmlns=\"http:\/\/www.w3.org\/2000\/svg\"><path d=\"M204 6.5C101.4 6.5 0 74.9 0 185.6 0 256 39.6 296 63.6 296c9.9 0 15.6-27.6 15.6-35.4 0-9.3-23.7-29.1-23.7-67.8 0-80.4 61.2-137.4 140.4-137.4 68.1 0 118.5 38.7 118.5 109.8 0 53.1-21.3 152.7-90.3 152.7-24.9 0-46.2-18-46.2-43.8 0-37.8 26.4-74.4 26.4-113.4 0-66.2-93.9-54.2-93.9 25.8 0 16.8 2.1 35.4 9.6 50.7-13.8 59.4-42 147.9-42 209.1 0 18.9 2.7 37.5 4.5 56.4 3.4 3.8 1.7 3.4 6.9 1.5 50.4-69 48.6-82.5 71.4-172.8 12.3 23.4 44.1 36 69.3 36 106.2 0 153.9-103.5 153.9-196.8C384 71.3 298.2 6.5 204 6.5z\"><\/path><\/svg>\t\t\t\t<\/a>\n\t\t\t<\/div>\n\t\t\t\n\t\t\t\t\t\t<div class=\"elementor-icon-box-content\">\n\n\t\t\t\t\t\t\t\t\t<p class=\"elementor-icon-box-title\">\n\t\t\t\t\t\t<a href=\"https:\/\/www.pinterest.com\/adartparis\/\" target=\"_blank\" rel=\"nofollow\" >\n\t\t\t\t\t\t\tPinterest\t\t\t\t\t\t<\/a>\n\t\t\t\t\t<\/p>\n\t\t\t\t\n\t\t\t\t\t\t\t\t\t<p class=\"elementor-icon-box-description\">\n\t\t\t\t\t\tMeine Moodboards\t\t\t\t\t<\/p>\n\t\t\t\t\n\t\t\t<\/div>\n\t\t\t\n\t\t<\/div>\n\t\t\t\t\t\t<\/div>\n\t\t\t\t<\/div>\n\t\t\t\t<\/div>\n\t\t\t\t\t<\/div>\n\t\t\t\t<\/div>\n\t\t\t\t<\/div>","protected":false},"excerpt":{"rendered":"<p>Portr\u00e4t- und M\u00e4nneraktfotograf mit Sitz in Paris. Ein Ansatz, der auf Vertrauen und Einwilligung basiert und allen M\u00e4nnern offensteht. Entdecke meinen Weg.<\/p>","protected":false},"author":1,"featured_media":0,"parent":0,"menu_order":0,"comment_status":"closed","ping_status":"closed","template":"","meta":{"footnotes":""},"class_list":["post-284","page","type-page","status-publish","hentry"],"aioseo_notices":[],"aioseo_head":"\n\t\t<!-- All in One SEO 5.0.1.1 - aioseo.com -->\n\t<meta name=\"description\" content=\"Photographe de portrait et de nu masculin, bas\u00e9 \u00e0 Paris. Une d\u00e9marche fond\u00e9e sur la confiance et le consentement, ouverte \u00e0 tous les hommes. D\u00e9couvre mon parcours.\" \/>\n\t<meta name=\"robots\" content=\"max-image-preview:large\" \/>\n\t<meta name=\"google-site-verification\" content=\"wfJMgEuP9dVgS9St9bc8s61h3EnN0FCWuXjOjw0Alr0\" \/>\n\t<meta name=\"p:domain_verify\" content=\"89ef08ea553fa64c84a5bcf90e884e54\" \/>\n\t<link rel=\"canonical\" href=\"https:\/\/adartparis.com\/de\/a-propos\/\" \/>\n\t<meta name=\"generator\" content=\"All in One SEO (AIOSEO) 5.0.1.1\" \/>\n\t\t<meta property=\"og:locale\" content=\"de_DE\" \/>\n\t\t<meta property=\"og:site_name\" content=\"ADART PARIS - Photographe masculin\" \/>\n\t\t<meta property=\"og:type\" content=\"website\" \/>\n\t\t<meta property=\"og:title\" content=\"\u00c0 propos - ADART PARIS\" \/>\n\t\t<meta property=\"og:description\" content=\"Photographe de portrait et de nu masculin, bas\u00e9 \u00e0 Paris. Une d\u00e9marche fond\u00e9e sur la confiance et le consentement, ouverte \u00e0 tous les hommes. D\u00e9couvre mon parcours.\" \/>\n\t\t<meta property=\"og:url\" content=\"https:\/\/adartparis.com\/de\/a-propos\/\" \/>\n\t\t<meta property=\"fb:admins\" content=\"61591467820407\" \/>\n\t\t<meta property=\"og:image\" content=\"https:\/\/adartparis.com\/wp-content\/uploads\/2026\/08\/vignette-defaut-facebook.jpg\" \/>\n\t\t<meta property=\"og:image:secure_url\" content=\"https:\/\/adartparis.com\/wp-content\/uploads\/2026\/08\/vignette-defaut-facebook.jpg\" \/>\n\t\t<meta property=\"og:image:width\" content=\"3280\" \/>\n\t\t<meta property=\"og:image:height\" content=\"1712\" \/>\n\t\t<meta name=\"twitter:card\" content=\"summary_large_image\" \/>\n\t\t<meta name=\"twitter:site\" content=\"@ADART_PARIS\" \/>\n\t\t<meta name=\"twitter:title\" content=\"\u00c0 propos - ADART PARIS\" \/>\n\t\t<meta name=\"twitter:description\" content=\"Photographe de portrait et de nu masculin, bas\u00e9 \u00e0 Paris. Une d\u00e9marche fond\u00e9e sur la confiance et le consentement, ouverte \u00e0 tous les hommes. D\u00e9couvre mon parcours.\" \/>\n\t\t<meta name=\"twitter:image\" content=\"https:\/\/adartparis.com\/wp-content\/uploads\/2026\/08\/vignette-defaut-facebook.jpg\" \/>\n\t\t<!-- All in One SEO -->\n\n","aioseo_head_json":{"title":"\u00dcber mich - ADART PARIS","description":"Portr\u00e4t- und M\u00e4nneraktfotograf mit Sitz in Paris. Ein Ansatz, der auf Vertrauen und Einwilligung basiert und allen M\u00e4nnern offensteht. Entdecke meinen Weg.","canonical_url":"https:\/\/adartparis.com\/de\/a-propos\/","robots":"max-image-preview:large","keywords":"","webmasterTools":{"google-site-verification":"wfJMgEuP9dVgS9St9bc8s61h3EnN0FCWuXjOjw0Alr0","p:domain_verify":"89ef08ea553fa64c84a5bcf90e884e54","miscellaneous":""},"schema":null,"og:locale":"de_DE","og:site_name":"ADART PARIS - Photographe masculin","og:type":"website","og:title":"\u00c0 propos - ADART PARIS","og:description":"Photographe de portrait et de nu masculin, bas\u00e9 \u00e0 Paris. Une d\u00e9marche fond\u00e9e sur la confiance et le consentement, ouverte \u00e0 tous les hommes. D\u00e9couvre mon parcours.","og:url":"https:\/\/adartparis.com\/de\/a-propos\/","fb:admins":"61591467820407","og:image":"https:\/\/adartparis.com\/wp-content\/uploads\/2026\/08\/vignette-defaut-facebook.jpg","og:image:secure_url":"https:\/\/adartparis.com\/wp-content\/uploads\/2026\/08\/vignette-defaut-facebook.jpg","og:image:width":3280,"og:image:height":1712,"twitter:card":"summary_large_image","twitter:site":"@ADART_PARIS","twitter:title":"\u00c0 propos - ADART PARIS","twitter:description":"Photographe de portrait et de nu masculin, bas\u00e9 \u00e0 Paris. Une d\u00e9marche fond\u00e9e sur la confiance et le consentement, ouverte \u00e0 tous les hommes. D\u00e9couvre mon parcours.","twitter:image":"https:\/\/adartparis.com\/wp-content\/uploads\/2026\/08\/vignette-defaut-facebook.jpg"},"aioseo_meta_data":{"post_id":"284","title":"\u00c0 propos #separator_sa #site_title","description":null,"keywords":null,"keyphrases":{"focus":{"keyphrase":"","score":0,"analysis":{"keyphraseInTitle":{"score":0,"maxScore":9,"error":1}}},"additional":[]},"primary_term":null,"canonical_url":null,"og_title":null,"og_description":null,"og_object_type":"default","og_image_type":"default","og_image_url":null,"og_image_width":null,"og_image_height":null,"og_image_custom_url":null,"og_image_custom_fields":null,"og_video":"","og_custom_url":null,"og_article_section":null,"og_article_tags":null,"twitter_use_og":false,"twitter_card":"default","twitter_image_type":"default","twitter_image_url":null,"twitter_image_custom_url":null,"twitter_image_custom_fields":null,"twitter_title":null,"twitter_description":null,"schema":{"blockGraphs":[],"customGraphs":[],"default":{"data":{"Article":[],"Course":[],"Dataset":[],"FAQPage":[],"Movie":[],"Person":[],"Product":[],"ProductReview":[],"Car":[],"Recipe":[],"Service":[],"SoftwareApplication":[],"WebPage":[]},"graphName":"WebPage","isEnabled":true},"graphs":[]},"schema_type":"default","schema_type_options":null,"pillar_content":false,"robots_default":true,"robots_noindex":false,"robots_noarchive":false,"robots_nosnippet":false,"robots_nofollow":false,"robots_noimageindex":false,"robots_noodp":false,"robots_notranslate":false,"robots_max_snippet":"-1","robots_max_videopreview":"-1","robots_max_imagepreview":"large","priority":null,"frequency":"default","local_seo":null,"breadcrumb_settings":null,"limit_modified_date":false,"ai":{"faqs":[],"keyPoints":[],"schemas":[],"titles":[],"descriptions":[],"socialPosts":{"email":{"subject":"","preview":"","content":""},"linkedin":[],"twitter":[],"facebook":[],"instagram":[]}},"created":"2026-05-10 15:45:24","updated":"2026-08-31 17:33:35","seo_analyzer_scan_date":null,"focus_keyword":null,"additional_keywords":null,"truseo_locale":null},"aioseo_breadcrumb":"<div class=\"aioseo-breadcrumbs\"><span class=\"aioseo-breadcrumb\">\n\t\t\t<a href=\"https:\/\/adartparis.com\/de\" title=\"Accueil\">Accueil<\/a>\n\t\t<\/span><span class=\"aioseo-breadcrumb-separator\">\u203a<\/span><span class=\"aioseo-breadcrumb\">\n\t\t\tADART, photographe de portrait et nu masculin\n\t\t<\/span><\/div>","aioseo_breadcrumb_json":[{"label":"Accueil","link":"https:\/\/adartparis.com\/de"},{"label":"ADART, photographe de portrait et nu masculin","link":"https:\/\/adartparis.com\/de\/a-propos\/"}],"_links":{"self":[{"href":"https:\/\/adartparis.com\/de\/wp-json\/wp\/v2\/pages\/284","targetHints":{"allow":["GET"]}}],"collection":[{"href":"https:\/\/adartparis.com\/de\/wp-json\/wp\/v2\/pages"}],"about":[{"href":"https:\/\/adartparis.com\/de\/wp-json\/wp\/v2\/types\/page"}],"author":[{"embeddable":true,"href":"https:\/\/adartparis.com\/de\/wp-json\/wp\/v2\/users\/1"}],"replies":[{"embeddable":true,"href":"https:\/\/adartparis.com\/de\/wp-json\/wp\/v2\/comments?post=284"}],"version-history":[{"count":243,"href":"https:\/\/adartparis.com\/de\/wp-json\/wp\/v2\/pages\/284\/revisions"}],"predecessor-version":[{"id":8217,"href":"https:\/\/adartparis.com\/de\/wp-json\/wp\/v2\/pages\/284\/revisions\/8217"}],"wp:attachment":[{"href":"https:\/\/adartparis.com\/de\/wp-json\/wp\/v2\/media?parent=284"}],"curies":[{"name":"wp","href":"https:\/\/api.w.org\/{rel}","templated":true}]}}