{"id":1380,"date":"2026-05-23T14:31:18","date_gmt":"2026-05-23T14:31:18","guid":{"rendered":"https:\/\/adartparis.com\/?page_id=1380"},"modified":"2026-08-31T16:45:01","modified_gmt":"2026-08-31T16:45:01","slug":"paris-frankreich-fotomodell","status":"publish","type":"page","link":"https:\/\/adartparis.com\/de\/modele-photo-paris\/","title":{"rendered":"M\u00e4nnliches Fotomodell f\u00fcr Recherche in Paris: Portr\u00e4t und Akt in Zusammenarbeit"},"content":{"rendered":"\t\t<div data-elementor-type=\"wp-page\" data-elementor-id=\"1380\" class=\"elementor elementor-1380\" data-elementor-post-type=\"page\">\n\t\t\t\t<div class=\"elementor-element elementor-element-2c75ad7 e-flex e-con-boxed e-con e-child\" data-id=\"2c75ad7\" data-element_type=\"container\" data-e-type=\"container\">\n\t\t\t\t\t<div class=\"e-con-inner\">\n\t\t\t\t<div class=\"elementor-element elementor-element-54df976 elementor-widget elementor-widget-text-editor\" data-id=\"54df976\" data-element_type=\"widget\" data-e-type=\"widget\" data-widget_type=\"text-editor.default\">\n\t\t\t\t\t\t\t\t\t<p class=\"font-claude-response-body break-words whitespace-normal\" dir=\"ltr\" data-sourcepos=\"31:1-36:36;1088-1469\">Tu vis \u00e0 Paris ou en proche banlieue, et l&rsquo;id\u00e9e de poser devant un objectif te traverse l&rsquo;esprit depuis un moment ? Je suis photographe \u00e0 Paris, sp\u00e9cialis\u00e9 dans le portrait et le nu masculin artistique, et je cherche des mod\u00e8les pour des s\u00e9ances en collaboration. Pas de book \u00e0 fournir, pas de crit\u00e8res physiques rigides : juste l&rsquo;envie de cr\u00e9er une belle s\u00e9rie de photos ensemble.<\/p>\t\t\t\t\t\t\t\t<\/div>\n\t\t\t\t<div class=\"elementor-element elementor-element-175e014 elementor-align-center elementor-widget elementor-widget-button\" data-id=\"175e014\" data-element_type=\"widget\" data-e-type=\"widget\" data-widget_type=\"button.default\">\n\t\t\t\t\t\t\t\t\t\t<a class=\"elementor-button elementor-button-link elementor-size-sm\" href=\"\/poser\/\">\n\t\t\t\t\t\t<span class=\"elementor-button-content-wrapper\">\n\t\t\t\t\t\t\t\t\t<span class=\"elementor-button-text\">Je veux poser<\/span>\n\t\t\t\t\t<\/span>\n\t\t\t\t\t<\/a>\n\t\t\t\t\t\t\t\t<\/div>\n\t\t\t\t<div class=\"elementor-element elementor-element-2cf0c35 elementor-arrows-position-inside elementor-pagination-position-outside elementor-widget elementor-widget-image-carousel\" data-id=\"2cf0c35\" data-element_type=\"widget\" data-e-type=\"widget\" data-settings=\"{&quot;autoplay_speed&quot;:3000,&quot;navigation&quot;:&quot;both&quot;,&quot;autoplay&quot;:&quot;yes&quot;,&quot;pause_on_interaction&quot;:&quot;yes&quot;,&quot;infinite&quot;:&quot;yes&quot;,&quot;speed&quot;:500,&quot;image_spacing_custom&quot;:{&quot;unit&quot;:&quot;px&quot;,&quot;size&quot;:20,&quot;sizes&quot;:[]},&quot;image_spacing_custom_tablet&quot;:{&quot;unit&quot;:&quot;px&quot;,&quot;size&quot;:&quot;&quot;,&quot;sizes&quot;:[]},&quot;image_spacing_custom_mobile&quot;:{&quot;unit&quot;:&quot;px&quot;,&quot;size&quot;:&quot;&quot;,&quot;sizes&quot;:[]}}\" aria-label=\"Shooting portrait masculin Lille\" data-widget_type=\"image-carousel.default\">\n\t\t\t\t\t\t\t<div class=\"elementor-image-carousel-wrapper swiper\" role=\"region\" aria-roledescription=\"carousel\" aria-label=\"Shooting portrait masculin Paris\" dir=\"ltr\">\n\t\t\t<div class=\"elementor-image-carousel swiper-wrapper\" aria-live=\"off\">\n\t\t\t\t\t\t\t\t<div class=\"swiper-slide\" role=\"group\" aria-roledescription=\"slide\" aria-label=\"1 von 16\"><figure class=\"swiper-slide-inner\"><img decoding=\"async\" class=\"swiper-slide-image\" src=\"https:\/\/adartparis.com\/wp-content\/uploads\/2026\/06\/francois-16-2-768x1152.jpg\" alt=\"Fran\u00e7ois, nu masculin artistique debout, fond bois sombre \u2014 photographie noir et blanc\" \/><\/figure><\/div><div class=\"swiper-slide\" role=\"group\" aria-roledescription=\"slide\" aria-label=\"2 von 16\"><figure class=\"swiper-slide-inner\"><img decoding=\"async\" class=\"swiper-slide-image\" src=\"https:\/\/adartparis.com\/wp-content\/uploads\/2026\/07\/DSCF1951-det-768x1152.jpg\" alt=\"Portrait artistique avec lumi\u00e8re bleut\u00e9e d&#039;un homme torse nu, bras lev\u00e9 r\u00e9v\u00e9lant un tatouage de bras robotique fa\u00e7on manga, collier fin et piercings, ambiance studio \u00e9pur\u00e9e\" \/><\/figure><\/div><div class=\"swiper-slide\" role=\"group\" aria-roledescription=\"slide\" aria-label=\"3 von 16\"><figure class=\"swiper-slide-inner\"><img decoding=\"async\" class=\"swiper-slide-image\" src=\"https:\/\/adartparis.com\/wp-content\/uploads\/2026\/07\/hugo-8-768x1152.jpg\" alt=\"Portrait dramatique d&#039;Hugo en chemise satin\u00e9e entrouverte, \u00e9clairage rouge intense\" \/><\/figure><\/div><div class=\"swiper-slide\" role=\"group\" aria-roledescription=\"slide\" aria-label=\"4 von 16\"><figure class=\"swiper-slide-inner\"><img decoding=\"async\" class=\"swiper-slide-image\" src=\"https:\/\/adartparis.com\/wp-content\/uploads\/2026\/07\/kevinhungxl-2-768x1152.jpg\" alt=\"Pose en noir et blanc de KevinHungXL, muscl\u00e9 en maillot de bain, visage cach\u00e9 par une casquette avec inscription &quot;I don&#039;t care&quot;\" \/><\/figure><\/div><div class=\"swiper-slide\" role=\"group\" aria-roledescription=\"slide\" aria-label=\"5 von 16\"><figure class=\"swiper-slide-inner\"><img decoding=\"async\" class=\"swiper-slide-image\" src=\"https:\/\/adartparis.com\/wp-content\/uploads\/2026\/08\/geno-14-768x1152.jpg\" alt=\"Portrait torse nu assis, tatouage abdominal, \u00e9clairage rouge et bleu.\" \/><\/figure><\/div><div class=\"swiper-slide\" role=\"group\" aria-roledescription=\"slide\" aria-label=\"6 von 16\"><figure class=\"swiper-slide-inner\"><img decoding=\"async\" class=\"swiper-slide-image\" src=\"https:\/\/adartparis.com\/wp-content\/uploads\/2026\/05\/DSCF7166-scaled-768x1152.jpg\" alt=\"T. torse nu de profil, regard lev\u00e9, lumi\u00e8re naturelle vive \u2014 nu artistique noir et blanc\" \/><\/figure><\/div><div class=\"swiper-slide\" role=\"group\" aria-roledescription=\"slide\" aria-label=\"7 von 16\"><figure class=\"swiper-slide-inner\"><img decoding=\"async\" class=\"swiper-slide-image\" src=\"https:\/\/adartparis.com\/wp-content\/uploads\/2026\/06\/francois-12-768x1152.jpg\" alt=\"Portrait de Fran\u00e7ois, gouttes d&#039;eau sur le visage, p\u00e9nombre \u2014 portrait intimiste\" \/><\/figure><\/div><div class=\"swiper-slide\" role=\"group\" aria-roledescription=\"slide\" aria-label=\"8 von 16\"><figure class=\"swiper-slide-inner\"><img decoding=\"async\" class=\"swiper-slide-image\" src=\"https:\/\/adartparis.com\/wp-content\/uploads\/2026\/07\/lionel-10-768x1152.jpg\" alt=\"Nu artistique de Lionel de dos, \u00e9clairage rouge chaud, ambiance sensuelle feutr\u00e9e.\" \/><\/figure><\/div><div class=\"swiper-slide\" role=\"group\" aria-roledescription=\"slide\" aria-label=\"9 von 16\"><figure class=\"swiper-slide-inner\"><img decoding=\"async\" class=\"swiper-slide-image\" src=\"https:\/\/adartparis.com\/wp-content\/uploads\/2026\/07\/vincent-11-768x1152.jpg\" alt=\"Portrait de Vincent torse nu dans une baignoire, noir et blanc\" \/><\/figure><\/div><div class=\"swiper-slide\" role=\"group\" aria-roledescription=\"slide\" aria-label=\"10 von 16\"><figure class=\"swiper-slide-inner\"><img decoding=\"async\" class=\"swiper-slide-image\" src=\"https:\/\/adartparis.com\/wp-content\/uploads\/2026\/05\/DSCF0068-768x1152.jpg\" alt=\"Portrait de Jonathan, \u00e9clair\u00e9 en rose avec une ombre dure\" \/><\/figure><\/div><div class=\"swiper-slide\" role=\"group\" aria-roledescription=\"slide\" aria-label=\"11 von 16\"><figure class=\"swiper-slide-inner\"><img decoding=\"async\" class=\"swiper-slide-image\" src=\"https:\/\/adartparis.com\/wp-content\/uploads\/2026\/05\/DSCF9034-scaled-768x1152.jpg\" alt=\"Portrait de Gaston, main sur la nuque, lumi\u00e8re naturelle douce \u2014 portrait masculin\" \/><\/figure><\/div><div class=\"swiper-slide\" role=\"group\" aria-roledescription=\"slide\" aria-label=\"12 von 16\"><figure class=\"swiper-slide-inner\"><img decoding=\"async\" class=\"swiper-slide-image\" src=\"https:\/\/adartparis.com\/wp-content\/uploads\/2026\/07\/kevinhungxl-16-768x1152.jpg\" alt=\"Portrait professionnel de KevinHungXL, en noir et blanc, regard face cam\u00e9ra, assis sur un lit\" \/><\/figure><\/div><div class=\"swiper-slide\" role=\"group\" aria-roledescription=\"slide\" aria-label=\"13 von 16\"><figure class=\"swiper-slide-inner\"><img decoding=\"async\" class=\"swiper-slide-image\" src=\"https:\/\/adartparis.com\/wp-content\/uploads\/2026\/07\/hugo-1-768x1152.jpg\" alt=\"Portrait d&#039;Hugo en blouson de course Yamaha Racing, lumi\u00e8re bleu-violet n\u00e9on et regard intense\" \/><\/figure><\/div><div class=\"swiper-slide\" role=\"group\" aria-roledescription=\"slide\" aria-label=\"14 von 16\"><figure class=\"swiper-slide-inner\"><img decoding=\"async\" class=\"swiper-slide-image\" src=\"https:\/\/adartparis.com\/wp-content\/uploads\/2026\/05\/Lucas-4-scaled-768x1152.jpg\" alt=\"Portrait en noir et blanc de Lucas, en d\u00e9bardeur noir\" \/><\/figure><\/div><div class=\"swiper-slide\" role=\"group\" aria-roledescription=\"slide\" aria-label=\"15 von 16\"><figure class=\"swiper-slide-inner\"><img decoding=\"async\" class=\"swiper-slide-image\" src=\"https:\/\/adartparis.com\/wp-content\/uploads\/2026\/06\/DSCF0584-Modifier-768x1152.jpg\" alt=\"Portrait de profil torse nu de William, \u00e9clairage rose, fond uni\" \/><\/figure><\/div><div class=\"swiper-slide\" role=\"group\" aria-roledescription=\"slide\" aria-label=\"16 von 16\"><figure class=\"swiper-slide-inner\"><img decoding=\"async\" class=\"swiper-slide-image\" src=\"https:\/\/adartparis.com\/wp-content\/uploads\/2026\/08\/geno-25-768x1152.jpg\" alt=\"Nu artistique debout en noir et blanc, tatouages, ambiance feutr\u00e9e.\" \/><\/figure><\/div>\t\t\t<\/div>\n\t\t\t\t\t\t\t\t\t\t\t\t<div class=\"elementor-swiper-button elementor-swiper-button-prev\" role=\"button\" tabindex=\"0\">\n\t\t\t\t\t\t<svg aria-hidden=\"true\" class=\"e-font-icon-svg e-eicon-chevron-left\" viewBox=\"0 0 1000 1000\" xmlns=\"http:\/\/www.w3.org\/2000\/svg\"><path d=\"M646 125C629 125 613 133 604 142L308 442C296 454 292 471 292 487 292 504 296 521 308 533L604 854C617 867 629 875 646 875 663 875 679 871 692 858 704 846 713 829 713 812 713 796 708 779 692 767L438 487 692 225C700 217 708 204 708 187 708 171 704 154 692 142 675 129 663 125 646 125Z\"><\/path><\/svg>\t\t\t\t\t<\/div>\n\t\t\t\t\t<div class=\"elementor-swiper-button elementor-swiper-button-next\" role=\"button\" tabindex=\"0\">\n\t\t\t\t\t\t<svg aria-hidden=\"true\" class=\"e-font-icon-svg e-eicon-chevron-right\" viewBox=\"0 0 1000 1000\" xmlns=\"http:\/\/www.w3.org\/2000\/svg\"><path d=\"M696 533C708 521 713 504 713 487 713 471 708 454 696 446L400 146C388 133 375 125 354 125 338 125 325 129 313 142 300 154 292 171 292 187 292 204 296 221 308 233L563 492 304 771C292 783 288 800 288 817 288 833 296 850 308 863 321 871 338 875 354 875 371 875 388 867 400 854L696 533Z\"><\/path><\/svg>\t\t\t\t\t<\/div>\n\t\t\t\t\n\t\t\t\t\t\t\t\t\t<div class=\"swiper-pagination\"><\/div>\n\t\t\t\t\t\t\t\t\t<\/div>\n\t\t\t\t\t\t<\/div>\n\t\t\t\t\t<\/div>\n\t\t\t\t<\/div>\n\t\t<div class=\"elementor-element elementor-element-a424aad e-flex e-con-boxed e-con e-parent\" data-id=\"a424aad\" data-element_type=\"container\" data-e-type=\"container\">\n\t\t\t\t\t<div class=\"e-con-inner\">\n\t\t\t\t<div class=\"elementor-element elementor-element-e85c6fe elementor-toc--minimized-on-desktop elementor-widget elementor-widget-table-of-contents\" data-id=\"e85c6fe\" data-element_type=\"widget\" data-e-type=\"widget\" data-settings=\"{&quot;headings_by_tags&quot;:[&quot;h2&quot;,&quot;h3&quot;,&quot;h4&quot;],&quot;exclude_headings_by_selector&quot;:[],&quot;no_headings_message&quot;:&quot;Aucun titre n\\u2019a \\u00e9t\\u00e9 trouv\\u00e9 sur cette page.&quot;,&quot;minimized_on&quot;:&quot;desktop&quot;,&quot;marker_view&quot;:&quot;numbers&quot;,&quot;minimize_box&quot;:&quot;yes&quot;,&quot;hierarchical_view&quot;:&quot;yes&quot;,&quot;min_height&quot;:{&quot;unit&quot;:&quot;px&quot;,&quot;size&quot;:&quot;&quot;,&quot;sizes&quot;:[]},&quot;min_height_tablet&quot;:{&quot;unit&quot;:&quot;px&quot;,&quot;size&quot;:&quot;&quot;,&quot;sizes&quot;:[]},&quot;min_height_mobile&quot;:{&quot;unit&quot;:&quot;px&quot;,&quot;size&quot;:&quot;&quot;,&quot;sizes&quot;:[]}}\" data-widget_type=\"table-of-contents.default\">\n\t\t\t\t\t\t\t\t\t<div class=\"elementor-toc__header\">\n\t\t\t\t\t\t<div class=\"elementor-toc__header-title\">\n\t\t\t\tTable des mati\u00e8res\t\t\t<\/div>\n\t\t\t\t\t\t\t\t\t\t<div class=\"elementor-toc__toggle-button elementor-toc__toggle-button--expand\" role=\"button\" tabindex=\"0\" aria-controls=\"elementor-toc__e85c6fe\" aria-expanded=\"true\" aria-label=\"Inhaltsverzeichnis \u00f6ffnen\"><svg aria-hidden=\"true\" class=\"e-font-icon-svg e-fas-chevron-down\" viewBox=\"0 0 448 512\" xmlns=\"http:\/\/www.w3.org\/2000\/svg\"><path d=\"M207.029 381.476L12.686 187.132c-9.373-9.373-9.373-24.569 0-33.941l22.667-22.667c9.357-9.357 24.522-9.375 33.901-.04L224 284.505l154.745-154.021c9.379-9.335 24.544-9.317 33.901.04l22.667 22.667c9.373 9.373 9.373 24.569 0 33.941L240.971 381.476c-9.373 9.372-24.569 9.372-33.942 0z\"><\/path><\/svg><\/div>\n\t\t\t\t<div class=\"elementor-toc__toggle-button elementor-toc__toggle-button--collapse\" role=\"button\" tabindex=\"0\" aria-controls=\"elementor-toc__e85c6fe\" aria-expanded=\"true\" aria-label=\"Inhaltsverzeichnis schlie\u00dfen\"><svg aria-hidden=\"true\" class=\"e-font-icon-svg e-fas-chevron-up\" viewBox=\"0 0 448 512\" xmlns=\"http:\/\/www.w3.org\/2000\/svg\"><path d=\"M240.971 130.524l194.343 194.343c9.373 9.373 9.373 24.569 0 33.941l-22.667 22.667c-9.357 9.357-24.522 9.375-33.901.04L224 227.495 69.255 381.516c-9.379 9.335-24.544 9.317-33.901-.04l-22.667-22.667c-9.373-9.373-9.373-24.569 0-33.941L207.03 130.525c9.372-9.373 24.568-9.373 33.941-.001z\"><\/path><\/svg><\/div>\n\t\t\t\t\t<\/div>\n\t\t\t\t<div id=\"elementor-toc__e85c6fe\" class=\"elementor-toc__body\">\n\t\t\t<div class=\"elementor-toc__spinner-container\">\n\t\t\t\t<svg class=\"elementor-toc__spinner eicon-animation-spin e-font-icon-svg e-eicon-loading\" aria-hidden=\"true\" viewBox=\"0 0 1000 1000\" xmlns=\"http:\/\/www.w3.org\/2000\/svg\"><path d=\"M500 975V858C696 858 858 696 858 500S696 142 500 142 142 304 142 500H25C25 237 238 25 500 25S975 237 975 500 763 975 500 975Z\"><\/path><\/svg>\t\t\t<\/div>\n\t\t<\/div>\n\t\t\t\t\t\t<\/div>\n\t\t\t\t<div class=\"elementor-element elementor-element-2407c8a adart-2col elementor-widget elementor-widget-text-editor\" data-id=\"2407c8a\" data-element_type=\"widget\" data-e-type=\"widget\" data-widget_type=\"text-editor.default\">\n\t\t\t\t\t\t\t\t\t<h2 class=\"text-text-100 mt-2 -mb-1 text-base font-bold\">Le principe : une collaboration, pas une prestation<\/h2><p class=\"font-claude-response-body break-words whitespace-normal\" dir=\"ltr\" data-sourcepos=\"40:1-43:17;1527-1752\">Ici, personne ne paie personne. Tu poses, je photographie, on partage le r\u00e9sultat. Tu repars avec une s\u00e9rie d&rsquo;images retouch\u00e9es que tu peux utiliser librement (r\u00e9seaux, book mod\u00e8le, projets perso), simplement en me cr\u00e9ditant.<\/p><p class=\"font-claude-response-body break-words whitespace-normal\" dir=\"ltr\" data-sourcepos=\"45:1-48:69;1754-2019\">C&rsquo;est un format souvent appel\u00e9 TFP (Time for Print) dans le milieu de la photographie : chacun y trouve son int\u00e9r\u00eat, sans transaction financi\u00e8re. Tu enrichis ton portfolio ou tu vis une exp\u00e9rience in\u00e9dite, j&rsquo;enrichis le mien et je continue \u00e0 d\u00e9velopper mon travail.<\/p><p class=\"font-claude-response-body break-words whitespace-normal\" dir=\"ltr\" data-sourcepos=\"50:1-53:26;2021-2243\">Ces s\u00e9ances se font sur casting, autour d&rsquo;un projet qu&rsquo;on d\u00e9finit ensemble. Ce n&rsquo;est pas une prestation qu&rsquo;on commande : c&rsquo;est une s\u00e9rie qu&rsquo;on construit \u00e0 deux, avec une intention et une direction avant m\u00eame de d\u00e9clencher.<\/p><h2 class=\"text-text-100 mt-2 -mb-1 text-base font-bold\">O\u00f9 on photographie \u00e0 Paris ?<\/h2><p class=\"font-claude-response-body break-words whitespace-normal leading-[1.7]\">Paris est un terrain de jeu g\u00e9nial pour la photo. Selon l&rsquo;ambiance qu&rsquo;on veut cr\u00e9er, plusieurs options.<\/p><h3 class=\"font-claude-response-body break-words whitespace-normal leading-[1.7]\">Chez moi, en int\u00e9rieur<\/h3><p class=\"font-claude-response-body break-words whitespace-normal leading-[1.7]\">Lumi\u00e8re naturelle ou artificielle, ambiance feutr\u00e9e, id\u00e9al pour des portraits intimistes ou des s\u00e9ries en nu artistique. C&rsquo;est l&rsquo;option la plus confidentielle, et souvent la plus rassurante pour une premi\u00e8re s\u00e9ance. Et l&rsquo;acc\u00e8s est simple en transports en commun.<\/p><p>Je suis bas\u00e9 dans l&rsquo;est parisien, \u00e0 quinze minutes de Nation en RER. La proximit\u00e9 imm\u00e9diate \u2013 Vincennes, Montreuil, Nogent-sur-Marne, Marne-la-Vall\u00e9e \u2013 se fait \u00e0 pied ou en quelques stations. Des mod\u00e8les viennent aussi de l&rsquo;ouest et du nord de Paris : les RER A et E traversent la capitale de part en part.<\/p><h3 class=\"font-claude-response-body break-words whitespace-normal leading-[1.7]\">Chez toi, dans ton appartement de Paris ou sa banlieue<\/h3><p class=\"font-claude-response-body break-words whitespace-normal leading-[1.7]\">Beaucoup de s\u00e9ries gagnent \u00e0 \u00eatre r\u00e9alis\u00e9es dans l&rsquo;environnement du mod\u00e8le. Une chambre, une salle de bain, un canap\u00e9 pr\u00e8s d&rsquo;une fen\u00eatre : ces lieux racontent quelque chose de toi qu&rsquo;un studio neutre ne capturera jamais.<\/p><h3 class=\"font-claude-response-body break-words whitespace-normal leading-[1.7]\">En ext\u00e9rieur, dans Paris ou autour<\/h3><p class=\"font-claude-response-body break-words whitespace-normal leading-[1.7]\">Les berges de Seine au petit matin, les Buttes-Chaumont, le bois de Vincennes ou de Fontainebleau, certains toits, certains passages oubli\u00e9s\u2026<\/p><h2 class=\"text-text-100 mt-2 -mb-1 text-base font-bold\">Qui je cherche<\/h2><p class=\"font-claude-response-body break-words whitespace-normal leading-[1.7]\">Des hommes \u00e0 l&rsquo;aise dans leur corps \u2014 ou curieux de l&rsquo;\u00eatre davantage. Sportif, mince, entretenu, peu importe : je cherche la justesse, pas la performance physique. Un regard qui accroche, une posture qui dit quelque chose, une lumi\u00e8re qui r\u00e9v\u00e8le.<\/p><p class=\"font-claude-response-body break-words whitespace-normal leading-[1.7]\">Tu n&rsquo;as jamais pos\u00e9 ? Tant mieux. Certains d\u00e9couvrent l&rsquo;exp\u00e9rience avec moi. On prend le temps, on discute du cadre avant la s\u00e9ance, et rien n&rsquo;est impos\u00e9.<\/p><p>Tu poses d\u00e9j\u00e0 r\u00e9guli\u00e8rement ? Encore mieux : on peut aller plus loin dans la direction artistique, cr\u00e9er une s\u00e9rie pens\u00e9e, jouer avec des r\u00e9f\u00e9rences pr\u00e9cises.<\/p><p>Concr\u00e8tement, \u00e7a commence par un message avec quelques photos de toi \u2014 un selfie suffit. On \u00e9change, et si le projet nous parle \u00e0 tous les deux, on cale une date.<\/p><h2 class=\"text-text-100 mt-2 -mb-1 text-base font-bold\">Tu choisis ce qu&rsquo;on publie<\/h2><p class=\"font-claude-response-body break-words whitespace-normal\" dir=\"ltr\" data-sourcepos=\"100:1-103:22;3947-4175\">C&rsquo;est le point sur lequel je ne transige pas. Apr\u00e8s la s\u00e9ance, je te propose une pr\u00e9s\u00e9lection. Tu choisis les photos qu&rsquo;on garde, celles qu&rsquo;on retouche, celles qui seront publi\u00e9es. Aucune image ne sort sans ton accord explicite.<\/p><p class=\"font-claude-response-body break-words whitespace-normal\" dir=\"ltr\" data-sourcepos=\"105:1-108:40;4177-4380\">Tu signes par ailleurs une <a class=\"underline underline underline-offset-2 decoration-1 decoration-current\/40 hover:decoration-current focus:decoration-current\" href=\"https:\/\/adartparis.com\/poser\/\">autorisation de droit \u00e0 l&rsquo;image<\/a> qui pr\u00e9cise le support de diffusion, l&rsquo;objectif et la dur\u00e9e. Rien n&rsquo;est publi\u00e9 au-del\u00e0 de ce que tu as accept\u00e9.<\/p><p class=\"font-claude-response-body break-words whitespace-normal\" dir=\"ltr\" data-sourcepos=\"110:1-114:66;4382-4719\">Si tu veux poser nu mais rester anonyme : visage coup\u00e9 au cadrage, flout\u00e9 en post-production, ou masque pendant la s\u00e9ance. Certains mod\u00e8les choisissent cette option, notamment quand leur vie professionnelle ne s&rsquo;accorde pas avec une exposition publique. C&rsquo;est compl\u00e8tement l\u00e9gitime, et \u00e7a n&rsquo;enl\u00e8ve rien \u00e0 la force des images.<\/p><p class=\"font-claude-response-body break-words whitespace-normal\" dir=\"ltr\" data-sourcepos=\"116:1-118:29;4721-4882\">Et si tu pr\u00e9f\u00e8res que rien ne soit publi\u00e9 du tout, il existe une <a class=\"underline underline underline-offset-2 decoration-1 decoration-current\/40 hover:decoration-current focus:decoration-current\" href=\"https:\/\/adartparis.com\/poser\/\">formule priv\u00e9e, payante<\/a>, o\u00f9 toutes les images restent pour toi.<\/p><h2 class=\"text-text-100 mt-2 -mb-1 text-base font-bold\">Comment se passe une s\u00e9ance \u00e0 Paris<\/h2><p class=\"font-claude-response-body break-words whitespace-normal\" dir=\"ltr\" data-sourcepos=\"122:1-125:39;4924-5169\">On \u00e9change d&rsquo;abord pour faire connaissance et voir si le projet nous parle \u00e0 tous les deux. On d\u00e9finit ensemble le type de s\u00e9ance (portrait habill\u00e9, semi-nu, nu int\u00e9gral artistique\u2026), l&rsquo;ambiance visuelle, le lieu, et le degr\u00e9 d&rsquo;anonymat souhait\u00e9 si n\u00e9cessaire.<\/p><p class=\"font-claude-response-body break-words whitespace-normal\" dir=\"ltr\" data-sourcepos=\"127:1-129:62;5171-5367\">Le jour J, on se retrouve sur place. Une s\u00e9ance dure en g\u00e9n\u00e9ral entre 1h30 et 2h selon le projet. On prend le temps de s&rsquo;installer, de discuter, de trouver le bon rythme \u2014 il n&rsquo;y a aucune urgence.<\/p><p class=\"font-claude-response-body break-words whitespace-normal\" dir=\"ltr\" data-sourcepos=\"131:1-132:60;5369-5497\">Dans les jours qui suivent, je t&rsquo;envoie la pr\u00e9s\u00e9lection. Tu valides. Je retouche. Tu re\u00e7ois la s\u00e9rie finale en haute d\u00e9finition.<\/p><p class=\"font-claude-response-body break-words whitespace-normal\" dir=\"ltr\" data-sourcepos=\"134:1-135:64;5499-5584\">Pour en savoir plus : <a class=\"underline underline underline-offset-2 decoration-1 decoration-current\/40 hover:decoration-current focus:decoration-current\" href=\"https:\/\/adartparis.com\/poser\/\">comment se d\u00e9roule un shooting<\/a><\/p><h2 class=\"text-text-100 mt-2 -mb-1 text-base font-bold\">Pr\u00eat \u00e0 poser ?<\/h2><p class=\"font-claude-response-body break-words whitespace-normal leading-[1.7]\">Le plus simple, c&rsquo;est de <a href=\"#form-contact\">m&rsquo;\u00e9crire un message<\/a> ou me contacter <a href=\"https:\/\/instagram.com\/adartparis\" target=\"_blank\" rel=\"nofollow noopener\">sur Instagram<\/a>. Pr\u00e9sente-toi rapidement, dis-moi ce qui t&rsquo;int\u00e9resse dans la d\u00e9marche, ce que tu envisages comme type de s\u00e9ance. On part de l\u00e0.<\/p><p class=\"font-claude-response-body break-words whitespace-normal leading-[1.7]\">Tu peux aussi en savoir plus sur <a class=\"underline underline underline-offset-2 decoration-1 decoration-current\/40 hover:decoration-current focus:decoration-current\" href=\"https:\/\/adartparis.com\/a-propos\/\">ma d\u00e9marche<\/a> avant de te lancer.<\/p>\t\t\t\t\t\t\t\t<\/div>\n\t\t<div class=\"elementor-element elementor-element-6a4d0d0 e-con-full e-flex e-con e-child\" data-id=\"6a4d0d0\" data-element_type=\"container\" data-e-type=\"container\" data-settings=\"{&quot;background_background&quot;:&quot;classic&quot;}\">\n\t\t\t\t<div class=\"elementor-element elementor-element-8867ceb elementor-widget elementor-widget-heading\" data-id=\"8867ceb\" data-element_type=\"widget\" data-e-type=\"widget\" data-widget_type=\"heading.default\">\n\t\t\t\t\t<h2 class=\"elementor-heading-title elementor-size-default\">Contacte-moi<\/h2>\t\t\t\t<\/div>\n\t\t<div class=\"elementor-element elementor-element-8450916 e-grid e-con-full e-con e-child\" data-id=\"8450916\" data-element_type=\"container\" data-e-type=\"container\">\n\t\t\t\t<div class=\"elementor-element elementor-element-74d8739 elementor-position-inline-start elementor-view-default elementor-mobile-position-block-start elementor-widget elementor-widget-icon-box\" data-id=\"74d8739\" data-element_type=\"widget\" data-e-type=\"widget\" data-widget_type=\"icon-box.default\">\n\t\t\t\t\t\t\t<div class=\"elementor-icon-box-wrapper\">\n\n\t\t\t\t\t\t<div class=\"elementor-icon-box-icon\">\n\t\t\t\t<a href=\"#form-contact\" class=\"elementor-icon\" tabindex=\"-1\" aria-label=\"Ecris-moi\">\n\t\t\t\t<svg aria-hidden=\"true\" class=\"e-font-icon-svg e-far-envelope\" viewBox=\"0 0 512 512\" xmlns=\"http:\/\/www.w3.org\/2000\/svg\"><path d=\"M464 64H48C21.49 64 0 85.49 0 112v288c0 26.51 21.49 48 48 48h416c26.51 0 48-21.49 48-48V112c0-26.51-21.49-48-48-48zm0 48v40.805c-22.422 18.259-58.168 46.651-134.587 106.49-16.841 13.247-50.201 45.072-73.413 44.701-23.208.375-56.579-31.459-73.413-44.701C106.18 199.465 70.425 171.067 48 152.805V112h416zM48 400V214.398c22.914 18.251 55.409 43.862 104.938 82.646 21.857 17.205 60.134 55.186 103.062 54.955 42.717.231 80.509-37.199 103.053-54.947 49.528-38.783 82.032-64.401 104.947-82.653V400H48z\"><\/path><\/svg>\t\t\t\t<\/a>\n\t\t\t<\/div>\n\t\t\t\n\t\t\t\t\t\t<div class=\"elementor-icon-box-content\">\n\n\t\t\t\t\t\t\t\t\t<p class=\"elementor-icon-box-title\">\n\t\t\t\t\t\t<a href=\"#form-contact\" >\n\t\t\t\t\t\t\tEcris-moi\t\t\t\t\t\t<\/a>\n\t\t\t\t\t<\/p>\n\t\t\t\t\n\t\t\t\t\t\t\t\t\t<p class=\"elementor-icon-box-description\">\n\t\t\t\t\t\tEnvoie-moi un message avec tes coordonn\u00e9es et quelques photos (des selfies suffisent)\t\t\t\t\t<\/p>\n\t\t\t\t\n\t\t\t<\/div>\n\t\t\t\n\t\t<\/div>\n\t\t\t\t\t\t<\/div>\n\t\t\t\t<div class=\"elementor-element elementor-element-a4e61cd elementor-position-inline-start elementor-view-default elementor-mobile-position-block-start elementor-widget elementor-widget-icon-box\" data-id=\"a4e61cd\" data-element_type=\"widget\" data-e-type=\"widget\" data-widget_type=\"icon-box.default\">\n\t\t\t\t\t\t\t<div class=\"elementor-icon-box-wrapper\">\n\n\t\t\t\t\t\t<div class=\"elementor-icon-box-icon\">\n\t\t\t\t<a href=\"https:\/\/www.instagram.com\/adartparis\" target=\"_blank\" rel=\"nofollow\" class=\"elementor-icon\" tabindex=\"-1\" aria-label=\"Instagram\">\n\t\t\t\t<svg aria-hidden=\"true\" class=\"e-font-icon-svg e-fab-instagram\" viewBox=\"0 0 448 512\" xmlns=\"http:\/\/www.w3.org\/2000\/svg\"><path d=\"M224.1 141c-63.6 0-114.9 51.3-114.9 114.9s51.3 114.9 114.9 114.9S339 319.5 339 255.9 287.7 141 224.1 141zm0 189.6c-41.1 0-74.7-33.5-74.7-74.7s33.5-74.7 74.7-74.7 74.7 33.5 74.7 74.7-33.6 74.7-74.7 74.7zm146.4-194.3c0 14.9-12 26.8-26.8 26.8-14.9 0-26.8-12-26.8-26.8s12-26.8 26.8-26.8 26.8 12 26.8 26.8zm76.1 27.2c-1.7-35.9-9.9-67.7-36.2-93.9-26.2-26.2-58-34.4-93.9-36.2-37-2.1-147.9-2.1-184.9 0-35.8 1.7-67.6 9.9-93.9 36.1s-34.4 58-36.2 93.9c-2.1 37-2.1 147.9 0 184.9 1.7 35.9 9.9 67.7 36.2 93.9s58 34.4 93.9 36.2c37 2.1 147.9 2.1 184.9 0 35.9-1.7 67.7-9.9 93.9-36.2 26.2-26.2 34.4-58 36.2-93.9 2.1-37 2.1-147.8 0-184.8zM398.8 388c-7.8 19.6-22.9 34.7-42.6 42.6-29.5 11.7-99.5 9-132.1 9s-102.7 2.6-132.1-9c-19.6-7.8-34.7-22.9-42.6-42.6-11.7-29.5-9-99.5-9-132.1s-2.6-102.7 9-132.1c7.8-19.6 22.9-34.7 42.6-42.6 29.5-11.7 99.5-9 132.1-9s102.7-2.6 132.1 9c19.6 7.8 34.7 22.9 42.6 42.6 11.7 29.5 9 99.5 9 132.1s2.7 102.7-9 132.1z\"><\/path><\/svg>\t\t\t\t<\/a>\n\t\t\t<\/div>\n\t\t\t\n\t\t\t\t\t\t<div class=\"elementor-icon-box-content\">\n\n\t\t\t\t\t\t\t\t\t<p class=\"elementor-icon-box-title\">\n\t\t\t\t\t\t<a href=\"https:\/\/www.instagram.com\/adartparis\" target=\"_blank\" rel=\"nofollow\" >\n\t\t\t\t\t\t\tInstagram\t\t\t\t\t\t<\/a>\n\t\t\t\t\t<\/p>\n\t\t\t\t\n\t\t\t\t\t\t\t\t\t<p class=\"elementor-icon-box-description\">\n\t\t\t\t\t\tAbonne-toi \u00e0 mon compte Instagram et envoie moi un message priv\u00e9.\t\t\t\t\t<\/p>\n\t\t\t\t\n\t\t\t<\/div>\n\t\t\t\n\t\t<\/div>\n\t\t\t\t\t\t<\/div>\n\t\t\t\t<\/div>\n\t\t\t\t<\/div>\n\t\t\t\t<div class=\"elementor-element elementor-element-fc77956 elementor-widget elementor-widget-heading\" data-id=\"fc77956\" data-element_type=\"widget\" data-e-type=\"widget\" data-widget_type=\"heading.default\">\n\t\t\t\t\t<h2 class=\"elementor-heading-title elementor-size-default\">Questions fr\u00e9quentes<\/h2>\t\t\t\t<\/div>\n\t\t\t\t<div class=\"elementor-element elementor-element-4069e39 elementor-widget elementor-widget-saswp-faq-block\" data-id=\"4069e39\" data-element_type=\"widget\" data-e-type=\"widget\" data-widget_type=\"saswp-faq-block.default\">\n\t\t\t\t<div class=\"elementor-widget-container\">\n\t\t\t\t\t<ul>\t\t\t\t\t<li class=\"elementor-repeater-item-bcd144d\">\t\r\n\t\t\t\t<h3>Est-ce que c&#039;est pay\u00e9 ?<\/h3><p><p>Non, une s\u00e9ance en collaboration n'est pas r\u00e9mun\u00e9r\u00e9e \u2014 et tu ne paies rien non plus. Chacun apporte son temps et son \u00e9nergie, chacun repart avec les images.<\/p>\t\t\t\t\t<li class=\"elementor-repeater-item-bf5f163\">\t\r\n\t\t\t\t<h3>Comment se fait la s\u00e9lection des mod\u00e8les ?<\/h3><p><p>Les s\u00e9ances en collaboration se font sur casting. Tu m'envoies quelques photos de toi et on \u00e9change sur ce qu'on aurait envie de faire ensemble. Si le projet nous parle \u00e0 tous les deux, on cale une date.<\/p>\t\t\t\t\t<li class=\"elementor-repeater-item-6aa3a1b\">\t\r\n\t\t\t\t<h3>Et si je ne veux pas que mes photos soient publi\u00e9es du tout ?<\/h3><p><p>C'est possible avec la formule priv\u00e9e : la s\u00e9ance est payante et aucune image n'est diffus\u00e9e. Les d\u00e9tails sont sur la page <a href=\"\/seance-photo-homme\/\">R\u00e9server un shooting priv\u00e9<\/a>.<\/p>\t\t\t\t\t<li class=\"elementor-repeater-item-de66ac6\">\t\r\n\t\t\t\t<h3>Je n&#039;ai aucune exp\u00e9rience de mod\u00e8le, c&#039;est un probl\u00e8me ?<\/h3><p><p>Non, aucune exp\u00e9rience n'est n\u00e9cessaire. Je guide pendant la s\u00e9ance et on construit ensemble. Une premi\u00e8re s\u00e9ance doit \u00eatre un moment o\u00f9 tu te sens \u00e0 l'aise et en confiance.<\/p>\t\t\t\t\t<li class=\"elementor-repeater-item-d6a57e6\">\t\r\n\t\t\t\t<h3>Faut-il un physique particulier ?<\/h3><p><p>Non, il n'y a aucun crit\u00e8re physique. Je photographie des corps vari\u00e9s : ce qui compte, c'est que tu sois \u00e0 l'aise avec le tien le jour de la s\u00e9ance.<\/p>\t\t\t\t\t<li class=\"elementor-repeater-item-2f03781\">\t\r\n\t\t\t\t<h3>Et si je change d&#039;avis pendant le shoot ?<\/h3><p><p>On s'arr\u00eate, on adapte, ou on passe \u00e0 autre chose. Le consentement n'est pas une case \u00e0 cocher au d\u00e9but : il se ren\u00e9gocie en continu.<\/p>\t\t\t\t\t<li class=\"elementor-repeater-item-3cc9af1\">\t\r\n\t\t\t\t<h3>Combien de temps dure une s\u00e9ance ?<\/h3><p><p>Une s\u00e9ance dure entre 1h30 et 2h, temps d'installation et de discussion compris.<\/p>\t\t\t\t\t<li class=\"elementor-repeater-item-0660ed3\">\t\r\n\t\t\t\t<h3>Mes photos peuvent-elles se retrouver ailleurs que sur ton site ?<\/h3><p><p>Les photos que tu as valid\u00e9es peuvent \u00eatre publi\u00e9es sur mon site, sur mon compte Instagram, et dans mes publications imprim\u00e9es (revue Adart Book, tirages). Tout est pr\u00e9cis\u00e9 dans l'autorisation de droit \u00e0 l'image que tu signes, et rien ne sort de ce cadre. Et tu as bien s\u00fbr le droit de changer d'avis.<\/p>\t\t\t\t\t<li class=\"elementor-repeater-item-53eaa92\">\t\r\n\t\t\t\t<h3>Tu photographies en dehors de Paris ?<\/h3><p><p>Je photographie dans Paris et en proche banlieue est \u2013 Vincennes, Montreuil, Nogent-sur-Marne, Fontenay-sous-Bois, Marne-la-Vall\u00e9e\u2026 Le RER A et le RER E rendent le reste de la r\u00e9gion facilement accessible, et je me d\u00e9place dans tout Paris intra-muros.<\/p><\/ul>\t\t\t\t<\/div>\n\t\t\t\t<\/div>\n\t\t\t\t\t<\/div>\n\t\t\t\t<\/div>\n\t\t\t\t<\/div>\n\t\t","protected":false},"excerpt":{"rendered":"<p>Als Fotograf in Paris suche ich m\u00e4nnliche Models f\u00fcr Portr\u00e4t- oder k\u00fcnstlerische Aktfotografien auf TFP-Basis (Collaboration). Du posierst, ich fotografiere, wir teilen die Bilder.<\/p>","protected":false},"author":1,"featured_media":0,"parent":0,"menu_order":0,"comment_status":"closed","ping_status":"closed","template":"","meta":{"footnotes":""},"class_list":["post-1380","page","type-page","status-publish","hentry"],"aioseo_notices":[],"aioseo_head":"\n\t\t<!-- All in One SEO 5.0.1.1 - aioseo.com -->\n\t<meta name=\"description\" content=\"Photographe \u00e0 Paris, je cherche des mod\u00e8les hommes pour des s\u00e9ances de portrait ou de nu artistique en collaboration. Tu poses, je photographie, on partage les images.\" \/>\n\t<meta name=\"robots\" content=\"max-image-preview:large\" \/>\n\t<meta name=\"google-site-verification\" content=\"wfJMgEuP9dVgS9St9bc8s61h3EnN0FCWuXjOjw0Alr0\" \/>\n\t<meta name=\"p:domain_verify\" content=\"89ef08ea553fa64c84a5bcf90e884e54\" \/>\n\t<link rel=\"canonical\" href=\"https:\/\/adartparis.com\/de\/modele-photo-paris\/\" \/>\n\t<meta name=\"generator\" content=\"All in One SEO (AIOSEO) 5.0.1.1\" \/>\n\t\t<meta property=\"og:locale\" content=\"de_DE\" \/>\n\t\t<meta property=\"og:site_name\" content=\"ADART PARIS - Photographe masculin\" \/>\n\t\t<meta property=\"og:type\" content=\"website\" \/>\n\t\t<meta property=\"og:title\" content=\"Recherche mod\u00e8le photo homme \u00e0 Paris : portrait et nu en collaboration - ADART PARIS\" \/>\n\t\t<meta property=\"og:description\" content=\"Photographe \u00e0 Paris, je cherche des mod\u00e8les hommes pour des s\u00e9ances de portrait ou de nu artistique en collaboration. Tu poses, je photographie, on partage les images.\" \/>\n\t\t<meta property=\"og:url\" content=\"https:\/\/adartparis.com\/de\/modele-photo-paris\/\" \/>\n\t\t<meta property=\"fb:admins\" content=\"61591467820407\" \/>\n\t\t<meta property=\"og:image\" content=\"https:\/\/adartparis.com\/wp-content\/uploads\/2026\/08\/vignette-defaut-facebook.jpg\" \/>\n\t\t<meta property=\"og:image:secure_url\" content=\"https:\/\/adartparis.com\/wp-content\/uploads\/2026\/08\/vignette-defaut-facebook.jpg\" \/>\n\t\t<meta property=\"og:image:width\" content=\"3280\" \/>\n\t\t<meta property=\"og:image:height\" content=\"1712\" \/>\n\t\t<meta name=\"twitter:card\" content=\"summary_large_image\" \/>\n\t\t<meta name=\"twitter:site\" content=\"@ADART_PARIS\" \/>\n\t\t<meta name=\"twitter:title\" content=\"Recherche mod\u00e8le photo homme \u00e0 Paris : portrait et nu en collaboration - ADART PARIS\" \/>\n\t\t<meta name=\"twitter:description\" content=\"Photographe \u00e0 Paris, je cherche des mod\u00e8les hommes pour des s\u00e9ances de portrait ou de nu artistique en collaboration. Tu poses, je photographie, on partage les images.\" \/>\n\t\t<meta name=\"twitter:image\" content=\"https:\/\/adartparis.com\/wp-content\/uploads\/2026\/08\/vignette-defaut-facebook.jpg\" \/>\n\t\t<!-- All in One SEO -->\n\n","aioseo_head_json":{"title":"M\u00e4nnliches Fotomodel gesucht in Paris: Portr\u00e4t und Akt in Zusammenarbeit \u2013 ADART PARIS","description":"Als Fotograf in Paris suche ich m\u00e4nnliche Models f\u00fcr Portr\u00e4t- oder k\u00fcnstlerische Aktfotografien auf TFP-Basis (Collaboration). Du posierst, ich fotografiere, wir teilen die Bilder.","canonical_url":"https:\/\/adartparis.com\/de\/modele-photo-paris\/","robots":"max-image-preview:large","keywords":"","webmasterTools":{"google-site-verification":"wfJMgEuP9dVgS9St9bc8s61h3EnN0FCWuXjOjw0Alr0","p:domain_verify":"89ef08ea553fa64c84a5bcf90e884e54","miscellaneous":""},"schema":null,"og:locale":"de_DE","og:site_name":"ADART PARIS - Photographe masculin","og:type":"website","og:title":"Recherche mod\u00e8le photo homme \u00e0 Paris : portrait et nu en collaboration - ADART PARIS","og:description":"Photographe \u00e0 Paris, je cherche des mod\u00e8les hommes pour des s\u00e9ances de portrait ou de nu artistique en collaboration. Tu poses, je photographie, on partage les images.","og:url":"https:\/\/adartparis.com\/de\/modele-photo-paris\/","fb:admins":"61591467820407","og:image":"https:\/\/adartparis.com\/wp-content\/uploads\/2026\/08\/vignette-defaut-facebook.jpg","og:image:secure_url":"https:\/\/adartparis.com\/wp-content\/uploads\/2026\/08\/vignette-defaut-facebook.jpg","og:image:width":3280,"og:image:height":1712,"twitter:card":"summary_large_image","twitter:site":"@ADART_PARIS","twitter:title":"Recherche mod\u00e8le photo homme \u00e0 Paris : portrait et nu en collaboration - ADART PARIS","twitter:description":"Photographe \u00e0 Paris, je cherche des mod\u00e8les hommes pour des s\u00e9ances de portrait ou de nu artistique en collaboration. Tu poses, je photographie, on partage les images.","twitter:image":"https:\/\/adartparis.com\/wp-content\/uploads\/2026\/08\/vignette-defaut-facebook.jpg"},"aioseo_meta_data":{"post_id":"1380","title":null,"description":null,"keywords":null,"keyphrases":{"focus":{"keyphrase":"","score":0,"analysis":{"keyphraseInTitle":{"score":0,"maxScore":9,"error":1}}},"additional":[]},"primary_term":null,"canonical_url":null,"og_title":null,"og_description":null,"og_object_type":"default","og_image_type":"default","og_image_url":null,"og_image_width":null,"og_image_height":null,"og_image_custom_url":null,"og_image_custom_fields":null,"og_video":"","og_custom_url":null,"og_article_section":null,"og_article_tags":null,"twitter_use_og":false,"twitter_card":"default","twitter_image_type":"default","twitter_image_url":null,"twitter_image_custom_url":null,"twitter_image_custom_fields":null,"twitter_title":null,"twitter_description":null,"schema":{"blockGraphs":[],"customGraphs":[],"default":{"data":{"Article":[],"Course":[],"Dataset":[],"FAQPage":[],"Movie":[],"Person":[],"Product":[],"ProductReview":[],"Car":[],"Recipe":[],"Service":[],"SoftwareApplication":[],"WebPage":[]},"graphName":"WebPage","isEnabled":true},"graphs":[]},"schema_type":"default","schema_type_options":null,"pillar_content":false,"robots_default":true,"robots_noindex":false,"robots_noarchive":false,"robots_nosnippet":false,"robots_nofollow":false,"robots_noimageindex":false,"robots_noodp":false,"robots_notranslate":false,"robots_max_snippet":"-1","robots_max_videopreview":"-1","robots_max_imagepreview":"large","priority":null,"frequency":"default","local_seo":null,"breadcrumb_settings":null,"limit_modified_date":false,"ai":{"faqs":[],"keyPoints":[],"schemas":[],"titles":[],"descriptions":[],"socialPosts":{"email":{"subject":"","preview":"","content":""},"linkedin":[],"twitter":[],"facebook":[],"instagram":[]}},"created":"2026-05-23 14:26:50","updated":"2026-08-31 17:34:35","seo_analyzer_scan_date":null,"focus_keyword":null,"additional_keywords":null,"truseo_locale":null},"aioseo_breadcrumb":"<div class=\"aioseo-breadcrumbs\"><span class=\"aioseo-breadcrumb\">\n\t\t\t<a href=\"https:\/\/adartparis.com\/de\" title=\"Accueil\">Accueil<\/a>\n\t\t<\/span><span class=\"aioseo-breadcrumb-separator\">\u203a<\/span><span class=\"aioseo-breadcrumb\">\n\t\t\tRecherche mod\u00e8le photo homme \u00e0 Paris : portrait et nu en collaboration\n\t\t<\/span><\/div>","aioseo_breadcrumb_json":[{"label":"Accueil","link":"https:\/\/adartparis.com\/de"},{"label":"Recherche mod\u00e8le photo homme \u00e0 Paris : portrait et nu en collaboration","link":"https:\/\/adartparis.com\/de\/modele-photo-paris\/"}],"_links":{"self":[{"href":"https:\/\/adartparis.com\/de\/wp-json\/wp\/v2\/pages\/1380","targetHints":{"allow":["GET"]}}],"collection":[{"href":"https:\/\/adartparis.com\/de\/wp-json\/wp\/v2\/pages"}],"about":[{"href":"https:\/\/adartparis.com\/de\/wp-json\/wp\/v2\/types\/page"}],"author":[{"embeddable":true,"href":"https:\/\/adartparis.com\/de\/wp-json\/wp\/v2\/users\/1"}],"replies":[{"embeddable":true,"href":"https:\/\/adartparis.com\/de\/wp-json\/wp\/v2\/comments?post=1380"}],"version-history":[{"count":96,"href":"https:\/\/adartparis.com\/de\/wp-json\/wp\/v2\/pages\/1380\/revisions"}],"predecessor-version":[{"id":8239,"href":"https:\/\/adartparis.com\/de\/wp-json\/wp\/v2\/pages\/1380\/revisions\/8239"}],"wp:attachment":[{"href":"https:\/\/adartparis.com\/de\/wp-json\/wp\/v2\/media?parent=1380"}],"curies":[{"name":"wp","href":"https:\/\/api.w.org\/{rel}","templated":true}]}}